{"id":15588,"date":"2025-09-11T10:38:20","date_gmt":"2025-09-11T14:38:20","guid":{"rendered":"https:\/\/maisondesgreffes.com\/le-defi-velo-de-la-maison-des-greffes-lina-cyr-20e-edition\/"},"modified":"2026-04-09T14:01:10","modified_gmt":"2026-04-09T18:01:10","slug":"le-defi-velo-de-la-maison-des-greffes-lina-cyr-20e-edition","status":"publish","type":"page","link":"https:\/\/maisondesgreffes.com\/en\/le-defi-velo-de-la-maison-des-greffes-lina-cyr-20e-edition\/","title":{"rendered":"Maison des greff\u00e9s Lina Cyr Bike Challenge \u2014 20th edition"},"content":{"rendered":"<p><div class=\"fusion-fullwidth fullwidth-box fusion-builder-row-1 fusion-flex-container has-pattern-background has-mask-background fusion-parallax-none hundred-percent-fullwidth non-hundred-percent-height-scrolling\" style=\"--awb-border-sizes-left:10px;--awb-border-sizes-right:10px;--awb-border-color:#ffffff;--awb-border-radius-top-left:0px;--awb-border-radius-top-right:0px;--awb-border-radius-bottom-right:0px;--awb-border-radius-bottom-left:0px;--awb-padding-top:0px;--awb-padding-right:40px;--awb-padding-bottom:120px;--awb-padding-left:119px;--awb-padding-right-medium:5vw;--awb-padding-bottom-medium:8vw;--awb-padding-left-medium:5vw;--awb-padding-top-small:9vw;--awb-padding-right-small:10px;--awb-padding-bottom-small:12vw;--awb-padding-left-small:10px;--awb-margin-top:0px;--awb-background-image:radial-gradient(circle at left center, rgba(245,248,248,0.77) 55%,rgba(255,255,255,0) 0%),url(https:\/\/maisondesgreffes.com\/wp-content\/uploads\/2025\/09\/participants-defi-velo-scaled.jpg);;--awb-background-size:cover;--awb-flex-wrap:wrap;\" ><div class=\"fusion-builder-row fusion-row fusion-flex-align-items-center fusion-flex-content-wrap\" style=\"width:105% !important;max-width:105% !important;margin-left: calc(-5% \/ 2 );margin-right: calc(-5% \/ 2 );\"><div class=\"fusion-layout-column fusion_builder_column fusion-builder-column-0 fusion_builder_column_1_2 1_2 fusion-flex-column\" style=\"--awb-padding-top:74px;--awb-bg-size:cover;--awb-width-large:50%;--awb-margin-top-large:0px;--awb-spacing-right-large:4.75%;--awb-margin-bottom-large:0px;--awb-spacing-left-large:4.75%;--awb-width-medium:50%;--awb-order-medium:0;--awb-spacing-right-medium:4.75%;--awb-spacing-left-medium:4.75%;--awb-width-small:100%;--awb-order-small:0;--awb-spacing-right-small:2.375%;--awb-margin-bottom-small:30px;--awb-spacing-left-small:2.375%;\" data-scroll-devices=\"small-visibility,medium-visibility,large-visibility\"><div class=\"fusion-column-wrapper fusion-column-has-shadow fusion-flex-justify-content-flex-start fusion-content-layout-column\"><div class=\"fusion-title title fusion-title-1 fusion-sep-none fusion-title-text fusion-title-size-two\" style=\"--awb-margin-bottom:30px;--awb-margin-top-small:9vw;--awb-margin-right-small:0px;--awb-margin-bottom-small:10px;--awb-margin-left-small:0px;--awb-font-size:55px;\"><h2 class=\"fusion-title-heading title-heading-left\" style=\"margin:0;font-size:1em;line-height:1.3em;\">The Maison des greff\u00e9s Lina Cyr Bike Challenge<\/p>\n<p><em>20th edition<\/em><i><\/i><\/h2><\/div><div class=\"fusion-title title fusion-title-2 fusion-sep-none fusion-title-text fusion-title-size-two\" style=\"--awb-text-color:var(--awb-custom_color_4);--awb-margin-bottom:30px;--awb-margin-top-small:10px;--awb-margin-right-small:0px;--awb-margin-bottom-small:10px;--awb-margin-left-small:0px;\"><h2 class=\"fusion-title-heading title-heading-left\" style=\"margin:0;\">On July 10 and 11 2026<\/h2><\/div><div class=\"fusion-text fusion-text-1 fusion-no-small-visibility fusion-no-medium-visibility\" style=\"--awb-content-alignment:left;--awb-font-size:20px;--awb-text-transform:none;--awb-text-color:var(--awb-color5);\"><p><b>The Bike Challenge is the flagship annual event of the Maison des greff\u00e9s Lina Cyr. By participating, you directly help fund affordable, safe, and high-quality accommodation services offered to transplant recipients\u2014whether they are undergoing evaluation, waiting for a transplant, or recovering\u2014as well as to their loved ones.<\/b><\/p>\n<\/div><div style=\"text-align:center;\"><a class=\"fusion-button button-3d button-xlarge button-default fusion-button-default button-1 fusion-button-default-span \" target=\"_blank\" rel=\"noopener noreferrer\" href=\"https:\/\/www.zeffy.com\/fr-CA\/ticketing\/fb1879f1-d0ad-4239-80df-4584d0ba416b\"><span class=\"fusion-button-text awb-button__text awb-button__text--default\">Register to our 2026 Bike Challenge<\/span><\/a><\/div><\/div><\/div><\/div><\/div><div class=\"fusion-fullwidth fullwidth-box fusion-builder-row-2 fusion-flex-container has-pattern-background has-mask-background fusion-parallax-none hundred-percent-fullwidth hundred-percent-height hundred-percent-height-center-content non-hundred-percent-height-scrolling fusion-no-medium-visibility fusion-no-large-visibility\" style=\"--awb-border-sizes-left:10px;--awb-border-sizes-right:10px;--awb-border-color:#ffffff;--awb-border-radius-top-left:0px;--awb-border-radius-top-right:0px;--awb-border-radius-bottom-right:0px;--awb-border-radius-bottom-left:0px;--awb-padding-top:60px;--awb-padding-right:40px;--awb-padding-bottom:120px;--awb-padding-left:120px;--awb-padding-right-medium:5vw;--awb-padding-bottom-medium:8vw;--awb-padding-left-medium:5vw;--awb-padding-right-small:10px;--awb-padding-left-small:10px;--awb-background-image:radial-gradient(circle at left center, rgba(245,248,248,0.77) 100%,rgba(255,255,255,0) 0%),url(https:\/\/maisondesgreffes.com\/wp-content\/uploads\/2024\/12\/defi-velo-peloton-1.png);;--awb-background-size:cover;--awb-flex-wrap:wrap;\" ><div class=\"fusion-builder-row fusion-row fusion-flex-align-items-center fusion-flex-content-wrap\" style=\"width:105% !important;max-width:105% !important;margin-left: calc(-5% \/ 2 );margin-right: calc(-5% \/ 2 );\"><div class=\"fusion-layout-column fusion_builder_column fusion-builder-column-1 fusion-flex-column\" style=\"--awb-padding-top-small:30px;--awb-bg-size:cover;--awb-width-large:44%;--awb-margin-top-large:0px;--awb-spacing-right-large:5.3977272727273%;--awb-margin-bottom-large:0px;--awb-spacing-left-large:5.3977272727273%;--awb-width-medium:50%;--awb-order-medium:0;--awb-spacing-right-medium:4.75%;--awb-spacing-left-medium:4.75%;--awb-width-small:100%;--awb-order-small:0;--awb-spacing-right-small:2.375%;--awb-spacing-left-small:2.375%;\" data-scroll-devices=\"small-visibility,medium-visibility,large-visibility\"><div class=\"fusion-column-wrapper fusion-column-has-shadow fusion-flex-justify-content-flex-start fusion-content-layout-column\"><div class=\"fusion-title title fusion-title-3 fusion-no-large-visibility fusion-sep-none fusion-title-text fusion-title-size-two\" style=\"--awb-margin-bottom:30px;--awb-margin-top-small:10px;--awb-margin-right-small:0px;--awb-margin-bottom-small:10px;--awb-margin-left-small:0px;--awb-margin-bottom-medium:0px;--awb-font-size:42px;\"><h2 class=\"fusion-title-heading title-heading-left\" style=\"margin:0;font-size:1em;line-height:1.35em;\">The Maison des greff\u00e9s Lina Cyr Bike Challenge &#8211; 20th edition<\/h2><\/div><div class=\"fusion-title title fusion-title-4 fusion-sep-none fusion-title-text fusion-title-size-two\" style=\"--awb-text-color:var(--awb-color5);--awb-margin-bottom:30px;--awb-margin-top-small:10px;--awb-margin-right-small:0px;--awb-margin-bottom-small:10px;--awb-margin-left-small:0px;\"><h2 class=\"fusion-title-heading title-heading-left\" style=\"margin:0;\">On July 10 and 11 2026<\/h2><\/div><div class=\"fusion-text fusion-text-2\" style=\"--awb-content-alignment:left;--awb-font-size:20px;--awb-text-transform:none;--awb-text-color:#184a45;\"><p>The Bike Challenge is the flagship annual event of the Maison des greff\u00e9s Lina Cyr. By participating, you directly help fund affordable, safe, and high-quality accommodation services offered to transplant recipients\u2014whether they are undergoing evaluation, waiting for a transplant, or recovering\u2014as well as to their loved ones.<\/p>\n<\/div><div ><a class=\"fusion-button button-flat fusion-button-default-size button-default fusion-button-default button-2 fusion-button-default-span fusion-button-default-type\" target=\"_blank\" rel=\"noopener noreferrer\" href=\"https:\/\/www.zeffy.com\/fr-CA\/ticketing\/inscription-au-defi-velo-lina-cyr--2026\"><span class=\"fusion-button-text awb-button__text awb-button__text--default\">Register to the 2026 Bike Challenge<\/span><\/a><\/div><\/div><\/div><\/div><\/div><div class=\"fusion-fullwidth fullwidth-box fusion-builder-row-3 fusion-flex-container has-pattern-background has-mask-background nonhundred-percent-fullwidth non-hundred-percent-height-scrolling\" style=\"--awb-border-sizes-top:15;--awb-border-sizes-bottom:15;--awb-border-sizes-left:15;--awb-border-sizes-right:15;--awb-border-radius-top-left:0px;--awb-border-radius-top-right:0px;--awb-border-radius-bottom-right:0px;--awb-border-radius-bottom-left:0px;--awb-padding-top:50px;--awb-padding-bottom:50px;--awb-margin-bottom:0px;--awb-flex-wrap:wrap;\" ><div class=\"fusion-builder-row fusion-row fusion-flex-align-items-flex-start fusion-flex-content-wrap\" style=\"max-width:1365px;margin-left: calc(-5% \/ 2 );margin-right: calc(-5% \/ 2 );\"><div class=\"fusion-layout-column fusion_builder_column fusion-builder-column-2 fusion_builder_column_1_2 1_2 fusion-flex-column\" style=\"--awb-bg-size:cover;--awb-width-large:50%;--awb-margin-top-large:0px;--awb-spacing-right-large:4.75%;--awb-margin-bottom-large:20px;--awb-spacing-left-large:4.75%;--awb-width-medium:50%;--awb-order-medium:0;--awb-spacing-right-medium:4.75%;--awb-spacing-left-medium:4.75%;--awb-width-small:100%;--awb-order-small:0;--awb-spacing-right-small:2.375%;--awb-spacing-left-small:2.375%;\"><div class=\"fusion-column-wrapper fusion-column-has-shadow fusion-flex-justify-content-flex-start fusion-content-layout-column\"><div class=\"fusion-title title fusion-title-5 fusion-sep-none fusion-title-text fusion-title-size-two\" style=\"--awb-margin-bottom:30px;--awb-margin-top-small:10px;--awb-margin-right-small:0px;--awb-margin-bottom-small:10px;--awb-margin-left-small:0px;\"><h2 class=\"fusion-title-heading title-heading-left\" style=\"margin:0;\">What is the Maison des greff\u00e9s Lina Cyr\u2009Bike Challenge?<\/h2><\/div><div class=\"fusion-text fusion-text-3\"><p>Our Bike Challenge celebrates its 20th edition this year! This sporting and charitable event brings together cyclists from across Quebec each year around a common goal: to ride 300 km in two days, or 150 km in one day, alone or in a team.<\/p>\n<p>More than just a sporting challenge, the Bike Challenge aims to raise awareness of the importance of organ and tissue donation, while raising essential funds to support La Maison des greff\u00e9s Lina Cyr.<\/p>\n<p>Join us to ride with heart and make a real difference.<\/p>\n<\/div><\/div><\/div><div class=\"fusion-layout-column fusion_builder_column fusion-builder-column-3 fusion_builder_column_1_2 1_2 fusion-flex-column\" style=\"--awb-bg-size:cover;--awb-width-large:50%;--awb-margin-top-large:0px;--awb-spacing-right-large:4.75%;--awb-margin-bottom-large:20px;--awb-spacing-left-large:4.75%;--awb-width-medium:50%;--awb-order-medium:0;--awb-spacing-right-medium:4.75%;--awb-spacing-left-medium:4.75%;--awb-width-small:100%;--awb-order-small:0;--awb-spacing-right-small:2.375%;--awb-spacing-left-small:2.375%;\"><div class=\"fusion-column-wrapper fusion-column-has-shadow fusion-flex-justify-content-flex-start fusion-content-layout-column\"><div class=\"fusion-image-element \" style=\"--awb-caption-title-font-family:var(--h2_typography-font-family);--awb-caption-title-font-weight:var(--h2_typography-font-weight);--awb-caption-title-font-style:var(--h2_typography-font-style);--awb-caption-title-size:var(--h2_typography-font-size);--awb-caption-title-transform:var(--h2_typography-text-transform);--awb-caption-title-line-height:var(--h2_typography-line-height);--awb-caption-title-letter-spacing:var(--h2_typography-letter-spacing);\"><span class=\" fusion-imageframe imageframe-none imageframe-1 hover-type-none\"><img decoding=\"async\" width=\"3000\" height=\"2250\" alt=\"\u00c9quipe La Bont\u00e9 Divine - en m\u00e9moire de Maxyme Labont\u00e9\" title=\"defi-des-greffes-groupe-maxyme-labonte-20\" src=\"https:\/\/maisondesgreffes.com\/wp-content\/uploads\/2025\/08\/defi-des-greffes-groupe-maxyme-labonte-20-scaled.jpg\" class=\"img-responsive wp-image-15406\" srcset=\"https:\/\/maisondesgreffes.com\/wp-content\/uploads\/2025\/08\/defi-des-greffes-groupe-maxyme-labonte-20-200x150.jpg 200w, https:\/\/maisondesgreffes.com\/wp-content\/uploads\/2025\/08\/defi-des-greffes-groupe-maxyme-labonte-20-400x300.jpg 400w, https:\/\/maisondesgreffes.com\/wp-content\/uploads\/2025\/08\/defi-des-greffes-groupe-maxyme-labonte-20-600x450.jpg 600w, https:\/\/maisondesgreffes.com\/wp-content\/uploads\/2025\/08\/defi-des-greffes-groupe-maxyme-labonte-20-800x600.jpg 800w, https:\/\/maisondesgreffes.com\/wp-content\/uploads\/2025\/08\/defi-des-greffes-groupe-maxyme-labonte-20-1200x900.jpg 1200w, https:\/\/maisondesgreffes.com\/wp-content\/uploads\/2025\/08\/defi-des-greffes-groupe-maxyme-labonte-20-scaled.jpg 3000w\" sizes=\"(max-width: 700px) 100vw, 600px\" \/><\/span><\/div><div class=\"fusion-text fusion-text-4\" style=\"--awb-text-color:rgba(5,147,36,0.76);\"><\/div><\/div><\/div><\/div><\/div><div class=\"fusion-fullwidth fullwidth-box fusion-builder-row-4 fusion-flex-container has-pattern-background has-mask-background nonhundred-percent-fullwidth non-hundred-percent-height-scrolling\" style=\"--awb-border-radius-top-left:0px;--awb-border-radius-top-right:0px;--awb-border-radius-bottom-right:0px;--awb-border-radius-bottom-left:0px;--awb-padding-top:41px;--awb-flex-wrap:wrap;\" ><div class=\"fusion-builder-row fusion-row fusion-flex-align-items-flex-start fusion-flex-content-wrap\" style=\"max-width:1365px;margin-left: calc(-5% \/ 2 );margin-right: calc(-5% \/ 2 );\"><div class=\"fusion-layout-column fusion_builder_column fusion-builder-column-4 fusion_builder_column_1_3 1_3 fusion-flex-column\" style=\"--awb-bg-size:cover;--awb-width-large:33.333333333333%;--awb-order-large:0;--awb-margin-top-large:0px;--awb-spacing-right-large:7.125%;--awb-margin-bottom-large:20px;--awb-spacing-left-large:7.125%;--awb-width-medium:33.333333333333%;--awb-order-medium:0;--awb-spacing-right-medium:7.125%;--awb-spacing-left-medium:7.125%;--awb-width-small:100%;--awb-order-small:0;--awb-spacing-right-small:2.375%;--awb-spacing-left-small:2.375%;\"><div class=\"fusion-column-wrapper fusion-column-has-shadow fusion-flex-justify-content-flex-start fusion-content-layout-column\"><div class=\"fusion-image-element \" style=\"--awb-caption-title-font-family:var(--h2_typography-font-family);--awb-caption-title-font-weight:var(--h2_typography-font-weight);--awb-caption-title-font-style:var(--h2_typography-font-style);--awb-caption-title-size:var(--h2_typography-font-size);--awb-caption-title-transform:var(--h2_typography-text-transform);--awb-caption-title-line-height:var(--h2_typography-line-height);--awb-caption-title-letter-spacing:var(--h2_typography-letter-spacing);\"><span class=\" fusion-imageframe imageframe-none imageframe-2 hover-type-none\"><img decoding=\"async\" width=\"1413\" height=\"2844\" title=\"4d49321e-2e1b-4355-94ba-a6ac347a17f2\" src=\"https:\/\/maisondesgreffes.com\/wp-content\/uploads\/2026\/02\/4d49321e-2e1b-4355-94ba-a6ac347a17f2.png\" alt class=\"img-responsive wp-image-16801\" srcset=\"https:\/\/maisondesgreffes.com\/wp-content\/uploads\/2026\/02\/4d49321e-2e1b-4355-94ba-a6ac347a17f2-200x403.png 200w, https:\/\/maisondesgreffes.com\/wp-content\/uploads\/2026\/02\/4d49321e-2e1b-4355-94ba-a6ac347a17f2-400x805.png 400w, https:\/\/maisondesgreffes.com\/wp-content\/uploads\/2026\/02\/4d49321e-2e1b-4355-94ba-a6ac347a17f2-600x1208.png 600w, https:\/\/maisondesgreffes.com\/wp-content\/uploads\/2026\/02\/4d49321e-2e1b-4355-94ba-a6ac347a17f2-800x1610.png 800w, https:\/\/maisondesgreffes.com\/wp-content\/uploads\/2026\/02\/4d49321e-2e1b-4355-94ba-a6ac347a17f2-1200x2415.png 1200w, https:\/\/maisondesgreffes.com\/wp-content\/uploads\/2026\/02\/4d49321e-2e1b-4355-94ba-a6ac347a17f2.png 1413w\" sizes=\"(max-width: 700px) 100vw, 400px\" \/><\/span><\/div><\/div><\/div><div class=\"fusion-layout-column fusion_builder_column fusion-builder-column-5 fusion_builder_column_2_3 2_3 fusion-flex-column\" style=\"--awb-bg-size:cover;--awb-width-large:66.666666666667%;--awb-order-large:0;--awb-margin-top-large:0px;--awb-spacing-right-large:3.5625%;--awb-margin-bottom-large:20px;--awb-spacing-left-large:3.5625%;--awb-width-medium:66.666666666667%;--awb-order-medium:0;--awb-spacing-right-medium:3.5625%;--awb-spacing-left-medium:3.5625%;--awb-width-small:100%;--awb-order-small:0;--awb-spacing-right-small:2.375%;--awb-spacing-left-small:2.375%;\"><div class=\"fusion-column-wrapper fusion-column-has-shadow fusion-flex-justify-content-flex-start fusion-content-layout-column\"><div class=\"fusion-text fusion-text-5\"><h2 data-start=\"114\" data-end=\"265\" data-fontsize=\"36\" style=\"--fontSize: 36; line-height: 1.16;\" data-lineheight=\"41.76px\" class=\"fusion-responsive-typography-calculated\">Our spokesperson for the 20th Anniversary Edition of the Maison des greff\u00e9s Lina Cyr bike challenge: F\u00e9lix S\u00e9guin<\/h2>\n<p data-start=\"114\" data-end=\"265\">The <span class=\"hover:entity-accent entity-underline inline cursor-pointer align-baseline\"><span class=\"whitespace-normal\">Maison des greff\u00e9s Lina Cyr<\/span><\/span> is proud to announce that <span class=\"hover:entity-accent entity-underline inline cursor-pointer align-baseline\"><span class=\"whitespace-normal\">F\u00e9lix S\u00e9guin<\/span><\/span> will serve as spokesperson for the D\u00e9fi-V\u00e9lo.<\/p>\n<p data-start=\"267\" data-end=\"634\">A seasoned sports journalist at <i style=\"\">TVA Sports<\/i>, passionate communicator, and well-known public figure in Qu\u00e9bec, F\u00e9lix S\u00e9guin stands out for his authenticity and his deep commitment to human causes. His involvement alongside us reflects his sensitivity to the realities faced by transplant recipients and their loved ones, who often must leave their home regions to receive specialized care.<\/p>\n<p data-start=\"636\" data-end=\"837\">By accepting this role as spokesperson, he wishes to make a concrete contribution to raising awareness of the Maison des greff\u00e9s Lina Cyr\u2019s mission and to mobilizing the community around the D\u00e9fi-V\u00e9lo.<\/p>\n<p data-start=\"839\" data-end=\"987\">Having previously taken part in the D\u00e9fi-V\u00e9lo himself, his presence brings a unifying and inspiring energy to this special 20th anniversary edition.<\/p>\n<p data-start=\"989\" data-end=\"1075\">Every cyclist makes a real difference in the lives of those staying at the House.<\/p>\n<p data-start=\"1077\" data-end=\"1150\" data-is-last-node=\"\" data-is-only-node=\"\">Thank you, Mr. S\u00e9guin, for helping us propel our message of hope forward.<\/p>\n<\/div><\/div><\/div><\/div><\/div><div class=\"fusion-fullwidth fullwidth-box fusion-builder-row-5 fusion-flex-container has-pattern-background has-mask-background nonhundred-percent-fullwidth non-hundred-percent-height-scrolling\" style=\"--awb-border-radius-top-left:0px;--awb-border-radius-top-right:0px;--awb-border-radius-bottom-right:0px;--awb-border-radius-bottom-left:0px;--awb-background-color:var(--awb-custom_color_6);--awb-flex-wrap:wrap;\" ><div class=\"fusion-builder-row fusion-row fusion-flex-align-items-flex-start fusion-flex-content-wrap\" style=\"max-width:1365px;margin-left: calc(-5% \/ 2 );margin-right: calc(-5% \/ 2 );\"><div class=\"fusion-layout-column fusion_builder_column fusion-builder-column-6 fusion_builder_column_1_1 1_1 fusion-flex-column\" style=\"--awb-bg-size:cover;--awb-width-large:100%;--awb-order-large:0;--awb-margin-top-large:0px;--awb-spacing-right-large:2.375%;--awb-margin-bottom-large:20px;--awb-spacing-left-large:2.375%;--awb-width-medium:100%;--awb-order-medium:0;--awb-spacing-right-medium:2.375%;--awb-spacing-left-medium:2.375%;--awb-width-small:100%;--awb-order-small:0;--awb-spacing-right-small:2.375%;--awb-spacing-left-small:2.375%;\"><div class=\"fusion-column-wrapper fusion-column-has-shadow fusion-flex-justify-content-flex-start fusion-content-layout-column\"><div class=\"fusion-video fusion-selfhosted-video\" style=\"max-width:100%;\"><div class=\"video-wrapper\"><video playsinline=\"true\" width=\"100%\" style=\"object-fit: cover;\" autoplay=\"true\" muted=\"true\" loop=\"true\" preload=\"auto\" controls=\"1\"><source src=\"https:\/\/maisondesgreffes.com\/wp-content\/uploads\/2026\/03\/Felix-S-480mo.mp4\" type=\"video\/mp4\">Sorry, your browser doesn&#039;t support embedded videos.<\/video><\/div><\/div><div class=\"fusion-text fusion-text-6\"><p style=\"text-align: center;\">Here is a video of our spokeperson F\u00e9lix S\u00e9guin (video available in French only).<\/p>\n<\/div><\/div><\/div><\/div><\/div><div class=\"fusion-fullwidth fullwidth-box fusion-builder-row-6 fusion-flex-container has-pattern-background has-mask-background nonhundred-percent-fullwidth non-hundred-percent-height-scrolling\" style=\"--awb-border-radius-top-left:0px;--awb-border-radius-top-right:0px;--awb-border-radius-bottom-right:0px;--awb-border-radius-bottom-left:0px;--awb-padding-top:0px;--awb-padding-bottom:50px;--awb-margin-top:0px;--awb-margin-bottom:0px;--awb-background-color:var(--awb-color2);--awb-flex-wrap:wrap;\" ><div class=\"fusion-builder-row fusion-row fusion-flex-align-items-stretch fusion-flex-content-wrap\" style=\"max-width:1365px;margin-left: calc(-5% \/ 2 );margin-right: calc(-5% \/ 2 );\"><div class=\"fusion-layout-column fusion_builder_column fusion-builder-column-7 fusion_builder_column_1_1 1_1 fusion-flex-column\" style=\"--awb-bg-size:cover;--awb-width-large:100%;--awb-margin-top-large:0px;--awb-spacing-right-large:2.375%;--awb-margin-bottom-large:20px;--awb-spacing-left-large:2.375%;--awb-width-medium:100%;--awb-order-medium:0;--awb-spacing-right-medium:2.375%;--awb-spacing-left-medium:2.375%;--awb-width-small:100%;--awb-order-small:0;--awb-spacing-right-small:2.375%;--awb-spacing-left-small:2.375%;\"><div class=\"fusion-column-wrapper fusion-column-has-shadow fusion-flex-justify-content-flex-start fusion-content-layout-column\"><div class=\"fusion-title title fusion-title-6 fusion-sep-none fusion-title-center fusion-title-text fusion-title-size-two\" style=\"--awb-margin-bottom:30px;--awb-margin-top-small:10px;--awb-margin-right-small:0px;--awb-margin-bottom-small:10px;--awb-margin-left-small:0px;\"><h2 class=\"fusion-title-heading title-heading-center\" style=\"margin:0;\"><h1>Six different pricing options<\/h1>\n<hr \/>\n<p>Please take the time to carefully read the details before registering in order to be aware of the changes for this 20th edition.<\/h2><\/div><\/div><\/div><div class=\"fusion-layout-column fusion_builder_column fusion-builder-column-8 fusion_builder_column_1_1 1_1 fusion-flex-column\" style=\"--awb-padding-top:25px;--awb-padding-right:25px;--awb-padding-bottom:25px;--awb-padding-left:25px;--awb-bg-size:cover;--awb-border-color:var(--awb-color3);--awb-border-top:15px;--awb-border-right:15px;--awb-border-bottom:15px;--awb-border-left:15px;--awb-border-style:solid;--awb-width-large:100%;--awb-margin-top-large:0px;--awb-spacing-right-large:2.375%;--awb-margin-bottom-large:20px;--awb-spacing-left-large:2.375%;--awb-width-medium:100%;--awb-order-medium:0;--awb-spacing-right-medium:2.375%;--awb-spacing-left-medium:2.375%;--awb-width-small:100%;--awb-order-small:0;--awb-spacing-right-small:2.375%;--awb-spacing-left-small:2.375%;\" data-scroll-devices=\"small-visibility,medium-visibility,large-visibility\"><div class=\"fusion-column-wrapper fusion-column-has-shadow fusion-flex-justify-content-flex-start fusion-content-layout-column\"><div class=\"fusion-title title fusion-title-7 fusion-sep-none fusion-title-text fusion-title-size-three\" style=\"--awb-text-color:#000891;--awb-margin-top-small:10px;--awb-margin-right-small:0px;--awb-margin-bottom-small:10px;--awb-margin-left-small:0px;--awb-font-size:22px;\"><h3 class=\"fusion-title-heading title-heading-left\" style=\"margin:0;font-size:1em;\"><strong>The 2-Day Bike Challenge \u2013 From Bel\u0153il to L\u00e9vis<\/strong><\/h3><\/div><div class=\"fusion-text fusion-text-7\" style=\"--awb-text-color:var(--awb-color5);\"><p style=\"color: var(--awb-custom_color_2);\"><b><u><span style=\"color: rgb(229, 15, 100);\">Category 1 &#8211; The early birds <span style=\"color: var(--awb-color6);\">(CLOSED)<\/span><\/span><\/u><\/b><\/p>\n<p><b>Minimum fundraising goal per participant :  :<\/b> <span style=\"color: var(--awb-custom_color_1);\"><span style=\"color: var(--awb-color7);\"><b><span style=\"color: var(--awb-color6);\">850 $<\/span> <\/b><span style=\"color: var(--awb-color5);\">(100$ registration fee included,  750$ to be raised)<\/span><\/span><\/span><span style=\"background-color: rgba(0, 0, 0, 0);\"><b style=\"color: var(--awb-custom_color_4);\">*<\/b><\/span><\/p>\n<p>&#8211; Registration between <span style=\"background-color: rgba(0, 0, 0, 0);\"><b style=\"color: var(--awb-color6);\">September 15 and December 31 2025<\/b><\/span><\/p>\n<p><span style=\"background-color: rgba(0, 0, 0, 0); color: var(--awb-custom_color_2);\"><b><span style=\"color: var(--awb-custom_color_2);\"><u><span style=\"color: rgb(229, 15, 100);\">Category 2 &#8211; The paced ones<\/span><\/u><\/span><\/b><\/span><\/p>\n<p><span style=\"background-color: rgba(0, 0, 0, 0);\"><b>Minimum fundraising goal per participant :  :<\/b> <span style=\"color: var(--awb-custom_color_1);\"><span style=\"color: var(--awb-color7);\"><b style=\"color: var(--awb-color6);\">950 $ <\/b><span style=\"color: var(--awb-color5);\">(100$ registration fee included,  850$ to be raised)<\/span><\/span><\/span><b style=\"color: var(--awb-custom_color_4);\">*<\/b><\/span><\/p>\n<p><span style=\"background-color: rgba(0, 0, 0, 0);\">&#8211; Registration between <\/span><b style=\"background-color: rgba(0, 0, 0, 0); color: var(--awb-color6);\">January 1rst and Mai 31 2026<\/b><\/p>\n<p style=\"color: var(--awb-custom_color_2);\"><b><u><span style=\"color: rgb(229, 15, 100);\">Category 3 &#8211; The Late ones<\/span><\/u><\/b><\/p>\n<p><span style=\"background-color: rgba(0, 0, 0, 0);\"><b>Minimum fundraising goal per participant :  :<\/b> <span style=\"color: var(--awb-custom_color_1);\"><span style=\"color: var(--awb-color7);\"><b><span style=\"color: var(--awb-color6);\">1050 $<\/span> <\/b><span style=\"color: var(--awb-color5);\">(100$ registration fee included,  950$ to be raised)<\/span><\/span><\/span><b style=\"color: var(--awb-custom_color_4);\">*<\/b><\/span><\/p>\n<p>&#8211; Registration between <span style=\"background-color: rgba(0, 0, 0, 0); color: var(--awb-color6);\"><b>June 1rst and July 8 2026<\/b><\/span><\/p>\n<p style=\"text-align: left;\"><span style=\"background-color: rgba(0, 0, 0, 0);\"><i><b style=\"color: rgb(0, 8, 145);\">*<\/b><span style=\"color: rgb(0, 8, 145);\"> Each cyclist must pay a 100$ registration fee. (Non-refundable)<\/span><\/i><\/span><\/p>\n<p>A complete athletic challenge, covering 300 km through Quebec&#8217;s diverse landscapes. This option includes an overnight stay at the Nicolet Police Academy for a well-deserved break, energizing meals, and a return bus ride to Bel\u0153il to conclude your adventure.<\/p>\n<p style=\"text-align: left;\"><strong style=\"color: rgb(0, 8, 145);\">What&#8217;s included :<\/strong><\/p>\n<ul>\n<li style=\"text-align: left;\">Official cycling jersey<\/li>\n<li style=\"text-align: left;\">Dinner, overnight stay, and breakfast at the \u00c9cole Nationale de Police du Qu\u00e9bec (ENPQ) in Nicolet<\/li>\n<li style=\"text-align: left;\">Dinner in L\u00e9vis with access to showers<\/li>\n<li style=\"text-align: left;\">Return by coach to Bel\u0153il &#8211; There will be no stop in Nicolet <i>(Please let us know if you wish to return by coach)<\/i><\/li>\n<li style=\"text-align: left;\">Snacks and lunch for 2 days<\/li>\n<li style=\"text-align: left;\">Full squad supervision: police escort, first responders, mechanic, and a team of experienced supervisors<\/li>\n<\/ul>\n<\/div><div style=\"text-align:center;\"><a class=\"fusion-button button-3d button-xlarge button-default fusion-button-default button-3 fusion-button-default-span \" target=\"_blank\" rel=\"noopener noreferrer\" href=\"https:\/\/www.zeffy.com\/fr-CA\/ticketing\/fb1879f1-d0ad-4239-80df-4584d0ba416b\"><span class=\"fusion-button-text awb-button__text awb-button__text--default\">Register to the 2026 Bike Challenge<\/span><\/a><\/div><\/div><\/div><div class=\"fusion-layout-column fusion_builder_column fusion-builder-column-9 fusion_builder_column_1_1 1_1 fusion-flex-column\" style=\"--awb-padding-top:25px;--awb-padding-right:25px;--awb-padding-bottom:25px;--awb-padding-left:25px;--awb-bg-size:cover;--awb-border-color:var(--awb-color3);--awb-border-top:15px;--awb-border-right:15px;--awb-border-bottom:15px;--awb-border-left:15px;--awb-border-style:solid;--awb-width-large:100%;--awb-margin-top-large:0px;--awb-spacing-right-large:2.375%;--awb-margin-bottom-large:20px;--awb-spacing-left-large:2.375%;--awb-width-medium:100%;--awb-order-medium:0;--awb-spacing-right-medium:2.375%;--awb-spacing-left-medium:2.375%;--awb-width-small:100%;--awb-order-small:0;--awb-spacing-right-small:2.375%;--awb-spacing-left-small:2.375%;\" data-scroll-devices=\"small-visibility,medium-visibility,large-visibility\"><div class=\"fusion-column-wrapper fusion-column-has-shadow fusion-flex-justify-content-flex-start fusion-content-layout-column\"><div class=\"fusion-title title fusion-title-8 fusion-sep-none fusion-title-text fusion-title-size-three\" style=\"--awb-text-color:#000891;--awb-margin-top-small:10px;--awb-margin-right-small:0px;--awb-margin-bottom-small:10px;--awb-margin-left-small:0px;--awb-font-size:22px;\"><h3 class=\"fusion-title-heading title-heading-left\" style=\"margin:0;font-size:1em;\"><strong>The Bike challenge over <u>1 day<\/u> &#8211; <\/strong><strong>From Nicolet to L\u00e9vis<\/strong><u style=\"font-size: 1em; background-color: rgba(0, 0, 0, 0);\"><\/u><\/h3><\/div><div class=\"fusion-text fusion-text-8\"><p style=\"color: var(--awb-custom_color_2);\"><b><u><span style=\"color: rgb(229, 15, 100);\">Category 1 &#8211; The early birds <span style=\"color: var(--awb-color6);\">(CLOSED)<\/span><\/span><\/u><\/b><\/p>\n<p><b>Minimum fundraising goal per participant :<\/b> <span style=\"color: var(--awb-custom_color_1);\"><span style=\"color: var(--awb-color7);\"><b><span style=\"color: var(--awb-color6);\">500 $<\/span> <\/b><span style=\"color: var(--awb-color5);\">(100$ registration fee included, 400$ to be raised)<\/span><\/span><\/span><span style=\"background-color: rgba(0, 0, 0, 0);\"><b style=\"color: var(--awb-custom_color_4);\">*<\/b><\/span><\/p>\n<p>&#8211; Registration between <span style=\"background-color: rgba(0, 0, 0, 0);\"><b style=\"color: var(--awb-color6);\">September 15 and December 31 2025<\/b><\/span><\/p>\n<p><span style=\"background-color: rgba(0, 0, 0, 0); color: var(--awb-custom_color_2);\"><b><u><span style=\"color: rgb(229, 15, 100);\">Category 2 &#8211; The paced ones<\/span><\/u><\/b><\/span><\/p>\n<p><span style=\"background-color: rgba(0, 0, 0, 0);\"><b>Minimum fundraising goal per participant :  :<\/b> <span style=\"color: var(--awb-custom_color_1);\"><span style=\"color: var(--awb-color7);\"><b><span style=\"color: var(--awb-color6);\">600 $<\/span> <\/b><span style=\"color: var(--awb-color5);\">(100$ registration fee included, 500$ to be raised)<\/span><\/span><\/span><b style=\"color: var(--awb-custom_color_4);\">*<\/b><\/span><\/p>\n<p><span style=\"background-color: rgba(0, 0, 0, 0);\">&#8211; Registration between <\/span><b style=\"background-color: rgba(0, 0, 0, 0); color: var(--awb-color6);\">January 1rst and Mai 31 2026<\/b><\/p>\n<p style=\"color: var(--awb-custom_color_2);\"><b><u><span style=\"color: rgb(229, 15, 100);\">Category 3 &#8211; The Late ones<\/span><\/u><\/b><\/p>\n<p><span style=\"background-color: rgba(0, 0, 0, 0);\"><b>Minimum fundraising goal per participant :  :<\/b> <span style=\"color: var(--awb-custom_color_1);\"><span style=\"color: var(--awb-color7);\"><b><span style=\"color: var(--awb-color6);\">700 $<\/span> <\/b><span style=\"color: var(--awb-color5);\">(100$ registration fee included,  600$ to be raised)<\/span><\/span><\/span><b style=\"color: var(--awb-custom_color_4);\">*<\/b><\/span><\/p>\n<p>&#8211; Registration between <span style=\"background-color: rgba(0, 0, 0, 0); color: var(--awb-color6);\"><b>June 1rst and July 8 2026<\/b><\/span><\/p>\n<p style=\"text-align: left;\"><span style=\"background-color: rgba(0, 0, 0, 0);\"><i><b style=\"color: rgb(0, 8, 145);\">*<\/b><span style=\"color: rgb(0, 8, 145);\"> Each cyclist must pay a 100$ registration fee. (Non-refundable)<\/span><\/i><\/span><\/p>\n<p>A concentrated version of the D\u00e9fi-v\u00e9lo for cyclists who prefer a shorter route or for those who are only available on Saturdays. This 150 km route allows you to enjoy the experience while benefiting from the same organizational advantages.<\/p>\n<p style=\"text-align: left;\"><strong style=\"color: rgb(0, 8, 145);\">What&#8217;s included :<\/strong><\/p>\n<ul>\n<li style=\"text-align: left;\">Official cycling jersey<\/li>\n<li style=\"text-align: left;\">Dinner in L\u00e9vis with access to showers<\/li>\n<li style=\"text-align: left;\">Return by coach to Bel\u0153il &#8211; There will be no stop at Nicolet <i>(Please let us know if you wish to return by coach)<\/i><\/li>\n<li style=\"text-align: left;\">Snacks, lunch and dinner for the day<\/li>\n<li style=\"text-align: left;\">Full squad supervision: police escort, first responders, mechanic, and a team of experienced supervisors<\/li>\n<\/ul>\n<\/div><div style=\"text-align:center;\"><a class=\"fusion-button button-3d button-xlarge button-default fusion-button-default button-4 fusion-button-default-span \" target=\"_blank\" rel=\"noopener noreferrer\" href=\"https:\/\/www.zeffy.com\/fr-CA\/ticketing\/fb1879f1-d0ad-4239-80df-4584d0ba416b\"><span class=\"fusion-button-text awb-button__text awb-button__text--default\">Register to the 2026 Bike Challenge<\/span><\/a><\/div><\/div><\/div><\/div><\/div><div class=\"fusion-fullwidth fullwidth-box fusion-builder-row-7 fusion-flex-container has-pattern-background has-mask-background fusion-parallax-none nonhundred-percent-fullwidth non-hundred-percent-height-scrolling fusion-no-small-visibility\" style=\"--awb-background-position:right center;--awb-border-sizes-top:15;--awb-border-sizes-bottom:15;--awb-border-sizes-left:15;--awb-border-sizes-right:15;--awb-border-radius-top-left:0px;--awb-border-radius-top-right:0px;--awb-border-radius-bottom-right:0px;--awb-border-radius-bottom-left:0px;--awb-padding-top:65px;--awb-padding-right:0px;--awb-padding-bottom:0px;--awb-padding-left:0px;--awb-margin-top:0px;--awb-margin-bottom:50px;--awb-background-image:url(&quot;https:\/\/maisondesgreffes.com\/wp-content\/uploads\/2025\/08\/creation-sans-titre.jpg&quot;);--awb-background-size:cover;--awb-flex-wrap:wrap;\" ><div class=\"fusion-builder-row fusion-row fusion-flex-align-items-flex-start fusion-flex-content-wrap\" style=\"max-width:1365px;margin-left: calc(-5% \/ 2 );margin-right: calc(-5% \/ 2 );\"><div class=\"fusion-layout-column fusion_builder_column fusion-builder-column-10 fusion_builder_column_1_2 1_2 fusion-flex-column\" style=\"--awb-padding-top:120px;--awb-padding-right:50px;--awb-padding-bottom:120px;--awb-padding-left:50px;--awb-bg-color:var(--awb-color1);--awb-bg-color-hover:var(--awb-color1);--awb-bg-size:cover;--awb-width-large:50%;--awb-margin-top-large:0px;--awb-spacing-right-large:4.75%;--awb-margin-bottom-large:0px;--awb-spacing-left-large:4.75%;--awb-width-medium:50%;--awb-order-medium:0;--awb-spacing-right-medium:4.75%;--awb-spacing-left-medium:4.75%;--awb-width-small:100%;--awb-order-small:0;--awb-spacing-right-small:2.375%;--awb-spacing-left-small:2.375%;\" data-scroll-devices=\"small-visibility,medium-visibility,large-visibility\"><div class=\"fusion-column-wrapper fusion-column-has-shadow fusion-flex-justify-content-flex-start fusion-content-layout-column\"><div class=\"fusion-title title fusion-title-9 fusion-sep-none fusion-title-text fusion-title-size-two\" style=\"--awb-margin-bottom:30px;--awb-margin-top-small:10px;--awb-margin-right-small:0px;--awb-margin-bottom-small:10px;--awb-margin-left-small:0px;\"><h2 class=\"fusion-title-heading title-heading-left\" style=\"margin:0;\">Your security: our priority<\/h2><\/div><div class=\"fusion-text fusion-text-9\"><p>Our cyclists are accompanied by a police escort from the S\u00fbret\u00e9 du Qu\u00e9bec throughout the entire journey.<\/p>\n<p>We also have a team of experienced instructors, first responders, a flat tire repair truck, and a mechanic who ensure the smooth running of our Cycling Challenge and the well-being of our participants over the two days.<\/p>\n<\/div><\/div><\/div><\/div><\/div><div class=\"fusion-fullwidth fullwidth-box fusion-builder-row-8 fusion-flex-container has-pattern-background has-mask-background nonhundred-percent-fullwidth non-hundred-percent-height-scrolling fusion-no-medium-visibility fusion-no-large-visibility\" style=\"--awb-border-radius-top-left:0px;--awb-border-radius-top-right:0px;--awb-border-radius-bottom-right:0px;--awb-border-radius-bottom-left:0px;--awb-padding-top:120px;--awb-padding-bottom:120px;--awb-flex-wrap:wrap;\" ><div class=\"fusion-builder-row fusion-row fusion-flex-align-items-flex-start fusion-flex-content-wrap\" style=\"max-width:1365px;margin-left: calc(-5% \/ 2 );margin-right: calc(-5% \/ 2 );\"><div class=\"fusion-layout-column fusion_builder_column fusion-builder-column-11 fusion_builder_column_1_2 1_2 fusion-flex-column\" style=\"--awb-bg-size:cover;--awb-width-large:50%;--awb-margin-top-large:0px;--awb-spacing-right-large:4.75%;--awb-margin-bottom-large:20px;--awb-spacing-left-large:4.75%;--awb-width-medium:50%;--awb-order-medium:0;--awb-spacing-right-medium:4.75%;--awb-spacing-left-medium:4.75%;--awb-width-small:100%;--awb-order-small:0;--awb-spacing-right-small:2.375%;--awb-spacing-left-small:2.375%;\"><div class=\"fusion-column-wrapper fusion-column-has-shadow fusion-flex-justify-content-flex-start fusion-content-layout-column\"><div class=\"fusion-image-element \" style=\"--awb-caption-title-font-family:var(--h2_typography-font-family);--awb-caption-title-font-weight:var(--h2_typography-font-weight);--awb-caption-title-font-style:var(--h2_typography-font-style);--awb-caption-title-size:var(--h2_typography-font-size);--awb-caption-title-transform:var(--h2_typography-text-transform);--awb-caption-title-line-height:var(--h2_typography-line-height);--awb-caption-title-letter-spacing:var(--h2_typography-letter-spacing);\"><span class=\" fusion-imageframe imageframe-none imageframe-3 hover-type-none\"><img decoding=\"async\" width=\"2560\" height=\"1920\" title=\"evenement-deroulement-170a\" src=\"https:\/\/maisondesgreffes.com\/wp-content\/uploads\/2024\/08\/evenement-deroulement-170a-scaled.jpg\" alt class=\"img-responsive wp-image-13531\" srcset=\"https:\/\/maisondesgreffes.com\/wp-content\/uploads\/2024\/08\/evenement-deroulement-170a-200x150.jpg 200w, https:\/\/maisondesgreffes.com\/wp-content\/uploads\/2024\/08\/evenement-deroulement-170a-400x300.jpg 400w, https:\/\/maisondesgreffes.com\/wp-content\/uploads\/2024\/08\/evenement-deroulement-170a-600x450.jpg 600w, https:\/\/maisondesgreffes.com\/wp-content\/uploads\/2024\/08\/evenement-deroulement-170a-800x600.jpg 800w, https:\/\/maisondesgreffes.com\/wp-content\/uploads\/2024\/08\/evenement-deroulement-170a-1200x900.jpg 1200w, https:\/\/maisondesgreffes.com\/wp-content\/uploads\/2024\/08\/evenement-deroulement-170a-scaled.jpg 2560w\" sizes=\"(max-width: 700px) 100vw, 600px\" \/><\/span><\/div><\/div><\/div><div class=\"fusion-layout-column fusion_builder_column fusion-builder-column-12 fusion_builder_column_1_2 1_2 fusion-flex-column\" style=\"--awb-bg-size:cover;--awb-width-large:50%;--awb-margin-top-large:0px;--awb-spacing-right-large:4.75%;--awb-margin-bottom-large:20px;--awb-spacing-left-large:4.75%;--awb-width-medium:50%;--awb-order-medium:0;--awb-spacing-right-medium:4.75%;--awb-spacing-left-medium:4.75%;--awb-width-small:100%;--awb-order-small:0;--awb-spacing-right-small:2.375%;--awb-spacing-left-small:2.375%;\"><div class=\"fusion-column-wrapper fusion-column-has-shadow fusion-flex-justify-content-flex-start fusion-content-layout-column\"><div class=\"fusion-title title fusion-title-10 fusion-sep-none fusion-title-text fusion-title-size-two\" style=\"--awb-margin-bottom:30px;--awb-margin-top-small:10px;--awb-margin-right-small:0px;--awb-margin-bottom-small:10px;--awb-margin-left-small:0px;\"><h2 class=\"fusion-title-heading title-heading-left\" style=\"margin:0;\">Your security is our priority<\/h2><\/div><div class=\"fusion-text fusion-text-10\"><p>Our cyclists are accompanied by a police escort from the S\u00fbret\u00e9 du Qu\u00e9bec and the Canadian Association for Organ and Tissue Donors (CAOT)\/Transplant Qu\u00e9bec throughout the entire ride.<\/p>\n<p>We also have a team of supervisors, first responders, a flat tire repair truck, and a mechanic who ensure the smooth running of our Cycling Challenge and the well-being of the participants over the two days.<\/p>\n<\/div><\/div><\/div><\/div><\/div><div class=\"fusion-fullwidth fullwidth-box fusion-builder-row-9 fusion-flex-container has-pattern-background has-mask-background nonhundred-percent-fullwidth non-hundred-percent-height-scrolling\" style=\"--awb-border-radius-top-left:0px;--awb-border-radius-top-right:0px;--awb-border-radius-bottom-right:0px;--awb-border-radius-bottom-left:0px;--awb-flex-wrap:wrap;\" ><div class=\"fusion-builder-row fusion-row fusion-flex-align-items-flex-start fusion-flex-content-wrap\" style=\"max-width:1365px;margin-left: calc(-5% \/ 2 );margin-right: calc(-5% \/ 2 );\"><div class=\"fusion-layout-column fusion_builder_column fusion-builder-column-13 fusion_builder_column_1_1 1_1 fusion-flex-column\" style=\"--awb-bg-size:cover;--awb-width-large:100%;--awb-margin-top-large:0px;--awb-spacing-right-large:2.375%;--awb-margin-bottom-large:20px;--awb-spacing-left-large:2.375%;--awb-width-medium:100%;--awb-order-medium:0;--awb-spacing-right-medium:2.375%;--awb-spacing-left-medium:2.375%;--awb-width-small:100%;--awb-order-small:0;--awb-spacing-right-small:2.375%;--awb-spacing-left-small:2.375%;\"><div class=\"fusion-column-wrapper fusion-column-has-shadow fusion-flex-justify-content-flex-start fusion-content-layout-column\"><div class=\"fusion-text fusion-text-11\"><h2 class=\"fusion-responsive-typography-calculated\" style=\"text-align: center; --fontsize: 36; line-height: 1.16;\" data-fontsize=\"36\" data-lineheight=\"41.76px\">Useful Documents<\/h2>\n<\/div><\/div><\/div><\/div><\/div><div class=\"fusion-fullwidth fullwidth-box fusion-builder-row-10 fusion-flex-container has-pattern-background has-mask-background nonhundred-percent-fullwidth non-hundred-percent-height-scrolling\" style=\"--awb-border-radius-top-left:0px;--awb-border-radius-top-right:0px;--awb-border-radius-bottom-right:0px;--awb-border-radius-bottom-left:0px;--awb-flex-wrap:wrap;\" ><div class=\"fusion-builder-row fusion-row fusion-flex-align-items-flex-start fusion-flex-content-wrap\" style=\"max-width:1365px;margin-left: calc(-5% \/ 2 );margin-right: calc(-5% \/ 2 );\"><div class=\"fusion-layout-column fusion_builder_column fusion-builder-column-14 fusion_builder_column_1_1 1_1 fusion-flex-column\" style=\"--awb-bg-size:cover;--awb-width-large:100%;--awb-margin-top-large:0px;--awb-spacing-right-large:2.375%;--awb-margin-bottom-large:20px;--awb-spacing-left-large:2.375%;--awb-width-medium:100%;--awb-order-medium:0;--awb-spacing-right-medium:2.375%;--awb-spacing-left-medium:2.375%;--awb-width-small:100%;--awb-order-small:0;--awb-spacing-right-small:2.375%;--awb-spacing-left-small:2.375%;\"><div class=\"fusion-column-wrapper fusion-column-has-shadow fusion-flex-justify-content-flex-start fusion-content-layout-column\"><div class=\"fusion-text fusion-text-12\"><p style=\"text-align: center;\">Here you will find the relevant documents to complete your registration for the 20th edition of the Maison des greff\u00e9s Lina Cyr <\/p>\n<p><span style=\"background-color: rgba(0, 0, 0, 0);\">Bike Challenge and get ready to embark on a life-saving adventure!<\/span><\/p><\/p>\n<\/div><\/div><\/div><div class=\"fusion-layout-column fusion_builder_column fusion-builder-column-15 fusion_builder_column_1_3 1_3 fusion-flex-column\" style=\"--awb-bg-size:cover;--awb-width-large:33.333333333333%;--awb-margin-top-large:0px;--awb-spacing-right-large:7.125%;--awb-margin-bottom-large:20px;--awb-spacing-left-large:7.125%;--awb-width-medium:33.333333333333%;--awb-order-medium:0;--awb-spacing-right-medium:7.125%;--awb-spacing-left-medium:7.125%;--awb-width-small:33.333333333333%;--awb-order-small:0;--awb-spacing-right-small:7.125%;--awb-spacing-left-small:7.125%;\"><div class=\"fusion-column-wrapper fusion-column-has-shadow fusion-flex-justify-content-flex-start fusion-content-layout-column\"><div class=\"fusion-image-element \" style=\"--awb-caption-title-font-family:var(--h2_typography-font-family);--awb-caption-title-font-weight:var(--h2_typography-font-weight);--awb-caption-title-font-style:var(--h2_typography-font-style);--awb-caption-title-size:var(--h2_typography-font-size);--awb-caption-title-transform:var(--h2_typography-text-transform);--awb-caption-title-line-height:var(--h2_typography-line-height);--awb-caption-title-letter-spacing:var(--h2_typography-letter-spacing);\"><span class=\" fusion-imageframe imageframe-none imageframe-4 hover-type-none\"><a class=\"fusion-no-lightbox\" href=\"https:\/\/maisondesgreffes.com\/wp-content\/uploads\/2025\/09\/Registration-Guide-2026.pdf\" target=\"_self\" aria-label=\"petit-guide-dinscription-2025\"><img decoding=\"async\" width=\"1545\" height=\"2000\" src=\"https:\/\/maisondesgreffes.com\/wp-content\/uploads\/2025\/09\/subscription-guide-2026.png\" alt class=\"img-responsive wp-image-15661\"\/><\/a><\/span><\/div><\/div><\/div><div class=\"fusion-layout-column fusion_builder_column fusion-builder-column-16 fusion_builder_column_1_3 1_3 fusion-flex-column\" style=\"--awb-padding-right:9px;--awb-padding-left-small:0px;--awb-bg-size:cover;--awb-width-large:33.333333333333%;--awb-margin-top-large:0px;--awb-spacing-right-large:7.125%;--awb-margin-bottom-large:20px;--awb-spacing-left-large:7.125%;--awb-width-medium:33.333333333333%;--awb-order-medium:0;--awb-spacing-right-medium:7.125%;--awb-spacing-left-medium:7.125%;--awb-width-small:33.333333333333%;--awb-order-small:0;--awb-spacing-right-small:7.125%;--awb-spacing-left-small:7.125%;\"><div class=\"fusion-column-wrapper fusion-column-has-shadow fusion-flex-justify-content-flex-start fusion-content-layout-column\"><div class=\"fusion-image-element \" style=\"--awb-caption-title-font-family:var(--h2_typography-font-family);--awb-caption-title-font-weight:var(--h2_typography-font-weight);--awb-caption-title-font-style:var(--h2_typography-font-style);--awb-caption-title-size:var(--h2_typography-font-size);--awb-caption-title-transform:var(--h2_typography-text-transform);--awb-caption-title-line-height:var(--h2_typography-line-height);--awb-caption-title-letter-spacing:var(--h2_typography-letter-spacing);\"><span class=\" fusion-imageframe imageframe-none imageframe-5 hover-type-none\"><a class=\"fusion-no-lightbox\" href=\"https:\/\/maisondesgreffes.com\/wp-content\/uploads\/2026\/04\/Charte-maillots-2026-ANG.pdf\" target=\"_self\" aria-label=\"Charte maillots 2026 ANG\"><img decoding=\"async\" width=\"1088\" height=\"1408\" src=\"https:\/\/maisondesgreffes.com\/wp-content\/uploads\/2026\/04\/Charte-maillots-2026-ANG-1-pdf.jpg\" alt class=\"img-responsive wp-image-17132\"\/><\/a><\/span><\/div><\/div><\/div><div class=\"fusion-layout-column fusion_builder_column fusion-builder-column-17 fusion_builder_column_1_3 1_3 fusion-flex-column\" style=\"--awb-bg-size:cover;--awb-width-large:33.333333333333%;--awb-order-large:0;--awb-margin-top-large:0px;--awb-spacing-right-large:7.125%;--awb-margin-bottom-large:20px;--awb-spacing-left-large:7.125%;--awb-width-medium:33.333333333333%;--awb-order-medium:0;--awb-spacing-right-medium:7.125%;--awb-spacing-left-medium:7.125%;--awb-width-small:100%;--awb-order-small:0;--awb-spacing-right-small:2.375%;--awb-spacing-left-small:2.375%;\"><div class=\"fusion-column-wrapper fusion-column-has-shadow fusion-flex-justify-content-flex-start fusion-content-layout-column\"><div class=\"fusion-image-element \" style=\"--awb-caption-title-font-family:var(--h2_typography-font-family);--awb-caption-title-font-weight:var(--h2_typography-font-weight);--awb-caption-title-font-style:var(--h2_typography-font-style);--awb-caption-title-size:var(--h2_typography-font-size);--awb-caption-title-transform:var(--h2_typography-text-transform);--awb-caption-title-line-height:var(--h2_typography-line-height);--awb-caption-title-letter-spacing:var(--h2_typography-letter-spacing);\"><span class=\" fusion-imageframe imageframe-none imageframe-6 hover-type-none\"><a class=\"fusion-no-lightbox\" href=\"https:\/\/maisondesgreffes.com\/wp-content\/uploads\/2026\/03\/Training-Plan-2026.pdf\" target=\"_self\" aria-label=\"training-plan-2025-couverture\"><img decoding=\"async\" width=\"1545\" height=\"2000\" src=\"https:\/\/maisondesgreffes.com\/wp-content\/uploads\/2026\/04\/training-plan-2025-couverture.png\" alt class=\"img-responsive wp-image-17129\" srcset=\"https:\/\/maisondesgreffes.com\/wp-content\/uploads\/2026\/04\/training-plan-2025-couverture-200x259.png 200w, https:\/\/maisondesgreffes.com\/wp-content\/uploads\/2026\/04\/training-plan-2025-couverture-400x518.png 400w, https:\/\/maisondesgreffes.com\/wp-content\/uploads\/2026\/04\/training-plan-2025-couverture-600x777.png 600w, https:\/\/maisondesgreffes.com\/wp-content\/uploads\/2026\/04\/training-plan-2025-couverture-800x1036.png 800w, https:\/\/maisondesgreffes.com\/wp-content\/uploads\/2026\/04\/training-plan-2025-couverture-1200x1553.png 1200w, https:\/\/maisondesgreffes.com\/wp-content\/uploads\/2026\/04\/training-plan-2025-couverture.png 1545w\" sizes=\"(max-width: 700px) 100vw, 400px\" \/><\/a><\/span><\/div><\/div><\/div><\/div><\/div><div class=\"fusion-fullwidth fullwidth-box fusion-builder-row-11 fusion-flex-container has-pattern-background has-mask-background nonhundred-percent-fullwidth non-hundred-percent-height-scrolling\" style=\"--awb-border-radius-top-left:0px;--awb-border-radius-top-right:0px;--awb-border-radius-bottom-right:0px;--awb-border-radius-bottom-left:0px;--awb-padding-top:53px;--awb-padding-bottom:50px;--awb-background-color:var(--awb-color2);--awb-flex-wrap:wrap;\" ><div class=\"fusion-builder-row fusion-row fusion-flex-align-items-flex-start fusion-flex-content-wrap\" style=\"max-width:1365px;margin-left: calc(-5% \/ 2 );margin-right: calc(-5% \/ 2 );\"><div class=\"fusion-layout-column fusion_builder_column fusion-builder-column-18 fusion_builder_column_1_2 1_2 fusion-flex-column\" style=\"--awb-bg-size:cover;--awb-width-large:50%;--awb-margin-top-large:0px;--awb-spacing-right-large:4.75%;--awb-margin-bottom-large:20px;--awb-spacing-left-large:4.75%;--awb-width-medium:50%;--awb-order-medium:0;--awb-spacing-right-medium:4.75%;--awb-spacing-left-medium:4.75%;--awb-width-small:100%;--awb-order-small:0;--awb-spacing-right-small:2.375%;--awb-spacing-left-small:2.375%;\"><div class=\"fusion-column-wrapper fusion-column-has-shadow fusion-flex-justify-content-flex-start fusion-content-layout-column\"><div class=\"fusion-title title fusion-title-11 fusion-sep-none fusion-title-text fusion-title-size-two\" style=\"--awb-margin-bottom:30px;--awb-margin-top-small:10px;--awb-margin-right-small:0px;--awb-margin-bottom-small:10px;--awb-margin-left-small:0px;\"><h2 class=\"fusion-title-heading title-heading-left\" style=\"margin:0;\">Ride for a transplant recipient<\/h2><\/div><div class=\"fusion-text fusion-text-13\"><p>Give even deeper meaning to your participation by choosing to represent a transplant recipient from the Lina Cyr Transplant Center. This unique partnership allows you to raise awareness among your friends and family about the importance of organ and tissue donation by sharing the inspiring journey of a transplant recipient.<\/p>\n<p>When registering, simply select this option to be paired with a transplant recipient.<\/p>\n<p>In return, the transplant recipient will commit to supporting your fundraising for the Bike Challenge by mobilizing their network and community, thereby contributing half of your campaign goal.<\/p>\n<p>This human and supportive partnership creates strong bonds and a true community between cyclists and transplant recipients\u2014a rewarding experience for all!<\/p>\n<\/div><div style=\"text-align:center;\"><a class=\"fusion-button button-3d button-xlarge button-default fusion-button-default button-5 fusion-button-default-span \" target=\"_blank\" rel=\"noopener noreferrer\" href=\"https:\/\/www.zeffy.com\/en-CA\/ticketing\/jumelage-entre-cyclistes-et-greffes\"><span class=\"fusion-button-text awb-button__text awb-button__text--default\">Subscribe to ride for a recipient<\/span><\/a><\/div><\/div><\/div><div class=\"fusion-layout-column fusion_builder_column fusion-builder-column-19 fusion_builder_column_1_2 1_2 fusion-flex-column\" style=\"--awb-bg-size:cover;--awb-width-large:50%;--awb-margin-top-large:0px;--awb-spacing-right-large:4.75%;--awb-margin-bottom-large:20px;--awb-spacing-left-large:4.75%;--awb-width-medium:50%;--awb-order-medium:0;--awb-spacing-right-medium:4.75%;--awb-spacing-left-medium:4.75%;--awb-width-small:100%;--awb-order-small:0;--awb-spacing-right-small:2.375%;--awb-spacing-left-small:2.375%;\"><div class=\"fusion-column-wrapper fusion-column-has-shadow fusion-flex-justify-content-flex-start fusion-content-layout-column\"><div class=\"fusion-image-element \" style=\"text-align:center;--awb-margin-top:75px;--awb-caption-title-font-family:var(--h2_typography-font-family);--awb-caption-title-font-weight:var(--h2_typography-font-weight);--awb-caption-title-font-style:var(--h2_typography-font-style);--awb-caption-title-size:var(--h2_typography-font-size);--awb-caption-title-transform:var(--h2_typography-text-transform);--awb-caption-title-line-height:var(--h2_typography-line-height);--awb-caption-title-letter-spacing:var(--h2_typography-letter-spacing);\"><span class=\" fusion-imageframe imageframe-none imageframe-7 hover-type-none\"><img decoding=\"async\" width=\"3000\" height=\"2250\" title=\"defi-des-greffes-participants-103\" src=\"https:\/\/maisondesgreffes.com\/wp-content\/uploads\/2025\/08\/defi-des-greffes-participants-103-scaled.jpg\" alt class=\"img-responsive wp-image-15413\" srcset=\"https:\/\/maisondesgreffes.com\/wp-content\/uploads\/2025\/08\/defi-des-greffes-participants-103-200x150.jpg 200w, https:\/\/maisondesgreffes.com\/wp-content\/uploads\/2025\/08\/defi-des-greffes-participants-103-400x300.jpg 400w, https:\/\/maisondesgreffes.com\/wp-content\/uploads\/2025\/08\/defi-des-greffes-participants-103-600x450.jpg 600w, https:\/\/maisondesgreffes.com\/wp-content\/uploads\/2025\/08\/defi-des-greffes-participants-103-800x600.jpg 800w, https:\/\/maisondesgreffes.com\/wp-content\/uploads\/2025\/08\/defi-des-greffes-participants-103-1200x900.jpg 1200w, https:\/\/maisondesgreffes.com\/wp-content\/uploads\/2025\/08\/defi-des-greffes-participants-103-scaled.jpg 3000w\" sizes=\"(max-width: 700px) 100vw, 600px\" \/><\/span><\/div><\/div><\/div><\/div><\/div><div class=\"fusion-fullwidth fullwidth-box fusion-builder-row-12 fusion-flex-container has-pattern-background has-mask-background nonhundred-percent-fullwidth non-hundred-percent-height-scrolling\" style=\"--awb-border-radius-top-left:0px;--awb-border-radius-top-right:0px;--awb-border-radius-bottom-right:0px;--awb-border-radius-bottom-left:0px;--awb-background-color:var(--awb-custom_color_6);--awb-flex-wrap:wrap;\" ><div class=\"fusion-builder-row fusion-row fusion-flex-align-items-flex-start fusion-flex-content-wrap\" style=\"max-width:1365px;margin-left: calc(-5% \/ 2 );margin-right: calc(-5% \/ 2 );\"><div class=\"fusion-layout-column fusion_builder_column fusion-builder-column-20 fusion_builder_column_1_1 1_1 fusion-flex-column\" style=\"--awb-bg-size:cover;--awb-width-large:100%;--awb-order-large:0;--awb-margin-top-large:0px;--awb-spacing-right-large:2.375%;--awb-margin-bottom-large:20px;--awb-spacing-left-large:2.375%;--awb-width-medium:100%;--awb-order-medium:0;--awb-spacing-right-medium:2.375%;--awb-spacing-left-medium:2.375%;--awb-width-small:100%;--awb-order-small:0;--awb-spacing-right-small:2.375%;--awb-spacing-left-small:2.375%;\"><div class=\"fusion-column-wrapper fusion-column-has-shadow fusion-flex-justify-content-flex-start fusion-content-layout-column\"><div class=\"fusion-text fusion-text-14\"><h2 style=\"text-align: center;\">Our sponsors<\/h2>\n<\/div><div class=\"fusion-image-carousel fusion-image-carousel-auto fusion-image-carousel-1\"><div class=\"awb-carousel awb-swiper awb-swiper-carousel awb-carousel--carousel awb-swiper-dots-position-bottom\" data-layout=\"carousel\" data-autoplay=\"no\" data-autoplayspeed=\"2500\" data-autoplaypause=\"no\" data-loop=\"yes\" data-columns=\"5\" data-columnsmedium=\"1\" data-columnssmall=\"1\" data-itemmargin=\"13\" data-itemwidth=\"180\" data-touchscroll=\"no\" data-freemode=\"no\" data-imagesize=\"auto\" data-scrollitems=\"0\" data-scrollitems-medium=\"0\" data-scrollitems-small=\"0\" data-centeredslides=\"no\" data-rotationangle=\"50\" data-depth=\"100\" data-speed=\"500\" data-shadow=\"no\" data-pagination=\"bullets\" style=\"--awb-dots-align:center;\"><div class=\"swiper-wrapper awb-image-carousel-wrapper fusion-flex-align-items-center\"><div class=\"swiper-slide\"><div class=\"fusion-carousel-item-wrapper\"><div class=\"fusion-image-wrapper hover-type-none\"><a href=\"https:\/\/physiovelo.com\/en\/bikefitting\/bikefitting-finding-the-perfect-fit-for-your-ride\/?srsltid=AfmBOoqPd6jLDHmFtVrZUM2FzkLl8DLCRBdzcgpsG_Zhk3JNKCnaCU5U\" target=\"_self\"><img decoding=\"async\" width=\"323\" height=\"59\" src=\"https:\/\/maisondesgreffes.com\/wp-content\/uploads\/2026\/04\/physiovelo-logo-cmyk-noir.png\" class=\"attachment-full size-full\" alt=\"\" srcset=\"https:\/\/maisondesgreffes.com\/wp-content\/uploads\/2026\/04\/physiovelo-logo-cmyk-noir-200x37.png 200w, https:\/\/maisondesgreffes.com\/wp-content\/uploads\/2026\/04\/physiovelo-logo-cmyk-noir-300x55.png 300w, https:\/\/maisondesgreffes.com\/wp-content\/uploads\/2026\/04\/physiovelo-logo-cmyk-noir-320x59.png 320w, https:\/\/maisondesgreffes.com\/wp-content\/uploads\/2026\/04\/physiovelo-logo-cmyk-noir.png 323w\" sizes=\"(max-width: 323px) 100vw, 323px\" \/><\/a><\/div><\/div><\/div><\/div><div class=\"awb-swiper-button awb-swiper-button-prev\"><i class=\"awb-icon-angle-left\" aria-hidden=\"true\"><\/i><\/div><div class=\"awb-swiper-button awb-swiper-button-next\"><i class=\"awb-icon-angle-right\" aria-hidden=\"true\"><\/i><\/div><\/div><\/div><\/div><\/div><\/div><\/div><div class=\"fusion-fullwidth fullwidth-box fusion-builder-row-13 fusion-flex-container has-pattern-background has-mask-background nonhundred-percent-fullwidth non-hundred-percent-height-scrolling\" style=\"--awb-border-sizes-top:15;--awb-border-sizes-bottom:15;--awb-border-sizes-left:15;--awb-border-sizes-right:15;--awb-border-radius-top-left:0px;--awb-border-radius-top-right:0px;--awb-border-radius-bottom-right:0px;--awb-border-radius-bottom-left:0px;--awb-padding-top:40px;--awb-padding-bottom:0px;--awb-margin-bottom:0px;--awb-flex-wrap:wrap;\" ><div class=\"fusion-builder-row fusion-row fusion-flex-align-items-flex-start fusion-flex-justify-content-center fusion-flex-content-wrap\" style=\"max-width:1365px;margin-left: calc(-5% \/ 2 );margin-right: calc(-5% \/ 2 );\"><div class=\"fusion-layout-column fusion_builder_column fusion-builder-column-21 fusion_builder_column_1_1 1_1 fusion-flex-column\" style=\"--awb-bg-size:cover;--awb-width-large:100%;--awb-margin-top-large:0px;--awb-spacing-right-large:2.375%;--awb-margin-bottom-large:20px;--awb-spacing-left-large:2.375%;--awb-width-medium:100%;--awb-order-medium:0;--awb-spacing-right-medium:2.375%;--awb-spacing-left-medium:2.375%;--awb-width-small:100%;--awb-order-small:0;--awb-spacing-right-small:2.375%;--awb-spacing-left-small:2.375%;\"><div class=\"fusion-column-wrapper fusion-column-has-shadow fusion-flex-justify-content-flex-start fusion-content-layout-column\"><div class=\"fusion-title title fusion-title-12 fusion-sep-none fusion-title-center fusion-title-text fusion-title-size-two\" style=\"--awb-margin-bottom:30px;--awb-margin-top-small:10px;--awb-margin-right-small:0px;--awb-margin-bottom-small:10px;--awb-margin-left-small:0px;\"><h2 class=\"fusion-title-heading title-heading-center\" style=\"margin:0;\">Some memories from our 2025 edition<\/h2><\/div><div class=\"fusion-text fusion-text-15\" style=\"--awb-content-alignment:center;\"><p>Last year, 90 cyclists participated in the challenge, raising<\/p>\n<p><b style=\"color: var(--awb-color6);\">210 000 $<\/b> for the Maison des greff\u00e9s Lina Cyr.<\/p>\n<p><b><br \/>\n<span style=\"color: var(--awb-color5);\">Thank you all for your support!<\/span><\/b><\/p>\n<\/div><\/div><\/div><div class=\"fusion-layout-column fusion_builder_column fusion-builder-column-22 fusion_builder_column_1_2 1_2 fusion-flex-column fusion-flex-align-self-flex-start fusion-column-inner-bg-wrapper\" style=\"--awb-inner-bg-color:var(--awb-custom_color_10);--awb-inner-bg-color-hover:var(--awb-custom_color_10);--awb-inner-bg-size:cover;--awb-width-large:50%;--awb-margin-top-large:0px;--awb-spacing-right-large:1.71%;--awb-margin-bottom-large:20.9943px;--awb-spacing-left-large:1.33%;--awb-width-medium:50%;--awb-order-medium:0;--awb-spacing-right-medium:1.71%;--awb-spacing-left-medium:1.33%;--awb-width-small:100%;--awb-order-small:0;--awb-spacing-right-small:2.375%;--awb-spacing-left-small:2.375%;\"><span class=\"fusion-column-inner-bg hover-type-zoomin\"><span class=\"fusion-column-anchor\"><span class=\"fusion-column-inner-bg-image\"><\/span><\/span><\/span><div class=\"fusion-column-wrapper fusion-column-has-shadow fusion-flex-justify-content-flex-start fusion-content-layout-column\"><div class=\"awb-gallery-wrapper awb-gallery-wrapper-1 button-span-no\" style=\"--more-btn-alignment:center;--more-btn-color:var(--awb-color1);\" data-limit=\"12\" data-page=\"1\"><div style=\"margin:-5px;--awb-aspect-ratio:4 \/ 3;--awb-bordersize:0px;\" class=\"fusion-gallery fusion-gallery-container fusion-grid-3 fusion-columns-total-12 fusion-gallery-layout-grid fusion-gallery-1 has-aspect-ratio\"><div style=\"padding:5px;\" class=\"fusion-grid-column fusion-gallery-column fusion-gallery-column-3\"><div class=\"fusion-gallery-image fusion-gallery-image-liftup\"><a href=\"https:\/\/maisondesgreffes.com\/wp-content\/uploads\/2025\/08\/defi-des-greffes-participants-411-1-scaled.jpg\" rel=\"noreferrer\" data-rel=\"iLightbox[gallery_image_1]\" class=\"fusion-lightbox\" target=\"_self\"><img decoding=\"async\" src=\"https:\/\/maisondesgreffes.com\/wp-content\/uploads\/2025\/08\/defi-des-greffes-participants-411-1-scaled.jpg\" width=\"3000\" height=\"2022\" alt=\"\" title=\"defi-des-greffes-participants-411\" aria-label=\"defi-des-greffes-participants-411\" class=\"img-responsive wp-image-15437 fusion-gallery-image-size-fixed\" style=\"object-position:0% 28%;\" srcset=\"https:\/\/maisondesgreffes.com\/wp-content\/uploads\/2025\/08\/defi-des-greffes-participants-411-1-200x135.jpg 200w, https:\/\/maisondesgreffes.com\/wp-content\/uploads\/2025\/08\/defi-des-greffes-participants-411-1-400x270.jpg 400w, https:\/\/maisondesgreffes.com\/wp-content\/uploads\/2025\/08\/defi-des-greffes-participants-411-1-600x404.jpg 600w, https:\/\/maisondesgreffes.com\/wp-content\/uploads\/2025\/08\/defi-des-greffes-participants-411-1-800x539.jpg 800w, https:\/\/maisondesgreffes.com\/wp-content\/uploads\/2025\/08\/defi-des-greffes-participants-411-1-1200x809.jpg 1200w, https:\/\/maisondesgreffes.com\/wp-content\/uploads\/2025\/08\/defi-des-greffes-participants-411-1-scaled.jpg 3000w\" sizes=\"(min-width: 2200px) 100vw, (min-width: 784px) 430px, (min-width: 712px) 645px, (min-width: 640px) 712px, \" \/><\/a><\/div><\/div><div style=\"padding:5px;\" class=\"fusion-grid-column fusion-gallery-column fusion-gallery-column-3\"><div class=\"fusion-gallery-image fusion-gallery-image-liftup\"><a href=\"https:\/\/maisondesgreffes.com\/wp-content\/uploads\/2025\/08\/defi-des-greffes-participants-75-scaled.jpg\" rel=\"noreferrer\" data-rel=\"iLightbox[gallery_image_1]\" class=\"fusion-lightbox\" target=\"_self\"><img decoding=\"async\" src=\"https:\/\/maisondesgreffes.com\/wp-content\/uploads\/2025\/08\/defi-des-greffes-participants-75-scaled.jpg\" width=\"3000\" height=\"2250\" alt=\"\" title=\"defi-des-greffes-participants-75\" aria-label=\"defi-des-greffes-participants-75\" class=\"img-responsive wp-image-15427 fusion-gallery-image-size-fixed\" style=\"object-position:31% 44%;\" srcset=\"https:\/\/maisondesgreffes.com\/wp-content\/uploads\/2025\/08\/defi-des-greffes-participants-75-200x150.jpg 200w, https:\/\/maisondesgreffes.com\/wp-content\/uploads\/2025\/08\/defi-des-greffes-participants-75-400x300.jpg 400w, https:\/\/maisondesgreffes.com\/wp-content\/uploads\/2025\/08\/defi-des-greffes-participants-75-600x450.jpg 600w, https:\/\/maisondesgreffes.com\/wp-content\/uploads\/2025\/08\/defi-des-greffes-participants-75-800x600.jpg 800w, https:\/\/maisondesgreffes.com\/wp-content\/uploads\/2025\/08\/defi-des-greffes-participants-75-1200x900.jpg 1200w, https:\/\/maisondesgreffes.com\/wp-content\/uploads\/2025\/08\/defi-des-greffes-participants-75-scaled.jpg 3000w\" sizes=\"(min-width: 2200px) 100vw, (min-width: 784px) 430px, (min-width: 712px) 645px, (min-width: 640px) 712px, \" \/><\/a><\/div><\/div><div style=\"padding:5px;\" class=\"fusion-grid-column fusion-gallery-column fusion-gallery-column-3\"><div class=\"fusion-gallery-image fusion-gallery-image-liftup\"><a href=\"https:\/\/maisondesgreffes.com\/wp-content\/uploads\/2025\/08\/defi-des-greffes-convoie-10-scaled.jpg\" rel=\"noreferrer\" data-rel=\"iLightbox[gallery_image_1]\" class=\"fusion-lightbox\" target=\"_self\"><img decoding=\"async\" src=\"https:\/\/maisondesgreffes.com\/wp-content\/uploads\/2025\/08\/defi-des-greffes-convoie-10-scaled.jpg\" width=\"3000\" height=\"1686\" alt=\"\" title=\"defi-des-greffes-convoie-10\" aria-label=\"defi-des-greffes-convoie-10\" class=\"img-responsive wp-image-15419 fusion-gallery-image-size-fixed\" style=\"object-position:100% 49%;\" srcset=\"https:\/\/maisondesgreffes.com\/wp-content\/uploads\/2025\/08\/defi-des-greffes-convoie-10-200x112.jpg 200w, https:\/\/maisondesgreffes.com\/wp-content\/uploads\/2025\/08\/defi-des-greffes-convoie-10-400x225.jpg 400w, https:\/\/maisondesgreffes.com\/wp-content\/uploads\/2025\/08\/defi-des-greffes-convoie-10-600x337.jpg 600w, https:\/\/maisondesgreffes.com\/wp-content\/uploads\/2025\/08\/defi-des-greffes-convoie-10-800x450.jpg 800w, https:\/\/maisondesgreffes.com\/wp-content\/uploads\/2025\/08\/defi-des-greffes-convoie-10-1200x675.jpg 1200w, https:\/\/maisondesgreffes.com\/wp-content\/uploads\/2025\/08\/defi-des-greffes-convoie-10-scaled.jpg 3000w\" sizes=\"(min-width: 2200px) 100vw, (min-width: 784px) 430px, (min-width: 712px) 645px, (min-width: 640px) 712px, \" \/><\/a><\/div><\/div><div class=\"clearfix\"><\/div><div style=\"padding:5px;\" class=\"fusion-grid-column fusion-gallery-column fusion-gallery-column-3\"><div class=\"fusion-gallery-image fusion-gallery-image-liftup\"><a href=\"https:\/\/maisondesgreffes.com\/wp-content\/uploads\/2025\/08\/defi-des-greffes-participants-98-scaled.jpg\" rel=\"noreferrer\" data-rel=\"iLightbox[gallery_image_1]\" class=\"fusion-lightbox\" target=\"_self\"><img decoding=\"async\" src=\"https:\/\/maisondesgreffes.com\/wp-content\/uploads\/2025\/08\/defi-des-greffes-participants-98-scaled.jpg\" width=\"3000\" height=\"2250\" alt=\"\" title=\"defi-des-greffes-participants-98\" aria-label=\"defi-des-greffes-participants-98\" class=\"img-responsive wp-image-15429 fusion-gallery-image-size-fixed\" style=\"object-position:29% 55%;\" srcset=\"https:\/\/maisondesgreffes.com\/wp-content\/uploads\/2025\/08\/defi-des-greffes-participants-98-200x150.jpg 200w, https:\/\/maisondesgreffes.com\/wp-content\/uploads\/2025\/08\/defi-des-greffes-participants-98-400x300.jpg 400w, https:\/\/maisondesgreffes.com\/wp-content\/uploads\/2025\/08\/defi-des-greffes-participants-98-600x450.jpg 600w, https:\/\/maisondesgreffes.com\/wp-content\/uploads\/2025\/08\/defi-des-greffes-participants-98-800x600.jpg 800w, https:\/\/maisondesgreffes.com\/wp-content\/uploads\/2025\/08\/defi-des-greffes-participants-98-1200x900.jpg 1200w, https:\/\/maisondesgreffes.com\/wp-content\/uploads\/2025\/08\/defi-des-greffes-participants-98-scaled.jpg 3000w\" sizes=\"(min-width: 2200px) 100vw, (min-width: 784px) 430px, (min-width: 712px) 645px, (min-width: 640px) 712px, \" \/><\/a><\/div><\/div><div style=\"padding:5px;\" class=\"fusion-grid-column fusion-gallery-column fusion-gallery-column-3\"><div class=\"fusion-gallery-image fusion-gallery-image-liftup\"><a href=\"https:\/\/maisondesgreffes.com\/wp-content\/uploads\/2025\/08\/defi-des-greffes-participants-169-scaled.jpg\" rel=\"noreferrer\" data-rel=\"iLightbox[gallery_image_1]\" class=\"fusion-lightbox\" target=\"_self\"><img decoding=\"async\" src=\"https:\/\/maisondesgreffes.com\/wp-content\/uploads\/2025\/08\/defi-des-greffes-participants-169-scaled.jpg\" width=\"3000\" height=\"1852\" alt=\"\" title=\"defi-des-greffes-participants-169\" aria-label=\"defi-des-greffes-participants-169\" class=\"img-responsive wp-image-15433 fusion-gallery-image-size-fixed\" style=\"object-position:37% 46%;\" srcset=\"https:\/\/maisondesgreffes.com\/wp-content\/uploads\/2025\/08\/defi-des-greffes-participants-169-200x123.jpg 200w, https:\/\/maisondesgreffes.com\/wp-content\/uploads\/2025\/08\/defi-des-greffes-participants-169-400x247.jpg 400w, https:\/\/maisondesgreffes.com\/wp-content\/uploads\/2025\/08\/defi-des-greffes-participants-169-600x370.jpg 600w, https:\/\/maisondesgreffes.com\/wp-content\/uploads\/2025\/08\/defi-des-greffes-participants-169-800x494.jpg 800w, https:\/\/maisondesgreffes.com\/wp-content\/uploads\/2025\/08\/defi-des-greffes-participants-169-1200x741.jpg 1200w, https:\/\/maisondesgreffes.com\/wp-content\/uploads\/2025\/08\/defi-des-greffes-participants-169-scaled.jpg 3000w\" sizes=\"(min-width: 2200px) 100vw, (min-width: 784px) 430px, (min-width: 712px) 645px, (min-width: 640px) 712px, \" \/><\/a><\/div><\/div><div style=\"padding:5px;\" class=\"fusion-grid-column fusion-gallery-column fusion-gallery-column-3\"><div class=\"fusion-gallery-image fusion-gallery-image-liftup\"><a href=\"https:\/\/maisondesgreffes.com\/wp-content\/uploads\/2025\/08\/defi-des-greffes-groupe-maxyme-labonte-14-scaled.jpg\" rel=\"noreferrer\" data-rel=\"iLightbox[gallery_image_1]\" class=\"fusion-lightbox\" target=\"_self\"><img decoding=\"async\" src=\"https:\/\/maisondesgreffes.com\/wp-content\/uploads\/2025\/08\/defi-des-greffes-groupe-maxyme-labonte-14-scaled.jpg\" width=\"3000\" height=\"2250\" alt=\"\" title=\"defi-des-greffes-groupe-maxyme-labonte-14\" aria-label=\"defi-des-greffes-groupe-maxyme-labonte-14\" class=\"img-responsive wp-image-15421 fusion-gallery-image-size-fixed\" style=\"object-position:92% 48%;\" srcset=\"https:\/\/maisondesgreffes.com\/wp-content\/uploads\/2025\/08\/defi-des-greffes-groupe-maxyme-labonte-14-200x150.jpg 200w, https:\/\/maisondesgreffes.com\/wp-content\/uploads\/2025\/08\/defi-des-greffes-groupe-maxyme-labonte-14-400x300.jpg 400w, https:\/\/maisondesgreffes.com\/wp-content\/uploads\/2025\/08\/defi-des-greffes-groupe-maxyme-labonte-14-600x450.jpg 600w, https:\/\/maisondesgreffes.com\/wp-content\/uploads\/2025\/08\/defi-des-greffes-groupe-maxyme-labonte-14-800x600.jpg 800w, https:\/\/maisondesgreffes.com\/wp-content\/uploads\/2025\/08\/defi-des-greffes-groupe-maxyme-labonte-14-1200x900.jpg 1200w, https:\/\/maisondesgreffes.com\/wp-content\/uploads\/2025\/08\/defi-des-greffes-groupe-maxyme-labonte-14-scaled.jpg 3000w\" sizes=\"(min-width: 2200px) 100vw, (min-width: 784px) 430px, (min-width: 712px) 645px, (min-width: 640px) 712px, \" \/><\/a><\/div><\/div><div class=\"clearfix\"><\/div><div style=\"padding:5px;\" class=\"fusion-grid-column fusion-gallery-column fusion-gallery-column-3\"><div class=\"fusion-gallery-image fusion-gallery-image-liftup\"><a href=\"https:\/\/maisondesgreffes.com\/wp-content\/uploads\/2025\/08\/defi-des-greffes-participants-63-scaled.jpg\" rel=\"noreferrer\" data-rel=\"iLightbox[gallery_image_1]\" class=\"fusion-lightbox\" target=\"_self\"><img decoding=\"async\" src=\"https:\/\/maisondesgreffes.com\/wp-content\/uploads\/2025\/08\/defi-des-greffes-participants-63-scaled.jpg\" width=\"3000\" height=\"2250\" alt=\"\" title=\"defi-des-greffes-participants-63\" aria-label=\"defi-des-greffes-participants-63\" class=\"img-responsive wp-image-15455 fusion-gallery-image-size-fixed\" style=\"object-position:34% 48%;\" srcset=\"https:\/\/maisondesgreffes.com\/wp-content\/uploads\/2025\/08\/defi-des-greffes-participants-63-200x150.jpg 200w, https:\/\/maisondesgreffes.com\/wp-content\/uploads\/2025\/08\/defi-des-greffes-participants-63-400x300.jpg 400w, https:\/\/maisondesgreffes.com\/wp-content\/uploads\/2025\/08\/defi-des-greffes-participants-63-600x450.jpg 600w, https:\/\/maisondesgreffes.com\/wp-content\/uploads\/2025\/08\/defi-des-greffes-participants-63-800x600.jpg 800w, https:\/\/maisondesgreffes.com\/wp-content\/uploads\/2025\/08\/defi-des-greffes-participants-63-1200x900.jpg 1200w, https:\/\/maisondesgreffes.com\/wp-content\/uploads\/2025\/08\/defi-des-greffes-participants-63-scaled.jpg 3000w\" sizes=\"(min-width: 2200px) 100vw, (min-width: 784px) 430px, (min-width: 712px) 645px, (min-width: 640px) 712px, \" \/><\/a><\/div><\/div><div style=\"padding:5px;\" class=\"fusion-grid-column fusion-gallery-column fusion-gallery-column-3\"><div class=\"fusion-gallery-image fusion-gallery-image-liftup\"><a href=\"https:\/\/maisondesgreffes.com\/wp-content\/uploads\/2025\/08\/defi-des-greffes-sq-11-scaled.jpg\" rel=\"noreferrer\" data-rel=\"iLightbox[gallery_image_1]\" class=\"fusion-lightbox\" target=\"_self\"><img decoding=\"async\" src=\"https:\/\/maisondesgreffes.com\/wp-content\/uploads\/2025\/08\/defi-des-greffes-sq-11-scaled.jpg\" width=\"3000\" height=\"2250\" alt=\"\" title=\"defi-des-greffes-sq-11\" aria-label=\"defi-des-greffes-sq-11\" class=\"img-responsive wp-image-15435 fusion-gallery-image-size-fixed\" srcset=\"https:\/\/maisondesgreffes.com\/wp-content\/uploads\/2025\/08\/defi-des-greffes-sq-11-200x150.jpg 200w, https:\/\/maisondesgreffes.com\/wp-content\/uploads\/2025\/08\/defi-des-greffes-sq-11-400x300.jpg 400w, https:\/\/maisondesgreffes.com\/wp-content\/uploads\/2025\/08\/defi-des-greffes-sq-11-600x450.jpg 600w, https:\/\/maisondesgreffes.com\/wp-content\/uploads\/2025\/08\/defi-des-greffes-sq-11-800x600.jpg 800w, https:\/\/maisondesgreffes.com\/wp-content\/uploads\/2025\/08\/defi-des-greffes-sq-11-1200x900.jpg 1200w, https:\/\/maisondesgreffes.com\/wp-content\/uploads\/2025\/08\/defi-des-greffes-sq-11-scaled.jpg 3000w\" sizes=\"(min-width: 2200px) 100vw, (min-width: 784px) 430px, (min-width: 712px) 645px, (min-width: 640px) 712px, \" \/><\/a><\/div><\/div><div style=\"padding:5px;\" class=\"fusion-grid-column fusion-gallery-column fusion-gallery-column-3\"><div class=\"fusion-gallery-image fusion-gallery-image-liftup\"><a href=\"https:\/\/maisondesgreffes.com\/wp-content\/uploads\/2025\/08\/defi-des-greffes-organisation-3-scaled.jpg\" rel=\"noreferrer\" data-rel=\"iLightbox[gallery_image_1]\" class=\"fusion-lightbox\" target=\"_self\"><img decoding=\"async\" src=\"https:\/\/maisondesgreffes.com\/wp-content\/uploads\/2025\/08\/defi-des-greffes-organisation-3-scaled.jpg\" width=\"3000\" height=\"2250\" alt=\"\" title=\"defi-des-greffes-organisation-3\" aria-label=\"defi-des-greffes-organisation-3\" class=\"img-responsive wp-image-15423 fusion-gallery-image-size-fixed\" style=\"object-position:51% 35%;\" srcset=\"https:\/\/maisondesgreffes.com\/wp-content\/uploads\/2025\/08\/defi-des-greffes-organisation-3-200x150.jpg 200w, https:\/\/maisondesgreffes.com\/wp-content\/uploads\/2025\/08\/defi-des-greffes-organisation-3-400x300.jpg 400w, https:\/\/maisondesgreffes.com\/wp-content\/uploads\/2025\/08\/defi-des-greffes-organisation-3-600x450.jpg 600w, https:\/\/maisondesgreffes.com\/wp-content\/uploads\/2025\/08\/defi-des-greffes-organisation-3-800x600.jpg 800w, https:\/\/maisondesgreffes.com\/wp-content\/uploads\/2025\/08\/defi-des-greffes-organisation-3-1200x900.jpg 1200w, https:\/\/maisondesgreffes.com\/wp-content\/uploads\/2025\/08\/defi-des-greffes-organisation-3-scaled.jpg 3000w\" sizes=\"(min-width: 2200px) 100vw, (min-width: 784px) 430px, (min-width: 712px) 645px, (min-width: 640px) 712px, \" \/><\/a><\/div><\/div><div class=\"clearfix\"><\/div><div style=\"padding:5px;\" class=\"fusion-grid-column fusion-gallery-column fusion-gallery-column-3\"><div class=\"fusion-gallery-image fusion-gallery-image-liftup\"><a href=\"https:\/\/maisondesgreffes.com\/wp-content\/uploads\/2025\/08\/defi-des-greffes-participants-1061-scaled.jpg\" rel=\"noreferrer\" data-rel=\"iLightbox[gallery_image_1]\" class=\"fusion-lightbox\" target=\"_self\"><img decoding=\"async\" src=\"https:\/\/maisondesgreffes.com\/wp-content\/uploads\/2025\/08\/defi-des-greffes-participants-1061-scaled.jpg\" width=\"3000\" height=\"2358\" alt=\"\" title=\"defi-des-greffes-participants-1061\" aria-label=\"defi-des-greffes-participants-1061\" class=\"img-responsive wp-image-15459 fusion-gallery-image-size-fixed\" srcset=\"https:\/\/maisondesgreffes.com\/wp-content\/uploads\/2025\/08\/defi-des-greffes-participants-1061-200x157.jpg 200w, https:\/\/maisondesgreffes.com\/wp-content\/uploads\/2025\/08\/defi-des-greffes-participants-1061-400x314.jpg 400w, https:\/\/maisondesgreffes.com\/wp-content\/uploads\/2025\/08\/defi-des-greffes-participants-1061-600x472.jpg 600w, https:\/\/maisondesgreffes.com\/wp-content\/uploads\/2025\/08\/defi-des-greffes-participants-1061-800x629.jpg 800w, https:\/\/maisondesgreffes.com\/wp-content\/uploads\/2025\/08\/defi-des-greffes-participants-1061-1200x943.jpg 1200w, https:\/\/maisondesgreffes.com\/wp-content\/uploads\/2025\/08\/defi-des-greffes-participants-1061-scaled.jpg 3000w\" sizes=\"(min-width: 2200px) 100vw, (min-width: 784px) 430px, (min-width: 712px) 645px, (min-width: 640px) 712px, \" \/><\/a><\/div><\/div><div style=\"padding:5px;\" class=\"fusion-grid-column fusion-gallery-column fusion-gallery-column-3\"><div class=\"fusion-gallery-image fusion-gallery-image-liftup\"><a href=\"https:\/\/maisondesgreffes.com\/wp-content\/uploads\/2025\/08\/defi-des-greffes-participants-166-scaled.jpg\" rel=\"noreferrer\" data-rel=\"iLightbox[gallery_image_1]\" class=\"fusion-lightbox\" target=\"_self\"><img decoding=\"async\" src=\"https:\/\/maisondesgreffes.com\/wp-content\/uploads\/2025\/08\/defi-des-greffes-participants-166-scaled.jpg\" width=\"3000\" height=\"2250\" alt=\"\" title=\"defi-des-greffes-participants-166\" aria-label=\"defi-des-greffes-participants-166\" class=\"img-responsive wp-image-15431 fusion-gallery-image-size-fixed\" srcset=\"https:\/\/maisondesgreffes.com\/wp-content\/uploads\/2025\/08\/defi-des-greffes-participants-166-200x150.jpg 200w, https:\/\/maisondesgreffes.com\/wp-content\/uploads\/2025\/08\/defi-des-greffes-participants-166-400x300.jpg 400w, https:\/\/maisondesgreffes.com\/wp-content\/uploads\/2025\/08\/defi-des-greffes-participants-166-600x450.jpg 600w, https:\/\/maisondesgreffes.com\/wp-content\/uploads\/2025\/08\/defi-des-greffes-participants-166-800x600.jpg 800w, https:\/\/maisondesgreffes.com\/wp-content\/uploads\/2025\/08\/defi-des-greffes-participants-166-1200x900.jpg 1200w, https:\/\/maisondesgreffes.com\/wp-content\/uploads\/2025\/08\/defi-des-greffes-participants-166-scaled.jpg 3000w\" sizes=\"(min-width: 2200px) 100vw, (min-width: 784px) 430px, (min-width: 712px) 645px, (min-width: 640px) 712px, \" \/><\/a><\/div><\/div><div style=\"padding:5px;\" class=\"fusion-grid-column fusion-gallery-column fusion-gallery-column-3\"><div class=\"fusion-gallery-image fusion-gallery-image-liftup\"><a href=\"https:\/\/maisondesgreffes.com\/wp-content\/uploads\/2025\/08\/defi-des-greffes-participants-31-scaled.jpg\" rel=\"noreferrer\" data-rel=\"iLightbox[gallery_image_1]\" class=\"fusion-lightbox\" target=\"_self\"><img decoding=\"async\" src=\"https:\/\/maisondesgreffes.com\/wp-content\/uploads\/2025\/08\/defi-des-greffes-participants-31-scaled.jpg\" width=\"3000\" height=\"2250\" alt=\"\" title=\"defi-des-greffes-participants-31\" aria-label=\"defi-des-greffes-participants-31\" class=\"img-responsive wp-image-15451 fusion-gallery-image-size-fixed\" srcset=\"https:\/\/maisondesgreffes.com\/wp-content\/uploads\/2025\/08\/defi-des-greffes-participants-31-200x150.jpg 200w, https:\/\/maisondesgreffes.com\/wp-content\/uploads\/2025\/08\/defi-des-greffes-participants-31-400x300.jpg 400w, https:\/\/maisondesgreffes.com\/wp-content\/uploads\/2025\/08\/defi-des-greffes-participants-31-600x450.jpg 600w, https:\/\/maisondesgreffes.com\/wp-content\/uploads\/2025\/08\/defi-des-greffes-participants-31-800x600.jpg 800w, https:\/\/maisondesgreffes.com\/wp-content\/uploads\/2025\/08\/defi-des-greffes-participants-31-1200x900.jpg 1200w, https:\/\/maisondesgreffes.com\/wp-content\/uploads\/2025\/08\/defi-des-greffes-participants-31-scaled.jpg 3000w\" sizes=\"(min-width: 2200px) 100vw, (min-width: 784px) 430px, (min-width: 712px) 645px, (min-width: 640px) 712px, \" \/><\/a><\/div><\/div><div class=\"clearfix\"><\/div><\/div><\/div>\n<\/div><\/div><div class=\"fusion-layout-column fusion_builder_column fusion-builder-column-23 fusion_builder_column_1_2 1_2 fusion-flex-column fusion-column-inner-bg-wrapper fusion-column-liftup-border\" style=\"--awb-inner-bg-size:cover;--awb-width-large:50%;--awb-margin-top-large:75px;--awb-spacing-right-large:4.75%;--awb-margin-bottom-large:20px;--awb-spacing-left-large:4.75%;--awb-width-medium:50%;--awb-order-medium:0;--awb-spacing-right-medium:4.75%;--awb-spacing-left-medium:4.75%;--awb-width-small:100%;--awb-order-small:0;--awb-spacing-right-small:2.375%;--awb-spacing-left-small:2.375%;\"><span class=\"fusion-column-inner-bg hover-type-liftup\"><span class=\"fusion-column-anchor\"><span class=\"fusion-column-inner-bg-image\"><\/span><\/span><\/span><div class=\"fusion-column-wrapper fusion-flex-justify-content-flex-start fusion-content-layout-column\"><div class=\"fusion-image-element \" style=\"text-align:center;--awb-max-width:600px;--awb-caption-title-font-family:var(--h2_typography-font-family);--awb-caption-title-font-weight:var(--h2_typography-font-weight);--awb-caption-title-font-style:var(--h2_typography-font-style);--awb-caption-title-size:var(--h2_typography-font-size);--awb-caption-title-transform:var(--h2_typography-text-transform);--awb-caption-title-line-height:var(--h2_typography-line-height);--awb-caption-title-letter-spacing:var(--h2_typography-letter-spacing);\"><span class=\" fusion-imageframe imageframe-none imageframe-8 hover-type-zoomin\"><img decoding=\"async\" width=\"3000\" height=\"2250\" alt=\"D\u00e9voilement du ch\u00e8que 19\u00e8me \u00e9dition \" title=\"defi-des-greffes-organisation-32\" src=\"https:\/\/maisondesgreffes.com\/wp-content\/uploads\/2025\/08\/defi-des-greffes-organisation-32-scaled.jpg\" class=\"img-responsive wp-image-15415\" srcset=\"https:\/\/maisondesgreffes.com\/wp-content\/uploads\/2025\/08\/defi-des-greffes-organisation-32-200x150.jpg 200w, https:\/\/maisondesgreffes.com\/wp-content\/uploads\/2025\/08\/defi-des-greffes-organisation-32-400x300.jpg 400w, https:\/\/maisondesgreffes.com\/wp-content\/uploads\/2025\/08\/defi-des-greffes-organisation-32-600x450.jpg 600w, https:\/\/maisondesgreffes.com\/wp-content\/uploads\/2025\/08\/defi-des-greffes-organisation-32-800x600.jpg 800w, https:\/\/maisondesgreffes.com\/wp-content\/uploads\/2025\/08\/defi-des-greffes-organisation-32-1200x900.jpg 1200w, https:\/\/maisondesgreffes.com\/wp-content\/uploads\/2025\/08\/defi-des-greffes-organisation-32-scaled.jpg 3000w\" sizes=\"(max-width: 700px) 100vw, 600px\" \/><\/span><\/div><\/div><\/div><\/div><\/div><div class=\"fusion-fullwidth fullwidth-box fusion-builder-row-14 fusion-flex-container has-pattern-background has-mask-background nonhundred-percent-fullwidth non-hundred-percent-height-scrolling\" style=\"--awb-border-radius-top-left:0px;--awb-border-radius-top-right:0px;--awb-border-radius-bottom-right:0px;--awb-border-radius-bottom-left:0px;--awb-padding-top:50px;--awb-padding-bottom:0px;--awb-margin-top:0px;--awb-margin-bottom:0px;--awb-background-color:var(--awb-color1);--awb-flex-wrap:wrap;\" ><div class=\"fusion-builder-row fusion-row fusion-flex-align-items-flex-start fusion-flex-content-wrap\" style=\"max-width:1365px;margin-left: calc(-5% \/ 2 );margin-right: calc(-5% \/ 2 );\"><div class=\"fusion-layout-column fusion_builder_column fusion-builder-column-24 fusion_builder_column_1_1 1_1 fusion-flex-column\" style=\"--awb-bg-size:cover;--awb-width-large:100%;--awb-margin-top-large:0px;--awb-spacing-right-large:2.375%;--awb-margin-bottom-large:20px;--awb-spacing-left-large:2.375%;--awb-width-medium:100%;--awb-order-medium:0;--awb-spacing-right-medium:2.375%;--awb-spacing-left-medium:2.375%;--awb-width-small:100%;--awb-order-small:0;--awb-spacing-right-small:2.375%;--awb-spacing-left-small:2.375%;\"><div class=\"fusion-column-wrapper fusion-column-has-shadow fusion-flex-justify-content-flex-start fusion-content-layout-column\"><div class=\"fusion-title title fusion-title-13 fusion-sep-none fusion-title-text fusion-title-size-one\" style=\"--awb-margin-top-small:10px;--awb-margin-right-small:0px;--awb-margin-bottom-small:10px;--awb-margin-left-small:0px;\"><h1 class=\"fusion-title-heading title-heading-left\" style=\"margin:0;\"><div style=\"text-align: center;\"><span style=\"font-size: 1em; background-color: rgba(0, 0, 0, 0);\">Give generously<\/span><\/div>\n<\/p>\n<div style=\"text-align: center;\"><span style=\"font-size: 1em; background-color: rgba(0, 0, 0, 0);\">so that life can continue<\/span><\/div><\/h1><\/div><\/div><\/div><div class=\"fusion-layout-column fusion_builder_column fusion-builder-column-25 fusion_builder_column_1_1 1_1 fusion-flex-column\" style=\"--awb-bg-size:cover;--awb-width-large:100%;--awb-margin-top-large:0px;--awb-spacing-right-large:2.375%;--awb-margin-bottom-large:20px;--awb-spacing-left-large:2.375%;--awb-width-medium:100%;--awb-order-medium:0;--awb-spacing-right-medium:2.375%;--awb-spacing-left-medium:2.375%;--awb-width-small:100%;--awb-order-small:0;--awb-spacing-right-small:2.375%;--awb-spacing-left-small:2.375%;\"><div class=\"fusion-column-wrapper fusion-column-has-shadow fusion-flex-justify-content-flex-start fusion-content-layout-column\"><div style=\"position: relative; overflow: hidden; width: 100%; padding-top: 120px;\"><iframe style=\"position: absolute; border: 0; top: 0; left: 0; bottom: 0; right: 0; width: 100%; height: 120px;\" title=\"Donation form powered by Zeffy\" src=\"https:\/\/www.zeffy.com\/embed\/thermometer\/defi-velo-de-la-maison-des-greffes-lina-cyr--2026\"><\/iframe><\/div><\/div><\/div><div class=\"fusion-layout-column fusion_builder_column fusion-builder-column-26 fusion_builder_column_1_1 1_1 fusion-flex-column\" style=\"--awb-bg-size:cover;--awb-width-large:100%;--awb-margin-top-large:0px;--awb-spacing-right-large:2.375%;--awb-margin-bottom-large:20px;--awb-spacing-left-large:2.375%;--awb-width-medium:100%;--awb-order-medium:0;--awb-spacing-right-medium:2.375%;--awb-spacing-left-medium:2.375%;--awb-width-small:100%;--awb-order-small:0;--awb-spacing-right-small:2.375%;--awb-spacing-left-small:2.375%;\"><div class=\"fusion-column-wrapper fusion-column-has-shadow fusion-flex-justify-content-flex-start fusion-content-layout-column\"><div style=\"position:relative;overflow:hidden;height:1200px;width:100%;\"><iframe title='Donation form powered by Zeffy' style='position: absolute; border: 0; top:0;left:0;bottom:0;right:0;width:100%;height:100%' src='https:\/\/www.zeffy.com\/en-CA\/peer-to-peer\/defi-velo-de-la-maison-des-greffes-lina-cyr--2026' allowpaymentrequest allowTransparency=\"true\"><\/iframe><\/div><\/div><\/div><\/div><\/div><\/p>\n","protected":false},"excerpt":{"rendered":"","protected":false},"author":2,"featured_media":15561,"parent":0,"menu_order":0,"comment_status":"closed","ping_status":"closed","template":"100-width.php","meta":{"footnotes":""},"class_list":["post-15588","page","type-page","status-publish","has-post-thumbnail","hentry"],"yoast_head":"<!-- This site is optimized with the Yoast SEO plugin v27.5 - https:\/\/yoast.com\/product\/yoast-seo-wordpress\/ -->\n<title>Maison des greff\u00e9s Lina Cyr Bike Challenge \u2014 20th edition - Maison des greff\u00e9s<\/title>\n<meta name=\"description\" content=\"The Maison des greff\u00e9s Lina Cyr Bike Challenge is back in force for its 20th anniversary on July 10 and 11, 2026. Join us from Beloeil to L\u00e9vis to make a difference in the lives of transplant recipients or those waiting for a transplant in an event that is as sporty as it is festive.\" \/>\n<meta name=\"robots\" content=\"index, follow, max-snippet:-1, max-image-preview:large, max-video-preview:-1\" \/>\n<link rel=\"canonical\" href=\"https:\/\/maisondesgreffes.com\/en\/le-defi-velo-de-la-maison-des-greffes-lina-cyr-20e-edition\/\" \/>\n<meta property=\"og:locale\" content=\"en_US\" \/>\n<meta property=\"og:type\" content=\"article\" \/>\n<meta property=\"og:title\" content=\"Maison des greff\u00e9s Lina Cyr Bike Challenge \u2014 20th edition - Maison des greff\u00e9s\" \/>\n<meta property=\"og:description\" content=\"The Maison des greff\u00e9s Lina Cyr Bike Challenge is back in force for its 20th anniversary on July 10 and 11, 2026. Join us from Beloeil to L\u00e9vis to make a difference in the lives of transplant recipients or those waiting for a transplant in an event that is as sporty as it is festive.\" \/>\n<meta property=\"og:url\" content=\"https:\/\/maisondesgreffes.com\/en\/le-defi-velo-de-la-maison-des-greffes-lina-cyr-20e-edition\/\" \/>\n<meta property=\"og:site_name\" content=\"Maison des greff\u00e9s\" \/>\n<meta property=\"article:modified_time\" content=\"2026-04-09T18:01:10+00:00\" \/>\n<meta property=\"og:image\" content=\"https:\/\/maisondesgreffes.com\/wp-content\/uploads\/2025\/09\/participants-defi-velo-scaled.jpg\" \/>\n\t<meta property=\"og:image:width\" content=\"3000\" \/>\n\t<meta property=\"og:image:height\" content=\"1577\" \/>\n\t<meta property=\"og:image:type\" content=\"image\/jpeg\" \/>\n<meta name=\"twitter:card\" content=\"summary_large_image\" \/>\n<meta name=\"twitter:label1\" content=\"Est. reading time\" \/>\n\t<meta name=\"twitter:data1\" content=\"78 minutes\" \/>\n<script type=\"application\/ld+json\" class=\"yoast-schema-graph\">{\"@context\":\"https:\\\/\\\/schema.org\",\"@graph\":[{\"@type\":\"WebPage\",\"@id\":\"https:\\\/\\\/maisondesgreffes.com\\\/en\\\/le-defi-velo-de-la-maison-des-greffes-lina-cyr-20e-edition\\\/\",\"url\":\"https:\\\/\\\/maisondesgreffes.com\\\/en\\\/le-defi-velo-de-la-maison-des-greffes-lina-cyr-20e-edition\\\/\",\"name\":\"Maison des greff\u00e9s Lina Cyr Bike Challenge \u2014 20th edition - Maison des greff\u00e9s\",\"isPartOf\":{\"@id\":\"https:\\\/\\\/maisondesgreffes.com\\\/en\\\/#website\"},\"primaryImageOfPage\":{\"@id\":\"https:\\\/\\\/maisondesgreffes.com\\\/en\\\/le-defi-velo-de-la-maison-des-greffes-lina-cyr-20e-edition\\\/#primaryimage\"},\"image\":{\"@id\":\"https:\\\/\\\/maisondesgreffes.com\\\/en\\\/le-defi-velo-de-la-maison-des-greffes-lina-cyr-20e-edition\\\/#primaryimage\"},\"thumbnailUrl\":\"https:\\\/\\\/maisondesgreffes.com\\\/wp-content\\\/uploads\\\/2025\\\/09\\\/participants-defi-velo-scaled.jpg\",\"datePublished\":\"2025-09-11T14:38:20+00:00\",\"dateModified\":\"2026-04-09T18:01:10+00:00\",\"description\":\"The Maison des greff\u00e9s Lina Cyr Bike Challenge is back in force for its 20th anniversary on July 10 and 11, 2026. Join us from Beloeil to L\u00e9vis to make a difference in the lives of transplant recipients or those waiting for a transplant in an event that is as sporty as it is festive.\",\"breadcrumb\":{\"@id\":\"https:\\\/\\\/maisondesgreffes.com\\\/en\\\/le-defi-velo-de-la-maison-des-greffes-lina-cyr-20e-edition\\\/#breadcrumb\"},\"inLanguage\":\"en-US\",\"potentialAction\":[{\"@type\":\"ReadAction\",\"target\":[\"https:\\\/\\\/maisondesgreffes.com\\\/en\\\/le-defi-velo-de-la-maison-des-greffes-lina-cyr-20e-edition\\\/\"]}]},{\"@type\":\"ImageObject\",\"inLanguage\":\"en-US\",\"@id\":\"https:\\\/\\\/maisondesgreffes.com\\\/en\\\/le-defi-velo-de-la-maison-des-greffes-lina-cyr-20e-edition\\\/#primaryimage\",\"url\":\"https:\\\/\\\/maisondesgreffes.com\\\/wp-content\\\/uploads\\\/2025\\\/09\\\/participants-defi-velo-scaled.jpg\",\"contentUrl\":\"https:\\\/\\\/maisondesgreffes.com\\\/wp-content\\\/uploads\\\/2025\\\/09\\\/participants-defi-velo-scaled.jpg\",\"width\":3000,\"height\":1577},{\"@type\":\"BreadcrumbList\",\"@id\":\"https:\\\/\\\/maisondesgreffes.com\\\/en\\\/le-defi-velo-de-la-maison-des-greffes-lina-cyr-20e-edition\\\/#breadcrumb\",\"itemListElement\":[{\"@type\":\"ListItem\",\"position\":1,\"name\":\"Accueil\",\"item\":\"https:\\\/\\\/maisondesgreffes.com\\\/en\\\/\"},{\"@type\":\"ListItem\",\"position\":2,\"name\":\"Maison des greff\u00e9s Lina Cyr Bike Challenge \u2014 20th edition\"}]},{\"@type\":\"WebSite\",\"@id\":\"https:\\\/\\\/maisondesgreffes.com\\\/en\\\/#website\",\"url\":\"https:\\\/\\\/maisondesgreffes.com\\\/en\\\/\",\"name\":\"Maison des greff\u00e9s\",\"description\":\"H\u00e9bergement pour les personnes en attente d&#039;une greffe\",\"potentialAction\":[{\"@type\":\"SearchAction\",\"target\":{\"@type\":\"EntryPoint\",\"urlTemplate\":\"https:\\\/\\\/maisondesgreffes.com\\\/en\\\/?s={search_term_string}\"},\"query-input\":{\"@type\":\"PropertyValueSpecification\",\"valueRequired\":true,\"valueName\":\"search_term_string\"}}],\"inLanguage\":\"en-US\"}]}<\/script>\n<!-- \/ Yoast SEO plugin. -->","yoast_head_json":{"title":"Maison des greff\u00e9s Lina Cyr Bike Challenge \u2014 20th edition - Maison des greff\u00e9s","description":"The Maison des greff\u00e9s Lina Cyr Bike Challenge is back in force for its 20th anniversary on July 10 and 11, 2026. Join us from Beloeil to L\u00e9vis to make a difference in the lives of transplant recipients or those waiting for a transplant in an event that is as sporty as it is festive.","robots":{"index":"index","follow":"follow","max-snippet":"max-snippet:-1","max-image-preview":"max-image-preview:large","max-video-preview":"max-video-preview:-1"},"canonical":"https:\/\/maisondesgreffes.com\/en\/le-defi-velo-de-la-maison-des-greffes-lina-cyr-20e-edition\/","og_locale":"en_US","og_type":"article","og_title":"Maison des greff\u00e9s Lina Cyr Bike Challenge \u2014 20th edition - Maison des greff\u00e9s","og_description":"The Maison des greff\u00e9s Lina Cyr Bike Challenge is back in force for its 20th anniversary on July 10 and 11, 2026. Join us from Beloeil to L\u00e9vis to make a difference in the lives of transplant recipients or those waiting for a transplant in an event that is as sporty as it is festive.","og_url":"https:\/\/maisondesgreffes.com\/en\/le-defi-velo-de-la-maison-des-greffes-lina-cyr-20e-edition\/","og_site_name":"Maison des greff\u00e9s","article_modified_time":"2026-04-09T18:01:10+00:00","og_image":[{"width":3000,"height":1577,"url":"https:\/\/maisondesgreffes.com\/wp-content\/uploads\/2025\/09\/participants-defi-velo-scaled.jpg","type":"image\/jpeg"}],"twitter_card":"summary_large_image","twitter_misc":{"Est. reading time":"78 minutes"},"schema":{"@context":"https:\/\/schema.org","@graph":[{"@type":"WebPage","@id":"https:\/\/maisondesgreffes.com\/en\/le-defi-velo-de-la-maison-des-greffes-lina-cyr-20e-edition\/","url":"https:\/\/maisondesgreffes.com\/en\/le-defi-velo-de-la-maison-des-greffes-lina-cyr-20e-edition\/","name":"Maison des greff\u00e9s Lina Cyr Bike Challenge \u2014 20th edition - Maison des greff\u00e9s","isPartOf":{"@id":"https:\/\/maisondesgreffes.com\/en\/#website"},"primaryImageOfPage":{"@id":"https:\/\/maisondesgreffes.com\/en\/le-defi-velo-de-la-maison-des-greffes-lina-cyr-20e-edition\/#primaryimage"},"image":{"@id":"https:\/\/maisondesgreffes.com\/en\/le-defi-velo-de-la-maison-des-greffes-lina-cyr-20e-edition\/#primaryimage"},"thumbnailUrl":"https:\/\/maisondesgreffes.com\/wp-content\/uploads\/2025\/09\/participants-defi-velo-scaled.jpg","datePublished":"2025-09-11T14:38:20+00:00","dateModified":"2026-04-09T18:01:10+00:00","description":"The Maison des greff\u00e9s Lina Cyr Bike Challenge is back in force for its 20th anniversary on July 10 and 11, 2026. Join us from Beloeil to L\u00e9vis to make a difference in the lives of transplant recipients or those waiting for a transplant in an event that is as sporty as it is festive.","breadcrumb":{"@id":"https:\/\/maisondesgreffes.com\/en\/le-defi-velo-de-la-maison-des-greffes-lina-cyr-20e-edition\/#breadcrumb"},"inLanguage":"en-US","potentialAction":[{"@type":"ReadAction","target":["https:\/\/maisondesgreffes.com\/en\/le-defi-velo-de-la-maison-des-greffes-lina-cyr-20e-edition\/"]}]},{"@type":"ImageObject","inLanguage":"en-US","@id":"https:\/\/maisondesgreffes.com\/en\/le-defi-velo-de-la-maison-des-greffes-lina-cyr-20e-edition\/#primaryimage","url":"https:\/\/maisondesgreffes.com\/wp-content\/uploads\/2025\/09\/participants-defi-velo-scaled.jpg","contentUrl":"https:\/\/maisondesgreffes.com\/wp-content\/uploads\/2025\/09\/participants-defi-velo-scaled.jpg","width":3000,"height":1577},{"@type":"BreadcrumbList","@id":"https:\/\/maisondesgreffes.com\/en\/le-defi-velo-de-la-maison-des-greffes-lina-cyr-20e-edition\/#breadcrumb","itemListElement":[{"@type":"ListItem","position":1,"name":"Accueil","item":"https:\/\/maisondesgreffes.com\/en\/"},{"@type":"ListItem","position":2,"name":"Maison des greff\u00e9s Lina Cyr Bike Challenge \u2014 20th edition"}]},{"@type":"WebSite","@id":"https:\/\/maisondesgreffes.com\/en\/#website","url":"https:\/\/maisondesgreffes.com\/en\/","name":"Maison des greff\u00e9s","description":"H\u00e9bergement pour les personnes en attente d&#039;une greffe","potentialAction":[{"@type":"SearchAction","target":{"@type":"EntryPoint","urlTemplate":"https:\/\/maisondesgreffes.com\/en\/?s={search_term_string}"},"query-input":{"@type":"PropertyValueSpecification","valueRequired":true,"valueName":"search_term_string"}}],"inLanguage":"en-US"}]}},"_links":{"self":[{"href":"https:\/\/maisondesgreffes.com\/en\/wp-json\/wp\/v2\/pages\/15588","targetHints":{"allow":["GET"]}}],"collection":[{"href":"https:\/\/maisondesgreffes.com\/en\/wp-json\/wp\/v2\/pages"}],"about":[{"href":"https:\/\/maisondesgreffes.com\/en\/wp-json\/wp\/v2\/types\/page"}],"author":[{"embeddable":true,"href":"https:\/\/maisondesgreffes.com\/en\/wp-json\/wp\/v2\/users\/2"}],"replies":[{"embeddable":true,"href":"https:\/\/maisondesgreffes.com\/en\/wp-json\/wp\/v2\/comments?post=15588"}],"version-history":[{"count":67,"href":"https:\/\/maisondesgreffes.com\/en\/wp-json\/wp\/v2\/pages\/15588\/revisions"}],"predecessor-version":[{"id":17139,"href":"https:\/\/maisondesgreffes.com\/en\/wp-json\/wp\/v2\/pages\/15588\/revisions\/17139"}],"wp:featuredmedia":[{"embeddable":true,"href":"https:\/\/maisondesgreffes.com\/en\/wp-json\/wp\/v2\/media\/15561"}],"wp:attachment":[{"href":"https:\/\/maisondesgreffes.com\/en\/wp-json\/wp\/v2\/media?parent=15588"}],"curies":[{"name":"wp","href":"https:\/\/api.w.org\/{rel}","templated":true}]}}