{"id":3448,"date":"2021-04-13T14:40:07","date_gmt":"2021-04-13T18:40:07","guid":{"rendered":"https:\/\/greffe.agenceanicca.com\/news\/"},"modified":"2026-04-28T14:38:13","modified_gmt":"2026-04-28T18:38:13","slug":"news","status":"publish","type":"page","link":"https:\/\/maisondesgreffes.com\/en\/news\/","title":{"rendered":"News"},"content":{"rendered":"<p><div class=\"fusion-fullwidth fullwidth-box fusion-builder-row-1 fusion-flex-container has-pattern-background has-mask-background nonhundred-percent-fullwidth non-hundred-percent-height-scrolling\" style=\"--awb-border-radius-top-left:0px;--awb-border-radius-top-right:0px;--awb-border-radius-bottom-right:0px;--awb-border-radius-bottom-left:0px;--awb-flex-wrap:wrap;\" ><div class=\"fusion-builder-row fusion-row fusion-flex-align-items-flex-start fusion-flex-content-wrap\" style=\"max-width:1365px;margin-left: calc(-5% \/ 2 );margin-right: calc(-5% \/ 2 );\"><div class=\"fusion-layout-column fusion_builder_column fusion-builder-column-0 fusion_builder_column_1_1 1_1 fusion-flex-column\" style=\"--awb-bg-size:cover;--awb-width-large:100%;--awb-margin-top-large:0px;--awb-spacing-right-large:2.375%;--awb-margin-bottom-large:20px;--awb-spacing-left-large:2.375%;--awb-width-medium:100%;--awb-order-medium:0;--awb-spacing-right-medium:2.375%;--awb-spacing-left-medium:2.375%;--awb-width-small:100%;--awb-order-small:0;--awb-spacing-right-small:2.375%;--awb-spacing-left-small:2.375%;\"><div class=\"fusion-column-wrapper fusion-column-has-shadow fusion-flex-justify-content-flex-start fusion-content-layout-column\"><div class=\"fusion-text fusion-text-1\"><h1 style=\"text-align: center;\">News<\/h1>\n<\/div><\/div><\/div><div class=\"fusion-layout-column fusion_builder_column fusion-builder-column-1 fusion_builder_column_1_1 1_1 fusion-flex-column\" style=\"--awb-bg-size:cover;--awb-width-large:100%;--awb-margin-top-large:0px;--awb-spacing-right-large:2.375%;--awb-margin-bottom-large:20px;--awb-spacing-left-large:2.375%;--awb-width-medium:100%;--awb-order-medium:0;--awb-spacing-right-medium:2.375%;--awb-spacing-left-medium:2.375%;--awb-width-small:100%;--awb-order-small:0;--awb-spacing-right-small:2.375%;--awb-spacing-left-small:2.375%;\"><div class=\"fusion-column-wrapper fusion-column-has-shadow fusion-flex-justify-content-flex-start fusion-content-layout-column\"><div class=\"fusion-image-element \" style=\"text-align:right;--awb-caption-title-font-family:var(--h2_typography-font-family);--awb-caption-title-font-weight:var(--h2_typography-font-weight);--awb-caption-title-font-style:var(--h2_typography-font-style);--awb-caption-title-size:var(--h2_typography-font-size);--awb-caption-title-transform:var(--h2_typography-text-transform);--awb-caption-title-line-height:var(--h2_typography-line-height);--awb-caption-title-letter-spacing:var(--h2_typography-letter-spacing);\"><span class=\" fusion-imageframe imageframe-none imageframe-1 hover-type-none\"><img decoding=\"async\" width=\"300\" height=\"133\" title=\"logo-ok-2023\" src=\"https:\/\/maisondesgreffes.com\/wp-content\/uploads\/2023\/01\/logo-ok-2023-300x133.png\" alt class=\"img-responsive wp-image-8840\" srcset=\"https:\/\/maisondesgreffes.com\/wp-content\/uploads\/2023\/01\/logo-ok-2023-200x89.png 200w, https:\/\/maisondesgreffes.com\/wp-content\/uploads\/2023\/01\/logo-ok-2023-400x178.png 400w, https:\/\/maisondesgreffes.com\/wp-content\/uploads\/2023\/01\/logo-ok-2023-600x266.png 600w, https:\/\/maisondesgreffes.com\/wp-content\/uploads\/2023\/01\/logo-ok-2023-800x355.png 800w, https:\/\/maisondesgreffes.com\/wp-content\/uploads\/2023\/01\/logo-ok-2023.png 1192w\" sizes=\"(max-width: 700px) 100vw, 300px\" \/><\/span><\/div><div class=\"fusion-text fusion-text-2\"><h3>Radio-Canada Abitibi meets one of our residents<\/h3>\n<p>Alexandre Perreault, a resident of the Maison des greff\u00e9s, was invited by Radio-Canada Abitibi to share a moving testimonial in support of our organization as part of our emergency fundraising campaign. The Rouyn-Noranda native understands the importance of our mission and chose to promote it so that life can go on&#8230;<\/p>\n<p>Visit the following link to read the article published on April 24 on the Radio-Canada website: <a href=\"https:\/\/ici.radio-canada.ca\/nouvelle\/2248555\/greffe-maison-lyna-cyr-maison\">https:\/\/ici.radio-canada.ca\/nouvelle\/2248555\/greffe-maison-lyna-cyr-maison<\/a><\/p>\n<\/div><div class=\"fusion-section-separator section-separator triangle fusion-section-separator-1\" style=\"--awb-border-top:1px solid #e2e2e2;--awb-spacer-height:1px;--awb-svg-margin-left:2.375%;--awb-svg-margin-right:2.375%;--awb-svg-margin-left-medium:2.375%;--awb-svg-margin-right-medium:2.375%;--awb-svg-margin-left-small:2.375%;--awb-svg-margin-right-small:2.375%;--awb-icon-color:#ffffff;\"><div class=\"fusion-section-separator-svg\"><div class=\"divider-candy-arrow top\" style=\"bottom:0px;border-bottom-color: #f9f9fb;\"><\/div><div class=\"divider-candy top\" style=\"top:-21px;border-bottom:1px solid #e2e2e2;border-left:1px solid #e2e2e2;\"><\/div><\/div><div class=\"fusion-section-separator-spacer\"><div class=\"fusion-section-separator-spacer-height\"><\/div><\/div><\/div><\/div><\/div><div class=\"fusion-layout-column fusion_builder_column fusion-builder-column-2 fusion_builder_column_1_1 1_1 fusion-flex-column\" style=\"--awb-bg-size:cover;--awb-width-large:100%;--awb-margin-top-large:0px;--awb-spacing-right-large:2.375%;--awb-margin-bottom-large:20px;--awb-spacing-left-large:2.375%;--awb-width-medium:100%;--awb-order-medium:0;--awb-spacing-right-medium:2.375%;--awb-spacing-left-medium:2.375%;--awb-width-small:100%;--awb-order-small:0;--awb-spacing-right-small:2.375%;--awb-spacing-left-small:2.375%;\"><div class=\"fusion-column-wrapper fusion-column-has-shadow fusion-flex-justify-content-flex-start fusion-content-layout-column\"><div class=\"fusion-image-element \" style=\"text-align:right;--awb-caption-title-font-family:var(--h2_typography-font-family);--awb-caption-title-font-weight:var(--h2_typography-font-weight);--awb-caption-title-font-style:var(--h2_typography-font-style);--awb-caption-title-size:var(--h2_typography-font-size);--awb-caption-title-transform:var(--h2_typography-text-transform);--awb-caption-title-line-height:var(--h2_typography-line-height);--awb-caption-title-letter-spacing:var(--h2_typography-letter-spacing);\"><span class=\" fusion-imageframe imageframe-none imageframe-2 hover-type-none\"><img decoding=\"async\" width=\"300\" height=\"134\" title=\"logo-menu-wp-1-copie\" src=\"https:\/\/maisondesgreffes.com\/wp-content\/uploads\/2023\/02\/logo-menu-wp-1-copie-300x134.png\" alt class=\"img-responsive wp-image-10124\" srcset=\"https:\/\/maisondesgreffes.com\/wp-content\/uploads\/2023\/02\/logo-menu-wp-1-copie-200x89.png 200w, https:\/\/maisondesgreffes.com\/wp-content\/uploads\/2023\/02\/logo-menu-wp-1-copie-400x178.png 400w, https:\/\/maisondesgreffes.com\/wp-content\/uploads\/2023\/02\/logo-menu-wp-1-copie.png 500w\" sizes=\"(max-width: 700px) 100vw, 300px\" \/><\/span><\/div><div class=\"fusion-text fusion-text-3\"><h3>Open Letter for the Survival of the Maison des greff\u00e9s Lina Cyr<\/h3>\n<p><b>A Vital Link Under Threat<\/b><\/p>\n<p>Take a moment to imagine this.<\/p>\n<p>You live in a remote region. You\u2019ve been waiting for a transplant for months, sometimes years. Then one day, the call comes \u2014 the one that can change everything.<\/p>\n<p>But before you even enter the operating room, another challenge arises: getting to Montreal. Not for a night or two. For weeks. Sometimes months.<\/p>\n<p>During National Organ and Tissue Donation Awareness Week, we rightly highlight the importance of donation \u2014 that extraordinary act that saves lives. But we talk less about everything that makes that act possible. Everything required for a transplant to truly succeed.<\/p>\n<p>Because behind every successful transplant is a complex, fragile, deeply human chain of care. And like any chain, it is only as strong as its weakest link.<\/p>\n<p>Today, one of those links is under threat: the Maison des greff\u00e9s Lina Cyr.<\/p>\n<p>Each year, more than 2,500 patients from across Quebec must travel to Montreal for a transplant. Before surgery, they need to stay close to the hospital for one to two weeks. Afterward, follow-up care is frequent \u2014 sometimes several times a week \u2014 over a period of one to three months.<\/p>\n<p>For these often exhausted and immunocompromised individuals, having a place to stay near the hospital is not a minor detail. It is essential to the success of their recovery. It also allows them to leave the hospital sooner and regain some breathing room outside a strictly medical setting.<\/p>\n<p>Let\u2019s be clear: the Maison des greff\u00e9s is not just a roof.<\/p>\n<p>It is a lifeline.<\/p>\n<p>At $35 per night, it provides accessible, humane accommodation where patients can rest between appointments, catch their breath, and regain a sense of normalcy. It helps prevent unnecessary hospitalizations or unsuitable hotel stays, while generating significant savings for the healthcare system \u2014 up to $8,500 per day, per patient.<\/p>\n<p>Above all, it allows transplant recipients to go through this ordeal with dignity.<\/p>\n<p>And yet today, the long-term viability of this essential resource is under threat.<\/p>\n<p>The Maison is housed in a heritage building that now requires major renovations. Unexpected structural constraints have driven costs up to $2.8 million. Despite rigorous management. Despite initial government support \u2014 which deserves recognition. The reality is simple: the situation now exceeds the organization\u2019s capacity.<\/p>\n<p>Without a rapid solution, its future is at serious risk.<\/p>\n<p>The consequences would be immediate: patients forced to extend hospital stays, others left to juggle temporary, costly, and sometimes unworkable alternatives. Added strain on an already overburdened healthcare system. And ultimately, compromised care pathways.<\/p>\n<p>In recent months, Quebec has become more aware of how delicate the transplant system truly is. Thanks to strong mobilization, some gains have been protected. But the threat we face today is quieter \u2014 and just as concerning.<\/p>\n<p>Organ donation is not limited to a medical act. It relies on an entire ecosystem: healthcare teams, loved ones, and community-based resources that support patients long after surgery. The Maison des greff\u00e9s is one of these quiet pillars.<\/p>\n<p>Protecting it means ensuring that every donation can truly become a life saved.<\/p>\n<p>At a time when we celebrate the solidarity and generosity behind organ donation, it is urgent to safeguard the resources that make this gift possible.<\/p>\n<p>Because a chain only holds if every link holds too.<\/p>\n<p><i>Martine Bouchard, President and Chief Executive Officer, Transplant Qu\u00e9bec<\/i><\/p>\n<p><i>Richard Tremblay, President, Canadian Organ Donation Association<\/i><\/p>\n<p><i>Dr. Michel Lallier, Pediatric Surgeon, Sainte-Justine Hospital; Living Donor Kidney Transplant Surgeon, CHUM<\/i><\/p>\n<p><i>Dr. Charles Poirier, Medical Director, Lung Transplant Program, CHUM<\/i><\/p>\n<p><i>Julie Lemire, Liver Transplant Recipient (Abitibi\u2013T\u00e9miscamingue)<\/i><\/p>\n<p><i>L\u00e9o Basile, Awaiting a Lung Transplant (C\u00f4te-Nord)<\/i><\/p>\n<p><i>M\u00e9lanie Mollen, Caregiver to a Person Awaiting a Lung Transplant (C\u00f4te-Nord)<\/i><\/p>\n<p><i>Daniel St-Onge, Kidney Transplant Recipient (Mauricie)<\/i><\/p>\n<p><i>Doris St-Onge, Caregiver to a Kidney Transplant Recipient (Mauricie)<\/i><\/p>\n<p><i>R\u00e9jeanne Mallette, Lung Transplant Recipient (Outaouais)<\/i><\/p>\n<p><i>Alexandre Perreault, Kidney Transplant Recipient (Abitibi\u2013T\u00e9miscamingue)<\/i><\/p>\n<p><i>Dale Wormsley, Liver Transplant Recipient (Abitibi\u2013T\u00e9miscamingue)<\/i><\/p>\n<p><i>Patrice Dionne, Heart and Liver Transplant Recipient (Qu\u00e9bec)<\/i><\/p>\n<p>The letter was published on Tuesday April 21 2026 by the<b style=\"\"> Journal de Montr\u00e9al <\/b>and on their website: <i> <\/i><span style=\"background-color: rgba(0, 0, 0, 0);\"><a href=\"https:\/\/www.journaldemontreal.com\/2026\/04\/21\/la-maison-des-greffes-un-maillon-vital-menace\">https:\/\/www.journaldemontreal.com\/2026\/04\/21\/la-maison-des-greffes-un-maillon-vital-menace<\/a><\/span><\/p>\n<\/div><div class=\"fusion-section-separator section-separator triangle fusion-section-separator-2\" style=\"--awb-border-top:1px solid #e2e2e2;--awb-spacer-height:1px;--awb-svg-margin-left:2.375%;--awb-svg-margin-right:2.375%;--awb-svg-margin-left-medium:2.375%;--awb-svg-margin-right-medium:2.375%;--awb-svg-margin-left-small:2.375%;--awb-svg-margin-right-small:2.375%;--awb-icon-color:#ffffff;\"><div class=\"fusion-section-separator-svg\"><div class=\"divider-candy-arrow top\" style=\"bottom:0px;border-bottom-color: #f9f9fb;\"><\/div><div class=\"divider-candy top\" style=\"top:-21px;border-bottom:1px solid #e2e2e2;border-left:1px solid #e2e2e2;\"><\/div><\/div><div class=\"fusion-section-separator-spacer\"><div class=\"fusion-section-separator-spacer-height\"><\/div><\/div><\/div><\/div><\/div><div class=\"fusion-layout-column fusion_builder_column fusion-builder-column-3 fusion_builder_column_1_1 1_1 fusion-flex-column\" style=\"--awb-bg-size:cover;--awb-width-large:100%;--awb-margin-top-large:0px;--awb-spacing-right-large:2.375%;--awb-margin-bottom-large:20px;--awb-spacing-left-large:2.375%;--awb-width-medium:100%;--awb-order-medium:0;--awb-spacing-right-medium:2.375%;--awb-spacing-left-medium:2.375%;--awb-width-small:100%;--awb-order-small:0;--awb-spacing-right-small:2.375%;--awb-spacing-left-small:2.375%;\"><div class=\"fusion-column-wrapper fusion-column-has-shadow fusion-flex-justify-content-flex-start fusion-content-layout-column\"><div class=\"fusion-image-element \" style=\"text-align:right;--awb-caption-title-font-family:var(--h2_typography-font-family);--awb-caption-title-font-weight:var(--h2_typography-font-weight);--awb-caption-title-font-style:var(--h2_typography-font-style);--awb-caption-title-size:var(--h2_typography-font-size);--awb-caption-title-transform:var(--h2_typography-text-transform);--awb-caption-title-line-height:var(--h2_typography-line-height);--awb-caption-title-letter-spacing:var(--h2_typography-letter-spacing);\"><span class=\" fusion-imageframe imageframe-none imageframe-3 hover-type-none\"><img decoding=\"async\" width=\"300\" height=\"133\" title=\"logo-ok-2023\" src=\"https:\/\/maisondesgreffes.com\/wp-content\/uploads\/2023\/01\/logo-ok-2023-300x133.png\" alt class=\"img-responsive wp-image-8840\" srcset=\"https:\/\/maisondesgreffes.com\/wp-content\/uploads\/2023\/01\/logo-ok-2023-200x89.png 200w, https:\/\/maisondesgreffes.com\/wp-content\/uploads\/2023\/01\/logo-ok-2023-400x178.png 400w, https:\/\/maisondesgreffes.com\/wp-content\/uploads\/2023\/01\/logo-ok-2023-600x266.png 600w, https:\/\/maisondesgreffes.com\/wp-content\/uploads\/2023\/01\/logo-ok-2023-800x355.png 800w, https:\/\/maisondesgreffes.com\/wp-content\/uploads\/2023\/01\/logo-ok-2023.png 1192w\" sizes=\"(max-width: 700px) 100vw, 300px\" \/><\/span><\/div><div class=\"fusion-text fusion-text-4\"><h3>A call for help<\/h3>\n<p>An article was published by the Journal de Montr\u00e9al on December 18th of 2025 to highlight an interview with Mme Micheline Cyr Asselin concerning our emergency fundraising campain. You wan read the full article by following the link below: <br \/><a href=\"https:\/\/www.journaldequebec.com\/2025\/12\/25\/ca-me-creve-le-coeur--la-maison-des-greffes-menacee-de-fermeture-en-raison-de-travaux\">https:\/\/www.journaldequebec.com\/2025\/12\/25\/ca-me-creve-le-coeur&#8211;la-maison-des-greffes-menacee-de-fermeture-en-raison-de-travaux<\/a><\/p>\n<\/div><div class=\"fusion-section-separator section-separator triangle fusion-section-separator-3\" style=\"--awb-border-top:1px solid #e2e2e2;--awb-spacer-height:1px;--awb-svg-margin-left:2.375%;--awb-svg-margin-right:2.375%;--awb-svg-margin-left-medium:2.375%;--awb-svg-margin-right-medium:2.375%;--awb-svg-margin-left-small:2.375%;--awb-svg-margin-right-small:2.375%;--awb-icon-color:#ffffff;\"><div class=\"fusion-section-separator-svg\"><div class=\"divider-candy-arrow top\" style=\"bottom:0px;border-bottom-color: #f9f9fb;\"><\/div><div class=\"divider-candy top\" style=\"top:-21px;border-bottom:1px solid #e2e2e2;border-left:1px solid #e2e2e2;\"><\/div><\/div><div class=\"fusion-section-separator-spacer\"><div class=\"fusion-section-separator-spacer-height\"><\/div><\/div><\/div><div class=\"fusion-separator fusion-full-width-sep\" style=\"align-self: center;margin-left: auto;margin-right: auto;width:100%;\"><\/div><div class=\"fusion-separator fusion-full-width-sep\" style=\"align-self: center;margin-left: auto;margin-right: auto;width:100%;\"><\/div><\/div><\/div><\/div><\/div><div class=\"fusion-fullwidth fullwidth-box fusion-builder-row-2 fusion-flex-container has-pattern-background has-mask-background nonhundred-percent-fullwidth non-hundred-percent-height-scrolling\" style=\"--awb-border-radius-top-left:0px;--awb-border-radius-top-right:0px;--awb-border-radius-bottom-right:0px;--awb-border-radius-bottom-left:0px;--awb-flex-wrap:wrap;\" ><div class=\"fusion-builder-row fusion-row fusion-flex-align-items-flex-start fusion-flex-content-wrap\" style=\"max-width:1365px;margin-left: calc(-5% \/ 2 );margin-right: calc(-5% \/ 2 );\"><\/div><\/div><div class=\"fusion-fullwidth fullwidth-box fusion-builder-row-3 fusion-flex-container nonhundred-percent-fullwidth non-hundred-percent-height-scrolling fusion-no-medium-visibility\" style=\"--awb-border-radius-top-left:0px;--awb-border-radius-top-right:0px;--awb-border-radius-bottom-right:0px;--awb-border-radius-bottom-left:0px;--awb-padding-top:30px;--awb-margin-top:1px;--awb-flex-wrap:wrap;\" ><div class=\"fusion-builder-row fusion-row fusion-flex-align-items-flex-start fusion-flex-content-wrap\" style=\"max-width:1365px;margin-left: calc(-5% \/ 2 );margin-right: calc(-5% \/ 2 );\"><div class=\"fusion-layout-column fusion_builder_column fusion-builder-column-4 fusion_builder_column_1_1 1_1 fusion-flex-column\" style=\"--awb-bg-size:cover;--awb-width-large:100%;--awb-margin-top-large:0px;--awb-spacing-right-large:2.375%;--awb-margin-bottom-large:0px;--awb-spacing-left-large:2.375%;--awb-width-medium:100%;--awb-spacing-right-medium:2.375%;--awb-spacing-left-medium:2.375%;--awb-width-small:100%;--awb-spacing-right-small:2.375%;--awb-spacing-left-small:2.375%;\"><div class=\"fusion-column-wrapper fusion-column-has-shadow fusion-flex-justify-content-flex-start fusion-content-layout-column\"><div class=\"fusion-blog-shortcode fusion-blog-shortcode-1 fusion-blog-archive fusion-blog-layout-grid-wrapper fusion-blog-infinite\"><style type=\"text\/css\">.fusion-blog-shortcode-1 .fusion-blog-layout-grid .fusion-post-grid{padding:20px;}.fusion-blog-shortcode-1 .fusion-posts-container{margin-left: -20px !important; margin-right:-20px !important;}<\/style><div class=\"fusion-posts-container fusion-posts-container-infinite fusion-blog-rollover fusion-blog-layout-grid fusion-blog-layout-grid-3 isotope fusion-blog-layout-masonry\" data-pages=\"3\" data-grid-col-space=\"40\" style=\"margin: -20px -20px 0;min-height:500px;\"><article class=\"fusion-post-grid fusion-post-masonry post fusion-grid-sizer\"><\/article><article id=\"blog-1-post-15270\" class=\"fusion-post-masonry fusion-post-grid fusion-element-landscape fusion-element-portrait post-15270 post type-post status-publish format-standard has-post-thumbnail hentry category-stephane-dans-les-medias-en\">\n<div class=\"fusion-post-wrapper fusion-masonary-is-transparent \" style=\"background-color:rgba(255,255,255,1);border:none;\"><div  class=\"fusion-masonry-element-container fusion-image-wrapper\" style=\"background-image:url(https:\/\/maisondesgreffes.com\/wp-content\/uploads\/2025\/07\/261a0512-1.jpg);padding-top:calc((100% + 40px) * 0.8);\" aria-haspopup=\"true\">\n\t\t\t\t<img decoding=\"async\" width=\"2880\" height=\"1920\" src=\"https:\/\/maisondesgreffes.com\/wp-content\/uploads\/2025\/07\/261a0512-1.jpg\" class=\"attachment-full size-full wp-post-image\" alt=\"St\u00e9phane H\u00e9bert \u00e0 son arriv\u00e9e \u00e0 Montr\u00e9al\" srcset=\"https:\/\/maisondesgreffes.com\/wp-content\/uploads\/2025\/07\/261a0512-1-200x133.jpg 200w, https:\/\/maisondesgreffes.com\/wp-content\/uploads\/2025\/07\/261a0512-1-400x267.jpg 400w, https:\/\/maisondesgreffes.com\/wp-content\/uploads\/2025\/07\/261a0512-1-600x400.jpg 600w, https:\/\/maisondesgreffes.com\/wp-content\/uploads\/2025\/07\/261a0512-1-800x533.jpg 800w, https:\/\/maisondesgreffes.com\/wp-content\/uploads\/2025\/07\/261a0512-1-1200x800.jpg 1200w, https:\/\/maisondesgreffes.com\/wp-content\/uploads\/2025\/07\/261a0512-1.jpg 2880w\" sizes=\"(min-width: 2200px) 100vw, (min-width: 640px) 1300px, \" \/><div class=\"fusion-rollover\">\n\t<div class=\"fusion-rollover-content\">\n\n\t\t\t\t\n\t\t\n\t\t\t\t\t\t\t\t\t\t\t\t<h4 class=\"fusion-rollover-title\">\n\t\t\t\t\t<a class=\"fusion-rollover-title-link\" href=\"https:\/\/maisondesgreffes.com\/en\/2025\/07\/29\/stephane-hebert-cycling-across-the-country-to-raise-awareness-about-organ-donation\/\">\n\t\t\t\t\t\tSt\u00e9phane H\u00e9bert: Cycling Across the Country to Raise Awareness About Organ Donation\t\t\t\t\t<\/a>\n\t\t\t\t<\/h4>\n\t\t\t\n\t\t\t\t\t\t\t\t\t\t<div class=\"fusion-rollover-categories\"><a href=\"https:\/\/maisondesgreffes.com\/en\/category\/stephane-dans-les-medias-en\/\" rel=\"tag\">St\u00e9phane dans les m\u00e9dias<\/a><\/div>\t\t\t\t\t\n\t\t\n\t\t\t\t\t\t<a class=\"fusion-link-wrapper\" href=\"https:\/\/maisondesgreffes.com\/en\/2025\/07\/29\/stephane-hebert-cycling-across-the-country-to-raise-awareness-about-organ-donation\/\" aria-label=\"St\u00e9phane H\u00e9bert: Cycling Across the Country to Raise Awareness About Organ Donation\"><\/a>\n\t<\/div>\n<\/div>\n<\/div>\n<div class=\"fusion-post-content-wrapper\" style=\"padding:30px 25px 25px 25px;background-color:rgba(255,255,255,1);\"><div class=\"fusion-post-content post-content\"><h2 class=\"blog-shortcode-post-title entry-title\"><a href=\"https:\/\/maisondesgreffes.com\/en\/2025\/07\/29\/stephane-hebert-cycling-across-the-country-to-raise-awareness-about-organ-donation\/\">St\u00e9phane H\u00e9bert: Cycling Across the Country to Raise Awareness About Organ Donation<\/a><\/h2><p class=\"fusion-single-line-meta\"><span class=\"vcard\" style=\"display: none;\"><span class=\"fn\"><a href=\"https:\/\/maisondesgreffes.com\/en\/author\/maisondesgreffes\/\" title=\"Posts by maisondesgreffes\" rel=\"author\">maisondesgreffes<\/a><\/span><\/span><span class=\"updated\" style=\"display:none;\">2025-07-29T15:57:32-04:00<\/span><span>29 July 2025<\/span><span class=\"fusion-inline-sep\">|<\/span><\/p><\/div><\/div><div class=\"fusion-clearfix\"><\/div><\/div>\n<\/article>\n<article id=\"blog-1-post-15080\" class=\"fusion-post-masonry fusion-post-grid fusion-element-grid post-15080 post type-post status-publish format-standard has-post-thumbnail hentry category-news-stephane\">\n<div class=\"fusion-post-wrapper fusion-masonary-is-transparent \" style=\"background-color:rgba(255,255,255,1);border:none;\"><div  class=\"fusion-masonry-element-container fusion-image-wrapper\" style=\"background-image:url(https:\/\/maisondesgreffes.com\/wp-content\/uploads\/2025\/05\/citynews.png);padding-top:calc((100% + 40px) * 0.8 - 20px);\" aria-haspopup=\"true\">\n\t\t\t\t<img decoding=\"async\" width=\"1218\" height=\"616\" src=\"https:\/\/maisondesgreffes.com\/wp-content\/uploads\/2025\/05\/citynews.png\" class=\"attachment-full size-full wp-post-image\" alt=\"\" srcset=\"https:\/\/maisondesgreffes.com\/wp-content\/uploads\/2025\/05\/citynews-200x101.png 200w, https:\/\/maisondesgreffes.com\/wp-content\/uploads\/2025\/05\/citynews-400x202.png 400w, https:\/\/maisondesgreffes.com\/wp-content\/uploads\/2025\/05\/citynews-600x303.png 600w, https:\/\/maisondesgreffes.com\/wp-content\/uploads\/2025\/05\/citynews-800x405.png 800w, https:\/\/maisondesgreffes.com\/wp-content\/uploads\/2025\/05\/citynews-1200x607.png 1200w, https:\/\/maisondesgreffes.com\/wp-content\/uploads\/2025\/05\/citynews.png 1218w\" sizes=\"(min-width: 2200px) 100vw, (min-width: 784px) 407px, (min-width: 712px) 610px, (min-width: 640px) 712px, \" \/><div class=\"fusion-rollover\">\n\t<div class=\"fusion-rollover-content\">\n\n\t\t\t\t\n\t\t\n\t\t\t\t\t\t\t\t\t\t\t\t<h4 class=\"fusion-rollover-title\">\n\t\t\t\t\t<a class=\"fusion-rollover-title-link\" href=\"https:\/\/maisondesgreffes.com\/en\/2025\/05\/27\/organ-donor-cycling-towards-guinness-world-record\/\">\n\t\t\t\t\t\tOrgan donor cycling towards Guinness World Record\t\t\t\t\t<\/a>\n\t\t\t\t<\/h4>\n\t\t\t\n\t\t\t\t\t\t\t\t\t\t<div class=\"fusion-rollover-categories\"><a href=\"https:\/\/maisondesgreffes.com\/en\/category\/news-stephane\/\" rel=\"tag\">St\u00e9phane in the media<\/a><\/div>\t\t\t\t\t\n\t\t\n\t\t\t\t\t\t<a class=\"fusion-link-wrapper\" href=\"https:\/\/maisondesgreffes.com\/en\/2025\/05\/27\/organ-donor-cycling-towards-guinness-world-record\/\" aria-label=\"Organ donor cycling towards Guinness World Record\"><\/a>\n\t<\/div>\n<\/div>\n<\/div>\n<div class=\"fusion-post-content-wrapper\" style=\"padding:30px 25px 25px 25px;background-color:rgba(255,255,255,1);\"><div class=\"fusion-post-content post-content\"><h2 class=\"blog-shortcode-post-title entry-title\"><a href=\"https:\/\/maisondesgreffes.com\/en\/2025\/05\/27\/organ-donor-cycling-towards-guinness-world-record\/\">Organ donor cycling towards Guinness World Record<\/a><\/h2><p class=\"fusion-single-line-meta\"><span class=\"vcard\" style=\"display: none;\"><span class=\"fn\"><a href=\"https:\/\/maisondesgreffes.com\/en\/author\/maisondesgreffes\/\" title=\"Posts by maisondesgreffes\" rel=\"author\">maisondesgreffes<\/a><\/span><\/span><span class=\"updated\" style=\"display:none;\">2025-05-27T11:23:29-04:00<\/span><span>27 May 2025<\/span><span class=\"fusion-inline-sep\">|<\/span><\/p><\/div><\/div><div class=\"fusion-clearfix\"><\/div><\/div>\n<\/article>\n<article id=\"blog-1-post-15068\" class=\"fusion-post-masonry fusion-post-grid fusion-element-grid post-15068 post type-post status-publish format-standard has-post-thumbnail hentry category-news-stephane\">\n<div class=\"fusion-post-wrapper fusion-masonary-is-transparent \" style=\"background-color:rgba(255,255,255,1);border:none;\"><div  class=\"fusion-masonry-element-container fusion-image-wrapper\" style=\"background-image:url(https:\/\/maisondesgreffes.com\/wp-content\/uploads\/2025\/05\/bike-800x445-1.jpg);padding-top:calc((100% + 40px) * 0.8 - 20px);\" aria-haspopup=\"true\">\n\t\t\t\t<img decoding=\"async\" width=\"800\" height=\"445\" src=\"https:\/\/maisondesgreffes.com\/wp-content\/uploads\/2025\/05\/bike-800x445-1.jpg\" class=\"attachment-full size-full wp-post-image\" alt=\"\" srcset=\"https:\/\/maisondesgreffes.com\/wp-content\/uploads\/2025\/05\/bike-800x445-1-200x111.jpg 200w, https:\/\/maisondesgreffes.com\/wp-content\/uploads\/2025\/05\/bike-800x445-1-400x223.jpg 400w, https:\/\/maisondesgreffes.com\/wp-content\/uploads\/2025\/05\/bike-800x445-1-600x334.jpg 600w, https:\/\/maisondesgreffes.com\/wp-content\/uploads\/2025\/05\/bike-800x445-1.jpg 800w\" sizes=\"(min-width: 2200px) 100vw, (min-width: 784px) 407px, (min-width: 712px) 610px, (min-width: 640px) 712px, \" \/><div class=\"fusion-rollover\">\n\t<div class=\"fusion-rollover-content\">\n\n\t\t\t\t\n\t\t\n\t\t\t\t\t\t\t\t\t\t\t\t<h4 class=\"fusion-rollover-title\">\n\t\t\t\t\t<a class=\"fusion-rollover-title-link\" href=\"https:\/\/maisondesgreffes.com\/en\/2025\/05\/27\/22stephane-hebert-cross-canada-cycling-journey-for-organ-donation\/\">\n\t\t\t\t\t\tSt\u00e9phane H\u00e9bert: Cross Canada cycling journey for organ donation\t\t\t\t\t<\/a>\n\t\t\t\t<\/h4>\n\t\t\t\n\t\t\t\t\t\t\t\t\t\t<div class=\"fusion-rollover-categories\"><a href=\"https:\/\/maisondesgreffes.com\/en\/category\/news-stephane\/\" rel=\"tag\">St\u00e9phane in the media<\/a><\/div>\t\t\t\t\t\n\t\t\n\t\t\t\t\t\t<a class=\"fusion-link-wrapper\" href=\"https:\/\/maisondesgreffes.com\/en\/2025\/05\/27\/22stephane-hebert-cross-canada-cycling-journey-for-organ-donation\/\" aria-label=\"St\u00e9phane H\u00e9bert: Cross Canada cycling journey for organ donation\"><\/a>\n\t<\/div>\n<\/div>\n<\/div>\n<div class=\"fusion-post-content-wrapper\" style=\"padding:30px 25px 25px 25px;background-color:rgba(255,255,255,1);\"><div class=\"fusion-post-content post-content\"><h2 class=\"blog-shortcode-post-title entry-title\"><a href=\"https:\/\/maisondesgreffes.com\/en\/2025\/05\/27\/22stephane-hebert-cross-canada-cycling-journey-for-organ-donation\/\">St\u00e9phane H\u00e9bert: Cross Canada cycling journey for organ donation<\/a><\/h2><p class=\"fusion-single-line-meta\"><span class=\"vcard\" style=\"display: none;\"><span class=\"fn\"><a href=\"https:\/\/maisondesgreffes.com\/en\/author\/maisondesgreffes\/\" title=\"Posts by maisondesgreffes\" rel=\"author\">maisondesgreffes<\/a><\/span><\/span><span class=\"updated\" style=\"display:none;\">2025-05-27T11:12:12-04:00<\/span><span>27 May 2025<\/span><span class=\"fusion-inline-sep\">|<\/span><\/p><\/div><\/div><div class=\"fusion-clearfix\"><\/div><\/div>\n<\/article>\n<article id=\"blog-1-post-10510\" class=\"fusion-post-masonry fusion-post-grid fusion-element-landscape fusion-element-portrait post-10510 post type-post status-publish format-standard has-post-thumbnail hentry category-news\">\n<div class=\"fusion-post-wrapper fusion-masonary-is-transparent \" style=\"background-color:rgba(255,255,255,1);border:none;\"><div  class=\"fusion-masonry-element-container fusion-image-wrapper\" style=\"background-image:url(https:\/\/maisondesgreffes.com\/wp-content\/uploads\/2023\/02\/jour2-8-scaled.jpg);padding-top:calc((100% + 40px) * 0.8);\" aria-haspopup=\"true\">\n\t\t\t\t<img decoding=\"async\" width=\"2560\" height=\"1707\" src=\"https:\/\/maisondesgreffes.com\/wp-content\/uploads\/2023\/02\/jour2-8-scaled.jpg\" class=\"attachment-full size-full wp-post-image\" alt=\"\" srcset=\"https:\/\/maisondesgreffes.com\/wp-content\/uploads\/2023\/02\/jour2-8-200x133.jpg 200w, https:\/\/maisondesgreffes.com\/wp-content\/uploads\/2023\/02\/jour2-8-400x267.jpg 400w, https:\/\/maisondesgreffes.com\/wp-content\/uploads\/2023\/02\/jour2-8-600x400.jpg 600w, https:\/\/maisondesgreffes.com\/wp-content\/uploads\/2023\/02\/jour2-8-800x534.jpg 800w, https:\/\/maisondesgreffes.com\/wp-content\/uploads\/2023\/02\/jour2-8-1200x800.jpg 1200w, https:\/\/maisondesgreffes.com\/wp-content\/uploads\/2023\/02\/jour2-8-scaled.jpg 2560w\" sizes=\"(min-width: 2200px) 100vw, (min-width: 640px) 1300px, \" \/><div class=\"fusion-rollover\">\n\t<div class=\"fusion-rollover-content\">\n\n\t\t\t\t\n\t\t\n\t\t\t\t\t\t\t\t\t\t\t\t<h4 class=\"fusion-rollover-title\">\n\t\t\t\t\t<a class=\"fusion-rollover-title-link\" href=\"https:\/\/maisondesgreffes.com\/en\/2023\/03\/09\/maison-des-greffes-lina-cyr-podcast-sommet-du-velo\/\">\n\t\t\t\t\t\tMaison des greff\u00e9s Lina Cyr &#8211; Podcast \u00abSommet du v\u00e9lo\u00bb\t\t\t\t\t<\/a>\n\t\t\t\t<\/h4>\n\t\t\t\n\t\t\t\t\t\t\t\t\t\t<div class=\"fusion-rollover-categories\"><a href=\"https:\/\/maisondesgreffes.com\/en\/category\/news\/\" rel=\"tag\">News<\/a><\/div>\t\t\t\t\t\n\t\t\n\t\t\t\t\t\t<a class=\"fusion-link-wrapper\" href=\"https:\/\/maisondesgreffes.com\/en\/2023\/03\/09\/maison-des-greffes-lina-cyr-podcast-sommet-du-velo\/\" aria-label=\"Maison des greff\u00e9s Lina Cyr &#8211; Podcast \u00abSommet du v\u00e9lo\u00bb\"><\/a>\n\t<\/div>\n<\/div>\n<\/div>\n<div class=\"fusion-post-content-wrapper\" style=\"padding:30px 25px 25px 25px;background-color:rgba(255,255,255,1);\"><div class=\"fusion-post-content post-content\"><h2 class=\"blog-shortcode-post-title entry-title\"><a href=\"https:\/\/maisondesgreffes.com\/en\/2023\/03\/09\/maison-des-greffes-lina-cyr-podcast-sommet-du-velo\/\">Maison des greff\u00e9s Lina Cyr &#8211; Podcast \u00abSommet du v\u00e9lo\u00bb<\/a><\/h2><p class=\"fusion-single-line-meta\"><span class=\"vcard\" style=\"display: none;\"><span class=\"fn\"><a href=\"https:\/\/maisondesgreffes.com\/en\/author\/maisondesgreffes\/\" title=\"Posts by maisondesgreffes\" rel=\"author\">maisondesgreffes<\/a><\/span><\/span><span class=\"updated\" style=\"display:none;\">2023-03-09T15:10:14-05:00<\/span><span>9 March 2023<\/span><span class=\"fusion-inline-sep\">|<\/span><\/p><\/div><\/div><div class=\"fusion-clearfix\"><\/div><\/div>\n<\/article>\n<article id=\"blog-1-post-4249\" class=\"fusion-post-masonry fusion-post-grid fusion-element-grid post-4249 post type-post status-publish format-standard has-post-thumbnail hentry category-news\">\n<div class=\"fusion-post-wrapper fusion-masonary-is-transparent \" style=\"background-color:rgba(255,255,255,1);border:none;\"><div  class=\"fusion-masonry-element-container fusion-image-wrapper\" style=\"background-image:url(https:\/\/maisondesgreffes.com\/wp-content\/uploads\/2021\/04\/defi-velo---2.jpg);padding-top:calc((100% + 40px) * 0.8 - 20px);\" aria-haspopup=\"true\">\n\t\t\t\t<img decoding=\"async\" src=\"https:\/\/maisondesgreffes.com\/wp-content\/uploads\/2021\/04\/defi-velo---2.jpg\" class=\"attachment-full size-full wp-post-image\" alt=\"Bike Challenge\" \/><div class=\"fusion-rollover\">\n\t<div class=\"fusion-rollover-content\">\n\n\t\t\t\t\n\t\t\n\t\t\t\t\t\t\t\t\t\t\t\t<h4 class=\"fusion-rollover-title\">\n\t\t\t\t\t<a class=\"fusion-rollover-title-link\" href=\"https:\/\/maisondesgreffes.com\/en\/2021\/08\/10\/the-lina-cyr-bike-challenge-for-transplant-patients-celebrates-its-15th-anniversary\/\">\n\t\t\t\t\t\tThe Lina Cyr Bike Challenge for Transplant patients celebrates its 15th anniversary\t\t\t\t\t<\/a>\n\t\t\t\t<\/h4>\n\t\t\t\n\t\t\t\t\t\t\t\t\t\t<div class=\"fusion-rollover-categories\"><a href=\"https:\/\/maisondesgreffes.com\/en\/category\/news\/\" rel=\"tag\">News<\/a><\/div>\t\t\t\t\t\n\t\t\n\t\t\t\t\t\t<a class=\"fusion-link-wrapper\" href=\"https:\/\/maisondesgreffes.com\/en\/2021\/08\/10\/the-lina-cyr-bike-challenge-for-transplant-patients-celebrates-its-15th-anniversary\/\" aria-label=\"The Lina Cyr Bike Challenge for Transplant patients celebrates its 15th anniversary\"><\/a>\n\t<\/div>\n<\/div>\n<\/div>\n<div class=\"fusion-post-content-wrapper\" style=\"padding:30px 25px 25px 25px;background-color:rgba(255,255,255,1);\"><div class=\"fusion-post-content post-content\"><h2 class=\"blog-shortcode-post-title entry-title\"><a href=\"https:\/\/maisondesgreffes.com\/en\/2021\/08\/10\/the-lina-cyr-bike-challenge-for-transplant-patients-celebrates-its-15th-anniversary\/\">The Lina Cyr Bike Challenge for Transplant patients celebrates its 15th anniversary<\/a><\/h2><p class=\"fusion-single-line-meta\"><span class=\"vcard\" style=\"display: none;\"><span class=\"fn\"><a href=\"https:\/\/maisondesgreffes.com\/en\/author\/maisondesgreffes\/\" title=\"Posts by maisondesgreffes\" rel=\"author\">maisondesgreffes<\/a><\/span><\/span><span class=\"updated\" style=\"display:none;\">2021-08-10T16:42:49-04:00<\/span><span>10 August 2021<\/span><span class=\"fusion-inline-sep\">|<\/span><\/p><\/div><\/div><div class=\"fusion-clearfix\"><\/div><\/div>\n<\/article>\n<article id=\"blog-1-post-4042\" class=\"fusion-post-masonry fusion-post-grid fusion-element-grid post-4042 post type-post status-publish format-standard has-post-thumbnail hentry category-news\">\n<div class=\"fusion-post-wrapper fusion-masonary-is-transparent \" style=\"background-color:rgba(255,255,255,1);border:none;\"><div  class=\"fusion-masonry-element-container fusion-image-wrapper\" style=\"background-image:url(https:\/\/maisondesgreffes.com\/wp-content\/uploads\/2021\/04\/une-deuxieme-vie.jpg);padding-top:calc((100% + 40px) * 0.8 - 20px);\" aria-haspopup=\"true\">\n\t\t\t\t<img decoding=\"async\" src=\"https:\/\/maisondesgreffes.com\/wp-content\/uploads\/2021\/04\/une-deuxieme-vie.jpg\" class=\"attachment-full size-full wp-post-image\" alt=\"A Second Life\" \/><div class=\"fusion-rollover\">\n\t<div class=\"fusion-rollover-content\">\n\n\t\t\t\t\n\t\t\n\t\t\t\t\t\t\t\t\t\t\t\t<h4 class=\"fusion-rollover-title\">\n\t\t\t\t\t<a class=\"fusion-rollover-title-link\" href=\"https:\/\/maisondesgreffes.com\/en\/2021\/04\/30\/a-second-life\/\">\n\t\t\t\t\t\tA Second Life\t\t\t\t\t<\/a>\n\t\t\t\t<\/h4>\n\t\t\t\n\t\t\t\t\t\t\t\t\t\t<div class=\"fusion-rollover-categories\"><a href=\"https:\/\/maisondesgreffes.com\/en\/category\/news\/\" rel=\"tag\">News<\/a><\/div>\t\t\t\t\t\n\t\t\n\t\t\t\t\t\t<a class=\"fusion-link-wrapper\" href=\"https:\/\/maisondesgreffes.com\/en\/2021\/04\/30\/a-second-life\/\" aria-label=\"A Second Life\"><\/a>\n\t<\/div>\n<\/div>\n<\/div>\n<div class=\"fusion-post-content-wrapper\" style=\"padding:30px 25px 25px 25px;background-color:rgba(255,255,255,1);\"><div class=\"fusion-post-content post-content\"><h2 class=\"blog-shortcode-post-title entry-title\"><a href=\"https:\/\/maisondesgreffes.com\/en\/2021\/04\/30\/a-second-life\/\">A Second Life<\/a><\/h2><p class=\"fusion-single-line-meta\"><span class=\"vcard\" style=\"display: none;\"><span class=\"fn\"><a href=\"https:\/\/maisondesgreffes.com\/en\/author\/isaine\/\" title=\"Posts by isaine\" rel=\"author\">isaine<\/a><\/span><\/span><span class=\"updated\" style=\"display:none;\">2021-04-30T15:51:51-04:00<\/span><span>30 April 2021<\/span><span class=\"fusion-inline-sep\">|<\/span><\/p><\/div><\/div><div class=\"fusion-clearfix\"><\/div><\/div>\n<\/article>\n<article id=\"blog-1-post-3958\" class=\"fusion-post-masonry fusion-post-grid fusion-element-grid post-3958 post type-post status-publish format-standard has-post-thumbnail hentry category-nouvelles\">\n<div class=\"fusion-post-wrapper fusion-masonary-is-transparent \" style=\"background-color:rgba(255,255,255,1);border:none;\"><div  class=\"fusion-masonry-element-container fusion-image-wrapper\" style=\"background-image:url(https:\/\/maisondesgreffes.com\/wp-content\/uploads\/2021\/04\/un-don-substantiel-1.jpg);padding-top:calc((100% + 40px) * 0.8 - 20px);\" aria-haspopup=\"true\">\n\t\t\t\t<img decoding=\"async\" width=\"1200\" height=\"628\" src=\"https:\/\/maisondesgreffes.com\/wp-content\/uploads\/2021\/04\/un-don-substantiel-1.jpg\" class=\"attachment-full size-full wp-post-image\" alt=\"A substantial and unexpected donation for La Maison\" srcset=\"https:\/\/maisondesgreffes.com\/wp-content\/uploads\/2021\/04\/un-don-substantiel-1-200x105.jpg 200w, https:\/\/maisondesgreffes.com\/wp-content\/uploads\/2021\/04\/un-don-substantiel-1-400x209.jpg 400w, https:\/\/maisondesgreffes.com\/wp-content\/uploads\/2021\/04\/un-don-substantiel-1-600x314.jpg 600w, https:\/\/maisondesgreffes.com\/wp-content\/uploads\/2021\/04\/un-don-substantiel-1-800x419.jpg 800w, https:\/\/maisondesgreffes.com\/wp-content\/uploads\/2021\/04\/un-don-substantiel-1.jpg 1200w\" sizes=\"(min-width: 2200px) 100vw, (min-width: 784px) 407px, (min-width: 712px) 610px, (min-width: 640px) 712px, \" \/><div class=\"fusion-rollover\">\n\t<div class=\"fusion-rollover-content\">\n\n\t\t\t\t\n\t\t\n\t\t\t\t\t\t\t\t\t\t\t\t<h4 class=\"fusion-rollover-title\">\n\t\t\t\t\t<a class=\"fusion-rollover-title-link\" href=\"https:\/\/maisondesgreffes.com\/en\/2021\/04\/28\/a-substantial-and-unexpected-donation-for-la-maison\/\">\n\t\t\t\t\t\tA substantial and unexpected donation for La Maison!\t\t\t\t\t<\/a>\n\t\t\t\t<\/h4>\n\t\t\t\n\t\t\t\t\t\t\t\t\t\t<div class=\"fusion-rollover-categories\"><a href=\"https:\/\/maisondesgreffes.com\/category\/nouvelles\/\" rel=\"tag\">Nouvelles<\/a><\/div>\t\t\t\t\t\n\t\t\n\t\t\t\t\t\t<a class=\"fusion-link-wrapper\" href=\"https:\/\/maisondesgreffes.com\/en\/2021\/04\/28\/a-substantial-and-unexpected-donation-for-la-maison\/\" aria-label=\"A substantial and unexpected donation for La Maison!\"><\/a>\n\t<\/div>\n<\/div>\n<\/div>\n<div class=\"fusion-post-content-wrapper\" style=\"padding:30px 25px 25px 25px;background-color:rgba(255,255,255,1);\"><div class=\"fusion-post-content post-content\"><h2 class=\"blog-shortcode-post-title entry-title\"><a href=\"https:\/\/maisondesgreffes.com\/en\/2021\/04\/28\/a-substantial-and-unexpected-donation-for-la-maison\/\">A substantial and unexpected donation for La Maison!<\/a><\/h2><p class=\"fusion-single-line-meta\"><span class=\"vcard\" style=\"display: none;\"><span class=\"fn\"><a href=\"https:\/\/maisondesgreffes.com\/en\/author\/isaine\/\" title=\"Posts by isaine\" rel=\"author\">isaine<\/a><\/span><\/span><span class=\"updated\" style=\"display:none;\">2022-01-18T13:47:29-05:00<\/span><span>28 April 2021<\/span><span class=\"fusion-inline-sep\">|<\/span><\/p><\/div><\/div><div class=\"fusion-clearfix\"><\/div><\/div>\n<\/article>\n<article id=\"blog-1-post-3917\" class=\"fusion-post-masonry fusion-post-grid fusion-element-grid post-3917 post type-post status-publish format-standard has-post-thumbnail hentry category-news\">\n<div class=\"fusion-post-wrapper fusion-masonary-is-transparent \" style=\"background-color:rgba(255,255,255,1);border:none;\"><div  class=\"fusion-masonry-element-container fusion-image-wrapper\" style=\"background-image:url(https:\/\/maisondesgreffes.com\/wp-content\/uploads\/2021\/04\/patrice-dionne.jpg);padding-top:calc((100% + 40px) * 0.8 - 20px);\" aria-haspopup=\"true\">\n\t\t\t\t<img decoding=\"async\" width=\"1200\" height=\"628\" src=\"https:\/\/maisondesgreffes.com\/wp-content\/uploads\/2021\/04\/patrice-dionne.jpg\" class=\"attachment-full size-full wp-post-image\" alt=\"Patrice Dionne\" srcset=\"https:\/\/maisondesgreffes.com\/wp-content\/uploads\/2021\/04\/patrice-dionne-200x105.jpg 200w, https:\/\/maisondesgreffes.com\/wp-content\/uploads\/2021\/04\/patrice-dionne-400x209.jpg 400w, https:\/\/maisondesgreffes.com\/wp-content\/uploads\/2021\/04\/patrice-dionne-600x314.jpg 600w, https:\/\/maisondesgreffes.com\/wp-content\/uploads\/2021\/04\/patrice-dionne-800x419.jpg 800w, https:\/\/maisondesgreffes.com\/wp-content\/uploads\/2021\/04\/patrice-dionne.jpg 1200w\" sizes=\"(min-width: 2200px) 100vw, (min-width: 784px) 407px, (min-width: 712px) 610px, (min-width: 640px) 712px, \" \/><div class=\"fusion-rollover\">\n\t<div class=\"fusion-rollover-content\">\n\n\t\t\t\t\n\t\t\n\t\t\t\t\t\t\t\t\t\t\t\t<h4 class=\"fusion-rollover-title\">\n\t\t\t\t\t<a class=\"fusion-rollover-title-link\" href=\"https:\/\/maisondesgreffes.com\/en\/2021\/04\/26\/patrice-dionne-heart-and-liver-transplant-recipient\/\">\n\t\t\t\t\t\tPatrice Dionne, heart and liver transplant recipient\t\t\t\t\t<\/a>\n\t\t\t\t<\/h4>\n\t\t\t\n\t\t\t\t\t\t\t\t\t\t<div class=\"fusion-rollover-categories\"><a href=\"https:\/\/maisondesgreffes.com\/en\/category\/news\/\" rel=\"tag\">News<\/a><\/div>\t\t\t\t\t\n\t\t\n\t\t\t\t\t\t<a class=\"fusion-link-wrapper\" href=\"https:\/\/maisondesgreffes.com\/en\/2021\/04\/26\/patrice-dionne-heart-and-liver-transplant-recipient\/\" aria-label=\"Patrice Dionne, heart and liver transplant recipient\"><\/a>\n\t<\/div>\n<\/div>\n<\/div>\n<div class=\"fusion-post-content-wrapper\" style=\"padding:30px 25px 25px 25px;background-color:rgba(255,255,255,1);\"><div class=\"fusion-post-content post-content\"><h2 class=\"blog-shortcode-post-title entry-title\"><a href=\"https:\/\/maisondesgreffes.com\/en\/2021\/04\/26\/patrice-dionne-heart-and-liver-transplant-recipient\/\">Patrice Dionne, heart and liver transplant recipient<\/a><\/h2><p class=\"fusion-single-line-meta\"><span class=\"vcard\" style=\"display: none;\"><span class=\"fn\"><a href=\"https:\/\/maisondesgreffes.com\/en\/author\/isaine\/\" title=\"Posts by isaine\" rel=\"author\">isaine<\/a><\/span><\/span><span class=\"updated\" style=\"display:none;\">2021-04-26T18:31:18-04:00<\/span><span>26 April 2021<\/span><span class=\"fusion-inline-sep\">|<\/span><\/p><\/div><\/div><div class=\"fusion-clearfix\"><\/div><\/div>\n<\/article>\n<article id=\"blog-1-post-3705\" class=\"fusion-post-masonry fusion-post-grid fusion-element-grid post-3705 post type-post status-publish format-standard has-post-thumbnail hentry category-news\">\n<div class=\"fusion-post-wrapper fusion-masonary-is-transparent \" style=\"background-color:rgba(255,255,255,1);border:none;\"><div  class=\"fusion-masonry-element-container fusion-image-wrapper\" style=\"background-image:url(https:\/\/maisondesgreffes.com\/wp-content\/uploads\/2021\/04\/don-dorganes---2.jpg);padding-top:calc((100% + 40px) * 0.8 - 20px);\" aria-haspopup=\"true\">\n\t\t\t\t<img decoding=\"async\" src=\"https:\/\/maisondesgreffes.com\/wp-content\/uploads\/2021\/04\/don-dorganes---2.jpg\" class=\"attachment-full size-full wp-post-image\" alt=\"Organ transplant surgeries have dropped in the pandemic. Some of the reasons are clear, but no one knows why donations have dropped.\" \/><div class=\"fusion-rollover\">\n\t<div class=\"fusion-rollover-content\">\n\n\t\t\t\t\n\t\t\n\t\t\t\t\t\t\t\t\t\t\t\t<h4 class=\"fusion-rollover-title\">\n\t\t\t\t\t<a class=\"fusion-rollover-title-link\" href=\"https:\/\/maisondesgreffes.com\/en\/2021\/02\/25\/quebec-organ-transplants-are-down\/\">\n\t\t\t\t\t\tQuebec organ transplants are down\t\t\t\t\t<\/a>\n\t\t\t\t<\/h4>\n\t\t\t\n\t\t\t\t\t\t\t\t\t\t<div class=\"fusion-rollover-categories\"><a href=\"https:\/\/maisondesgreffes.com\/en\/category\/news\/\" rel=\"tag\">News<\/a><\/div>\t\t\t\t\t\n\t\t\n\t\t\t\t\t\t<a class=\"fusion-link-wrapper\" href=\"https:\/\/maisondesgreffes.com\/en\/2021\/02\/25\/quebec-organ-transplants-are-down\/\" aria-label=\"Quebec organ transplants are down\"><\/a>\n\t<\/div>\n<\/div>\n<\/div>\n<div class=\"fusion-post-content-wrapper\" style=\"padding:30px 25px 25px 25px;background-color:rgba(255,255,255,1);\"><div class=\"fusion-post-content post-content\"><h2 class=\"blog-shortcode-post-title entry-title\"><a href=\"https:\/\/maisondesgreffes.com\/en\/2021\/02\/25\/quebec-organ-transplants-are-down\/\">Quebec organ transplants are down<\/a><\/h2><p class=\"fusion-single-line-meta\"><span class=\"vcard\" style=\"display: none;\"><span class=\"fn\"><a href=\"https:\/\/maisondesgreffes.com\/en\/author\/isaine\/\" title=\"Posts by isaine\" rel=\"author\">isaine<\/a><\/span><\/span><span class=\"updated\" style=\"display:none;\">2021-04-14T15:35:40-04:00<\/span><span>25 February 2021<\/span><span class=\"fusion-inline-sep\">|<\/span><\/p><\/div><\/div><div class=\"fusion-clearfix\"><\/div><\/div>\n<\/article>\n<div class=\"fusion-clearfix\"><\/div><\/div><div class=\"fusion-infinite-scroll-trigger\"><\/div><div class=\"pagination infinite-scroll clearfix\" style=\"display:none;\"><span class=\"current\">1<\/span><a href=\"https:\/\/maisondesgreffes.com\/en\/wp-json\/wp\/v2\/pages\/3448\/page\/2\/\" class=\"inactive\">2<\/a><a class=\"pagination-next\" rel=\"next\" href=\"https:\/\/maisondesgreffes.com\/en\/wp-json\/wp\/v2\/pages\/3448\/page\/2\/\"><span class=\"page-text\">Next<\/span><span class=\"page-next\"><\/span><\/a><\/div><div class=\"fusion-clearfix\"><\/div><\/div><div class=\"fusion-blog-shortcode fusion-blog-shortcode-2 fusion-blog-archive fusion-blog-layout-large fusion-blog-pagination\"><div class=\"fusion-posts-container fusion-posts-container-pagination fusion-blog-rollover\" data-pages=\"1\"><article id=\"blog-2-post-15270\" class=\"fusion-post-large post-15270 post type-post status-publish format-standard has-post-thumbnail hentry category-stephane-dans-les-medias-en\">\n\t<style type=\"text\/css\">\n\t\t\n\t\t\n\t\t\n\t\t\n\t\t\t<\/style>\n\n\n\t\t\t<div class=\"fusion-flexslider flexslider fusion-flexslider-loading fusion-post-slideshow\" style=\"\">\n\t\t<ul class=\"slides\">\n\t\t\t\n\t\t\t\t\t\t\t\t\t\t\t\t\t\t<li><div  class=\"fusion-image-wrapper\" aria-haspopup=\"true\">\n\t\t\t\t<img decoding=\"async\" width=\"2880\" height=\"1920\" src=\"https:\/\/maisondesgreffes.com\/wp-content\/uploads\/2025\/07\/261a0512-1.jpg\" class=\"attachment-full size-full wp-post-image\" alt=\"St\u00e9phane H\u00e9bert \u00e0 son arriv\u00e9e \u00e0 Montr\u00e9al\" srcset=\"https:\/\/maisondesgreffes.com\/wp-content\/uploads\/2025\/07\/261a0512-1-200x133.jpg 200w, https:\/\/maisondesgreffes.com\/wp-content\/uploads\/2025\/07\/261a0512-1-400x267.jpg 400w, https:\/\/maisondesgreffes.com\/wp-content\/uploads\/2025\/07\/261a0512-1-600x400.jpg 600w, https:\/\/maisondesgreffes.com\/wp-content\/uploads\/2025\/07\/261a0512-1-800x533.jpg 800w, https:\/\/maisondesgreffes.com\/wp-content\/uploads\/2025\/07\/261a0512-1-1200x800.jpg 1200w, https:\/\/maisondesgreffes.com\/wp-content\/uploads\/2025\/07\/261a0512-1.jpg 2880w\" sizes=\"(max-width: 700px) 100vw, 2880px\" \/><div class=\"fusion-rollover\">\n\t<div class=\"fusion-rollover-content\">\n\n\t\t\t\t\n\t\t\n\t\t\t\t\t\t\t\t\t\t\t\t<h4 class=\"fusion-rollover-title\">\n\t\t\t\t\t<a class=\"fusion-rollover-title-link\" href=\"https:\/\/maisondesgreffes.com\/en\/2025\/07\/29\/stephane-hebert-cycling-across-the-country-to-raise-awareness-about-organ-donation\/\">\n\t\t\t\t\t\tSt\u00e9phane H\u00e9bert: Cycling Across the Country to Raise Awareness About Organ Donation\t\t\t\t\t<\/a>\n\t\t\t\t<\/h4>\n\t\t\t\n\t\t\t\t\t\t\t\t\t\t<div class=\"fusion-rollover-categories\"><a href=\"https:\/\/maisondesgreffes.com\/en\/category\/stephane-dans-les-medias-en\/\" rel=\"tag\">St\u00e9phane dans les m\u00e9dias<\/a><\/div>\t\t\t\t\t\n\t\t\n\t\t\t\t\t\t<a class=\"fusion-link-wrapper\" href=\"https:\/\/maisondesgreffes.com\/en\/2025\/07\/29\/stephane-hebert-cycling-across-the-country-to-raise-awareness-about-organ-donation\/\" aria-label=\"St\u00e9phane H\u00e9bert: Cycling Across the Country to Raise Awareness About Organ Donation\"><\/a>\n\t<\/div>\n<\/div>\n<\/div>\n<\/li>\n\t\t\t\n\t\t\t\n\t\t\t\t\t\t\t\t\t\t\t\t\t\t\t\t\t\t\t\t\t\t\t\t\t\t\t\t\t\t\t\t\t\t\t\t\t\t\t\t\t\t\t\t\t\t\t\t\t\t\t\t\t\t\t\t\t\t\t\t\t\t\t\t\t\t\t\t<\/ul>\n\t<\/div>\n\t<div class=\"fusion-post-content post-content\"><h2 class=\"blog-shortcode-post-title entry-title\"><a href=\"https:\/\/maisondesgreffes.com\/en\/2025\/07\/29\/stephane-hebert-cycling-across-the-country-to-raise-awareness-about-organ-donation\/\">St\u00e9phane H\u00e9bert: Cycling Across the Country to Raise Awareness About Organ Donation<\/a><\/h2><div class=\"fusion-post-content-container\"><p>On July 28, St\u00e9phane H\u00e9bert\u2019s trans-Canadian journey came to an [...]<\/p><\/div><\/div><div class=\"fusion-clearfix\"><\/div><div class=\"fusion-meta-info\"><div class=\"fusion-alignleft\">By <span class=\"vcard\"><span class=\"fn\"><a href=\"https:\/\/maisondesgreffes.com\/en\/author\/maisondesgreffes\/\" title=\"Posts by maisondesgreffes\" rel=\"author\">maisondesgreffes<\/a><\/span><\/span><span class=\"fusion-inline-sep\">|<\/span><span class=\"updated\" style=\"display:none;\">2025-07-29T15:57:32-04:00<\/span><span>29 July 2025<\/span><span class=\"fusion-inline-sep\">|<\/span>Categories: <a href=\"https:\/\/maisondesgreffes.com\/en\/category\/stephane-dans-les-medias-en\/\" rel=\"category tag\">St\u00e9phane dans les m\u00e9dias<\/a><span class=\"fusion-inline-sep\">|<\/span><span class=\"fusion-comments\"><span>Comments Off<span class=\"screen-reader-text\"> on St\u00e9phane H\u00e9bert: Cycling Across the Country to Raise Awareness About Organ Donation<\/span><\/span><\/span><\/div><div class=\"fusion-alignright\"><a class=\"fusion-read-more\" href=\"https:\/\/maisondesgreffes.com\/en\/2025\/07\/29\/stephane-hebert-cycling-across-the-country-to-raise-awareness-about-organ-donation\/\" aria-label=\"More on St\u00e9phane H\u00e9bert: Cycling Across the Country to Raise Awareness About Organ Donation\">Read More<\/a><\/div><\/div><\/article>\n<article id=\"blog-2-post-15080\" class=\"fusion-post-large post-15080 post type-post status-publish format-standard has-post-thumbnail hentry category-news-stephane\">\n\t<style type=\"text\/css\">\n\t\t\n\t\t\n\t\t\n\t\t\n\t\t\t<\/style>\n\n\n\t\t\t<div class=\"fusion-flexslider flexslider fusion-flexslider-loading fusion-post-slideshow\" style=\"\">\n\t\t<ul class=\"slides\">\n\t\t\t\n\t\t\t\t\t\t\t\t\t\t\t\t\t\t<li><div  class=\"fusion-image-wrapper\" aria-haspopup=\"true\">\n\t\t\t\t<img decoding=\"async\" width=\"1218\" height=\"616\" src=\"https:\/\/maisondesgreffes.com\/wp-content\/uploads\/2025\/05\/citynews.png\" class=\"attachment-full size-full wp-post-image\" alt=\"\" srcset=\"https:\/\/maisondesgreffes.com\/wp-content\/uploads\/2025\/05\/citynews-200x101.png 200w, https:\/\/maisondesgreffes.com\/wp-content\/uploads\/2025\/05\/citynews-400x202.png 400w, https:\/\/maisondesgreffes.com\/wp-content\/uploads\/2025\/05\/citynews-600x303.png 600w, https:\/\/maisondesgreffes.com\/wp-content\/uploads\/2025\/05\/citynews-800x405.png 800w, https:\/\/maisondesgreffes.com\/wp-content\/uploads\/2025\/05\/citynews-1200x607.png 1200w, https:\/\/maisondesgreffes.com\/wp-content\/uploads\/2025\/05\/citynews.png 1218w\" sizes=\"(max-width: 700px) 100vw, 1218px\" \/><div class=\"fusion-rollover\">\n\t<div class=\"fusion-rollover-content\">\n\n\t\t\t\t\n\t\t\n\t\t\t\t\t\t\t\t\t\t\t\t<h4 class=\"fusion-rollover-title\">\n\t\t\t\t\t<a class=\"fusion-rollover-title-link\" href=\"https:\/\/maisondesgreffes.com\/en\/2025\/05\/27\/organ-donor-cycling-towards-guinness-world-record\/\">\n\t\t\t\t\t\tOrgan donor cycling towards Guinness World Record\t\t\t\t\t<\/a>\n\t\t\t\t<\/h4>\n\t\t\t\n\t\t\t\t\t\t\t\t\t\t<div class=\"fusion-rollover-categories\"><a href=\"https:\/\/maisondesgreffes.com\/en\/category\/news-stephane\/\" rel=\"tag\">St\u00e9phane in the media<\/a><\/div>\t\t\t\t\t\n\t\t\n\t\t\t\t\t\t<a class=\"fusion-link-wrapper\" href=\"https:\/\/maisondesgreffes.com\/en\/2025\/05\/27\/organ-donor-cycling-towards-guinness-world-record\/\" aria-label=\"Organ donor cycling towards Guinness World Record\"><\/a>\n\t<\/div>\n<\/div>\n<\/div>\n<\/li>\n\t\t\t\n\t\t\t\n\t\t\t\t\t\t\t\t\t\t\t\t\t\t\t\t\t\t\t\t\t\t\t\t\t\t\t\t\t\t\t\t\t\t\t\t\t\t\t\t\t\t\t\t\t\t\t\t\t\t\t\t\t\t\t\t\t\t\t\t\t\t\t\t\t\t\t\t<\/ul>\n\t<\/div>\n\t<div class=\"fusion-post-content post-content\"><h2 class=\"blog-shortcode-post-title entry-title\"><a href=\"https:\/\/maisondesgreffes.com\/en\/2025\/05\/27\/organ-donor-cycling-towards-guinness-world-record\/\">Organ donor cycling towards Guinness World Record<\/a><\/h2><div class=\"fusion-post-content-container\"><p>By Cecilia Hua of CityNews After saving his friend\u2019s life [...]<\/p><\/div><\/div><div class=\"fusion-clearfix\"><\/div><div class=\"fusion-meta-info\"><div class=\"fusion-alignleft\">By <span class=\"vcard\"><span class=\"fn\"><a href=\"https:\/\/maisondesgreffes.com\/en\/author\/maisondesgreffes\/\" title=\"Posts by maisondesgreffes\" rel=\"author\">maisondesgreffes<\/a><\/span><\/span><span class=\"fusion-inline-sep\">|<\/span><span class=\"updated\" style=\"display:none;\">2025-05-27T11:23:29-04:00<\/span><span>27 May 2025<\/span><span class=\"fusion-inline-sep\">|<\/span>Categories: <a href=\"https:\/\/maisondesgreffes.com\/en\/category\/news-stephane\/\" rel=\"category tag\">St\u00e9phane in the media<\/a><span class=\"fusion-inline-sep\">|<\/span><span class=\"fusion-comments\"><span>Comments Off<span class=\"screen-reader-text\"> on Organ donor cycling towards Guinness World Record<\/span><\/span><\/span><\/div><div class=\"fusion-alignright\"><a class=\"fusion-read-more\" href=\"https:\/\/maisondesgreffes.com\/en\/2025\/05\/27\/organ-donor-cycling-towards-guinness-world-record\/\" aria-label=\"More on Organ donor cycling towards Guinness World Record\">Read More<\/a><\/div><\/div><\/article>\n<article id=\"blog-2-post-15068\" class=\"fusion-post-large post-15068 post type-post status-publish format-standard has-post-thumbnail hentry category-news-stephane\">\n\t<style type=\"text\/css\">\n\t\t\n\t\t\n\t\t\n\t\t\n\t\t\t<\/style>\n\n\n\t\t\t<div class=\"fusion-flexslider flexslider fusion-flexslider-loading fusion-post-slideshow\" style=\"\">\n\t\t<ul class=\"slides\">\n\t\t\t\n\t\t\t\t\t\t\t\t\t\t\t\t\t\t<li><div  class=\"fusion-image-wrapper\" aria-haspopup=\"true\">\n\t\t\t\t<img decoding=\"async\" width=\"800\" height=\"445\" src=\"https:\/\/maisondesgreffes.com\/wp-content\/uploads\/2025\/05\/bike-800x445-1.jpg\" class=\"attachment-full size-full wp-post-image\" alt=\"\" srcset=\"https:\/\/maisondesgreffes.com\/wp-content\/uploads\/2025\/05\/bike-800x445-1-200x111.jpg 200w, https:\/\/maisondesgreffes.com\/wp-content\/uploads\/2025\/05\/bike-800x445-1-400x223.jpg 400w, https:\/\/maisondesgreffes.com\/wp-content\/uploads\/2025\/05\/bike-800x445-1-600x334.jpg 600w, https:\/\/maisondesgreffes.com\/wp-content\/uploads\/2025\/05\/bike-800x445-1.jpg 800w\" sizes=\"(max-width: 700px) 100vw, 800px\" \/><div class=\"fusion-rollover\">\n\t<div class=\"fusion-rollover-content\">\n\n\t\t\t\t\n\t\t\n\t\t\t\t\t\t\t\t\t\t\t\t<h4 class=\"fusion-rollover-title\">\n\t\t\t\t\t<a class=\"fusion-rollover-title-link\" href=\"https:\/\/maisondesgreffes.com\/en\/2025\/05\/27\/22stephane-hebert-cross-canada-cycling-journey-for-organ-donation\/\">\n\t\t\t\t\t\tSt\u00e9phane H\u00e9bert: Cross Canada cycling journey for organ donation\t\t\t\t\t<\/a>\n\t\t\t\t<\/h4>\n\t\t\t\n\t\t\t\t\t\t\t\t\t\t<div class=\"fusion-rollover-categories\"><a href=\"https:\/\/maisondesgreffes.com\/en\/category\/news-stephane\/\" rel=\"tag\">St\u00e9phane in the media<\/a><\/div>\t\t\t\t\t\n\t\t\n\t\t\t\t\t\t<a class=\"fusion-link-wrapper\" href=\"https:\/\/maisondesgreffes.com\/en\/2025\/05\/27\/22stephane-hebert-cross-canada-cycling-journey-for-organ-donation\/\" aria-label=\"St\u00e9phane H\u00e9bert: Cross Canada cycling journey for organ donation\"><\/a>\n\t<\/div>\n<\/div>\n<\/div>\n<\/li>\n\t\t\t\n\t\t\t\n\t\t\t\t\t\t\t\t\t\t\t\t\t\t\t\t\t\t\t\t\t\t\t\t\t\t\t\t\t\t\t\t\t\t\t\t\t\t\t\t\t\t\t\t\t\t\t\t\t\t\t\t\t\t\t\t\t\t\t\t\t\t\t\t\t\t\t\t<\/ul>\n\t<\/div>\n\t<div class=\"fusion-post-content post-content\"><h2 class=\"blog-shortcode-post-title entry-title\"><a href=\"https:\/\/maisondesgreffes.com\/en\/2025\/05\/27\/22stephane-hebert-cross-canada-cycling-journey-for-organ-donation\/\">St\u00e9phane H\u00e9bert: Cross Canada cycling journey for organ donation<\/a><\/h2><div class=\"fusion-post-content-container\"><p>By John Watson, originally published on Strathmore Times English only [...]<\/p><\/div><\/div><div class=\"fusion-clearfix\"><\/div><div class=\"fusion-meta-info\"><div class=\"fusion-alignleft\">By <span class=\"vcard\"><span class=\"fn\"><a href=\"https:\/\/maisondesgreffes.com\/en\/author\/maisondesgreffes\/\" title=\"Posts by maisondesgreffes\" rel=\"author\">maisondesgreffes<\/a><\/span><\/span><span class=\"fusion-inline-sep\">|<\/span><span class=\"updated\" style=\"display:none;\">2025-05-27T11:12:12-04:00<\/span><span>27 May 2025<\/span><span class=\"fusion-inline-sep\">|<\/span>Categories: <a href=\"https:\/\/maisondesgreffes.com\/en\/category\/news-stephane\/\" rel=\"category tag\">St\u00e9phane in the media<\/a><span class=\"fusion-inline-sep\">|<\/span><span class=\"fusion-comments\"><span>Comments Off<span class=\"screen-reader-text\"> on St\u00e9phane H\u00e9bert: Cross Canada cycling journey for organ donation<\/span><\/span><\/span><\/div><div class=\"fusion-alignright\"><a class=\"fusion-read-more\" href=\"https:\/\/maisondesgreffes.com\/en\/2025\/05\/27\/22stephane-hebert-cross-canada-cycling-journey-for-organ-donation\/\" aria-label=\"More on St\u00e9phane H\u00e9bert: Cross Canada cycling journey for organ donation\">Read More<\/a><\/div><\/div><\/article>\n<article id=\"blog-2-post-10510\" class=\"fusion-post-large post-10510 post type-post status-publish format-standard has-post-thumbnail hentry category-news\">\n\t<style type=\"text\/css\">\n\t\t\n\t\t\n\t\t\n\t\t\n\t\t\t<\/style>\n\n\n\t\t\t<div class=\"fusion-flexslider flexslider fusion-flexslider-loading fusion-post-slideshow\" style=\"\">\n\t\t<ul class=\"slides\">\n\t\t\t\n\t\t\t\t\t\t\t\t\t\t\t\t\t\t<li><div  class=\"fusion-image-wrapper\" aria-haspopup=\"true\">\n\t\t\t\t<img decoding=\"async\" width=\"2560\" height=\"1707\" src=\"https:\/\/maisondesgreffes.com\/wp-content\/uploads\/2023\/02\/jour2-8-scaled.jpg\" class=\"attachment-full size-full wp-post-image\" alt=\"\" srcset=\"https:\/\/maisondesgreffes.com\/wp-content\/uploads\/2023\/02\/jour2-8-200x133.jpg 200w, https:\/\/maisondesgreffes.com\/wp-content\/uploads\/2023\/02\/jour2-8-400x267.jpg 400w, https:\/\/maisondesgreffes.com\/wp-content\/uploads\/2023\/02\/jour2-8-600x400.jpg 600w, https:\/\/maisondesgreffes.com\/wp-content\/uploads\/2023\/02\/jour2-8-800x534.jpg 800w, https:\/\/maisondesgreffes.com\/wp-content\/uploads\/2023\/02\/jour2-8-1200x800.jpg 1200w, https:\/\/maisondesgreffes.com\/wp-content\/uploads\/2023\/02\/jour2-8-scaled.jpg 2560w\" sizes=\"(max-width: 700px) 100vw, 2560px\" \/><div class=\"fusion-rollover\">\n\t<div class=\"fusion-rollover-content\">\n\n\t\t\t\t\n\t\t\n\t\t\t\t\t\t\t\t\t\t\t\t<h4 class=\"fusion-rollover-title\">\n\t\t\t\t\t<a class=\"fusion-rollover-title-link\" href=\"https:\/\/maisondesgreffes.com\/en\/2023\/03\/09\/maison-des-greffes-lina-cyr-podcast-sommet-du-velo\/\">\n\t\t\t\t\t\tMaison des greff\u00e9s Lina Cyr &#8211; Podcast \u00abSommet du v\u00e9lo\u00bb\t\t\t\t\t<\/a>\n\t\t\t\t<\/h4>\n\t\t\t\n\t\t\t\t\t\t\t\t\t\t<div class=\"fusion-rollover-categories\"><a href=\"https:\/\/maisondesgreffes.com\/en\/category\/news\/\" rel=\"tag\">News<\/a><\/div>\t\t\t\t\t\n\t\t\n\t\t\t\t\t\t<a class=\"fusion-link-wrapper\" href=\"https:\/\/maisondesgreffes.com\/en\/2023\/03\/09\/maison-des-greffes-lina-cyr-podcast-sommet-du-velo\/\" aria-label=\"Maison des greff\u00e9s Lina Cyr &#8211; Podcast \u00abSommet du v\u00e9lo\u00bb\"><\/a>\n\t<\/div>\n<\/div>\n<\/div>\n<\/li>\n\t\t\t\n\t\t\t\n\t\t\t\t\t\t\t\t\t\t\t\t\t\t\t\t\t\t\t\t\t\t\t\t\t\t\t\t\t\t\t\t\t\t\t\t\t\t\t\t\t\t\t\t\t\t\t\t\t\t\t\t\t\t\t\t\t\t\t\t\t\t\t\t\t\t\t\t<\/ul>\n\t<\/div>\n\t<div class=\"fusion-post-content post-content\"><h2 class=\"blog-shortcode-post-title entry-title\"><a href=\"https:\/\/maisondesgreffes.com\/en\/2023\/03\/09\/maison-des-greffes-lina-cyr-podcast-sommet-du-velo\/\">Maison des greff\u00e9s Lina Cyr &#8211; Podcast \u00abSommet du v\u00e9lo\u00bb<\/a><\/h2><div class=\"fusion-post-content-container\"><p> Maison des greff\u00e9s Lina Cyr - Podcast \u00abSommet du [...]<\/p><\/div><\/div><div class=\"fusion-clearfix\"><\/div><div class=\"fusion-meta-info\"><div class=\"fusion-alignleft\">By <span class=\"vcard\"><span class=\"fn\"><a href=\"https:\/\/maisondesgreffes.com\/en\/author\/maisondesgreffes\/\" title=\"Posts by maisondesgreffes\" rel=\"author\">maisondesgreffes<\/a><\/span><\/span><span class=\"fusion-inline-sep\">|<\/span><span class=\"updated\" style=\"display:none;\">2023-03-09T15:10:14-05:00<\/span><span>9 March 2023<\/span><span class=\"fusion-inline-sep\">|<\/span>Categories: <a href=\"https:\/\/maisondesgreffes.com\/en\/category\/news\/\" rel=\"category tag\">News<\/a><span class=\"fusion-inline-sep\">|<\/span><span class=\"fusion-comments\"><span>Comments Off<span class=\"screen-reader-text\"> on Maison des greff\u00e9s Lina Cyr &#8211; Podcast \u00abSommet du v\u00e9lo\u00bb<\/span><\/span><\/span><\/div><div class=\"fusion-alignright\"><a class=\"fusion-read-more\" href=\"https:\/\/maisondesgreffes.com\/en\/2023\/03\/09\/maison-des-greffes-lina-cyr-podcast-sommet-du-velo\/\" aria-label=\"More on Maison des greff\u00e9s Lina Cyr &#8211; Podcast \u00abSommet du v\u00e9lo\u00bb\">Read More<\/a><\/div><\/div><\/article>\n<article id=\"blog-2-post-4249\" class=\"fusion-post-large post-4249 post type-post status-publish format-standard has-post-thumbnail hentry category-news\">\n\t<style type=\"text\/css\">\n\t\t\n\t\t\n\t\t\n\t\t\n\t\t\t<\/style>\n\n\n\t\t\t<div class=\"fusion-flexslider flexslider fusion-flexslider-loading fusion-post-slideshow\" style=\"\">\n\t\t<ul class=\"slides\">\n\t\t\t\n\t\t\t\t\t\t\t\t\t\t\t\t\t\t<li><div  class=\"fusion-image-wrapper\" aria-haspopup=\"true\">\n\t\t\t\t<img decoding=\"async\" src=\"https:\/\/maisondesgreffes.com\/wp-content\/uploads\/2021\/04\/defi-velo---2.jpg\" class=\"attachment-full size-full wp-post-image\" alt=\"Bike Challenge\" \/><div class=\"fusion-rollover\">\n\t<div class=\"fusion-rollover-content\">\n\n\t\t\t\t\n\t\t\n\t\t\t\t\t\t\t\t\t\t\t\t<h4 class=\"fusion-rollover-title\">\n\t\t\t\t\t<a class=\"fusion-rollover-title-link\" href=\"https:\/\/maisondesgreffes.com\/en\/2021\/08\/10\/the-lina-cyr-bike-challenge-for-transplant-patients-celebrates-its-15th-anniversary\/\">\n\t\t\t\t\t\tThe Lina Cyr Bike Challenge for Transplant patients celebrates its 15th anniversary\t\t\t\t\t<\/a>\n\t\t\t\t<\/h4>\n\t\t\t\n\t\t\t\t\t\t\t\t\t\t<div class=\"fusion-rollover-categories\"><a href=\"https:\/\/maisondesgreffes.com\/en\/category\/news\/\" rel=\"tag\">News<\/a><\/div>\t\t\t\t\t\n\t\t\n\t\t\t\t\t\t<a class=\"fusion-link-wrapper\" href=\"https:\/\/maisondesgreffes.com\/en\/2021\/08\/10\/the-lina-cyr-bike-challenge-for-transplant-patients-celebrates-its-15th-anniversary\/\" aria-label=\"The Lina Cyr Bike Challenge for Transplant patients celebrates its 15th anniversary\"><\/a>\n\t<\/div>\n<\/div>\n<\/div>\n<\/li>\n\t\t\t\n\t\t\t\n\t\t\t\t\t\t\t\t\t\t\t\t\t\t\t\t\t\t\t\t\t\t\t\t\t\t\t\t\t\t\t\t\t\t\t\t\t\t\t\t\t\t\t\t\t\t\t\t\t\t\t\t\t\t\t\t\t\t\t\t\t\t\t\t\t\t\t\t<\/ul>\n\t<\/div>\n\t<div class=\"fusion-post-content post-content\"><h2 class=\"blog-shortcode-post-title entry-title\"><a href=\"https:\/\/maisondesgreffes.com\/en\/2021\/08\/10\/the-lina-cyr-bike-challenge-for-transplant-patients-celebrates-its-15th-anniversary\/\">The Lina Cyr Bike Challenge for Transplant patients celebrates its 15th anniversary<\/a><\/h2><div class=\"fusion-post-content-container\"><p> In French Radio-Canada, publi\u00e9 le 01 juillet 2021 Le [...]<\/p><\/div><\/div><div class=\"fusion-clearfix\"><\/div><div class=\"fusion-meta-info\"><div class=\"fusion-alignleft\">By <span class=\"vcard\"><span class=\"fn\"><a href=\"https:\/\/maisondesgreffes.com\/en\/author\/maisondesgreffes\/\" title=\"Posts by maisondesgreffes\" rel=\"author\">maisondesgreffes<\/a><\/span><\/span><span class=\"fusion-inline-sep\">|<\/span><span class=\"updated\" style=\"display:none;\">2021-08-10T16:42:49-04:00<\/span><span>10 August 2021<\/span><span class=\"fusion-inline-sep\">|<\/span>Categories: <a href=\"https:\/\/maisondesgreffes.com\/en\/category\/news\/\" rel=\"category tag\">News<\/a><span class=\"fusion-inline-sep\">|<\/span><span class=\"fusion-comments\"><span>Comments Off<span class=\"screen-reader-text\"> on The Lina Cyr Bike Challenge for Transplant patients celebrates its 15th anniversary<\/span><\/span><\/span><\/div><div class=\"fusion-alignright\"><a class=\"fusion-read-more\" href=\"https:\/\/maisondesgreffes.com\/en\/2021\/08\/10\/the-lina-cyr-bike-challenge-for-transplant-patients-celebrates-its-15th-anniversary\/\" aria-label=\"More on The Lina Cyr Bike Challenge for Transplant patients celebrates its 15th anniversary\">Read More<\/a><\/div><\/div><\/article>\n<article id=\"blog-2-post-4042\" class=\"fusion-post-large post-4042 post type-post status-publish format-standard has-post-thumbnail hentry category-news\">\n\t<style type=\"text\/css\">\n\t\t\n\t\t\n\t\t\n\t\t\n\t\t\t<\/style>\n\n\n\t\t\t<div class=\"fusion-flexslider flexslider fusion-flexslider-loading fusion-post-slideshow\" style=\"\">\n\t\t<ul class=\"slides\">\n\t\t\t\n\t\t\t\t\t\t\t\t\t\t\t\t\t\t<li><div  class=\"fusion-image-wrapper\" aria-haspopup=\"true\">\n\t\t\t\t<img decoding=\"async\" src=\"https:\/\/maisondesgreffes.com\/wp-content\/uploads\/2021\/04\/une-deuxieme-vie.jpg\" class=\"attachment-full size-full wp-post-image\" alt=\"A Second Life\" \/><div class=\"fusion-rollover\">\n\t<div class=\"fusion-rollover-content\">\n\n\t\t\t\t\n\t\t\n\t\t\t\t\t\t\t\t\t\t\t\t<h4 class=\"fusion-rollover-title\">\n\t\t\t\t\t<a class=\"fusion-rollover-title-link\" href=\"https:\/\/maisondesgreffes.com\/en\/2021\/04\/30\/a-second-life\/\">\n\t\t\t\t\t\tA Second Life\t\t\t\t\t<\/a>\n\t\t\t\t<\/h4>\n\t\t\t\n\t\t\t\t\t\t\t\t\t\t<div class=\"fusion-rollover-categories\"><a href=\"https:\/\/maisondesgreffes.com\/en\/category\/news\/\" rel=\"tag\">News<\/a><\/div>\t\t\t\t\t\n\t\t\n\t\t\t\t\t\t<a class=\"fusion-link-wrapper\" href=\"https:\/\/maisondesgreffes.com\/en\/2021\/04\/30\/a-second-life\/\" aria-label=\"A Second Life\"><\/a>\n\t<\/div>\n<\/div>\n<\/div>\n<\/li>\n\t\t\t\n\t\t\t\n\t\t\t\t\t\t\t\t\t\t\t\t\t\t\t\t\t\t\t\t\t\t\t\t\t\t\t\t\t\t\t\t\t\t\t\t\t\t\t\t\t\t\t\t\t\t\t\t\t\t\t\t\t\t\t\t\t\t\t\t\t\t\t\t\t\t\t\t<\/ul>\n\t<\/div>\n\t<div class=\"fusion-post-content post-content\"><h2 class=\"blog-shortcode-post-title entry-title\"><a href=\"https:\/\/maisondesgreffes.com\/en\/2021\/04\/30\/a-second-life\/\">A Second Life<\/a><\/h2><div class=\"fusion-post-content-container\"><p> In French La Presse Publi\u00e9 le 20 octobre 2015\u00a0 [...]<\/p><\/div><\/div><div class=\"fusion-clearfix\"><\/div><div class=\"fusion-meta-info\"><div class=\"fusion-alignleft\">By <span class=\"vcard\"><span class=\"fn\"><a href=\"https:\/\/maisondesgreffes.com\/en\/author\/isaine\/\" title=\"Posts by isaine\" rel=\"author\">isaine<\/a><\/span><\/span><span class=\"fusion-inline-sep\">|<\/span><span class=\"updated\" style=\"display:none;\">2021-04-30T15:51:51-04:00<\/span><span>30 April 2021<\/span><span class=\"fusion-inline-sep\">|<\/span>Categories: <a href=\"https:\/\/maisondesgreffes.com\/en\/category\/news\/\" rel=\"category tag\">News<\/a><span class=\"fusion-inline-sep\">|<\/span><span class=\"fusion-comments\"><span>Comments Off<span class=\"screen-reader-text\"> on A Second Life<\/span><\/span><\/span><\/div><div class=\"fusion-alignright\"><a class=\"fusion-read-more\" href=\"https:\/\/maisondesgreffes.com\/en\/2021\/04\/30\/a-second-life\/\" aria-label=\"More on A Second Life\">Read More<\/a><\/div><\/div><\/article>\n<article id=\"blog-2-post-3958\" class=\"fusion-post-large post-3958 post type-post status-publish format-standard has-post-thumbnail hentry category-nouvelles\">\n\t<style type=\"text\/css\">\n\t\t\n\t\t\n\t\t\n\t\t\n\t\t\t<\/style>\n\n\n\t\t\t<div class=\"fusion-flexslider flexslider fusion-flexslider-loading fusion-post-slideshow\" style=\"\">\n\t\t<ul class=\"slides\">\n\t\t\t\n\t\t\t\t\t\t\t\t\t\t\t\t\t\t<li><div  class=\"fusion-image-wrapper\" aria-haspopup=\"true\">\n\t\t\t\t<img decoding=\"async\" width=\"1200\" height=\"628\" src=\"https:\/\/maisondesgreffes.com\/wp-content\/uploads\/2021\/04\/un-don-substantiel-1.jpg\" class=\"attachment-full size-full wp-post-image\" alt=\"A substantial and unexpected donation for La Maison\" srcset=\"https:\/\/maisondesgreffes.com\/wp-content\/uploads\/2021\/04\/un-don-substantiel-1-200x105.jpg 200w, https:\/\/maisondesgreffes.com\/wp-content\/uploads\/2021\/04\/un-don-substantiel-1-400x209.jpg 400w, https:\/\/maisondesgreffes.com\/wp-content\/uploads\/2021\/04\/un-don-substantiel-1-600x314.jpg 600w, https:\/\/maisondesgreffes.com\/wp-content\/uploads\/2021\/04\/un-don-substantiel-1-800x419.jpg 800w, https:\/\/maisondesgreffes.com\/wp-content\/uploads\/2021\/04\/un-don-substantiel-1.jpg 1200w\" sizes=\"(max-width: 700px) 100vw, 1200px\" \/><div class=\"fusion-rollover\">\n\t<div class=\"fusion-rollover-content\">\n\n\t\t\t\t\n\t\t\n\t\t\t\t\t\t\t\t\t\t\t\t<h4 class=\"fusion-rollover-title\">\n\t\t\t\t\t<a class=\"fusion-rollover-title-link\" href=\"https:\/\/maisondesgreffes.com\/en\/2021\/04\/28\/a-substantial-and-unexpected-donation-for-la-maison\/\">\n\t\t\t\t\t\tA substantial and unexpected donation for La Maison!\t\t\t\t\t<\/a>\n\t\t\t\t<\/h4>\n\t\t\t\n\t\t\t\t\t\t\t\t\t\t<div class=\"fusion-rollover-categories\"><a href=\"https:\/\/maisondesgreffes.com\/category\/nouvelles\/\" rel=\"tag\">Nouvelles<\/a><\/div>\t\t\t\t\t\n\t\t\n\t\t\t\t\t\t<a class=\"fusion-link-wrapper\" href=\"https:\/\/maisondesgreffes.com\/en\/2021\/04\/28\/a-substantial-and-unexpected-donation-for-la-maison\/\" aria-label=\"A substantial and unexpected donation for La Maison!\"><\/a>\n\t<\/div>\n<\/div>\n<\/div>\n<\/li>\n\t\t\t\n\t\t\t\n\t\t\t\t\t\t\t\t\t\t\t\t\t\t\t\t\t\t\t\t\t\t\t\t\t\t\t\t\t\t\t\t\t\t\t\t\t\t\t\t\t\t\t\t\t\t\t\t\t\t\t\t\t\t\t\t\t\t\t\t\t\t\t\t\t\t\t\t<\/ul>\n\t<\/div>\n\t<div class=\"fusion-post-content post-content\"><h2 class=\"blog-shortcode-post-title entry-title\"><a href=\"https:\/\/maisondesgreffes.com\/en\/2021\/04\/28\/a-substantial-and-unexpected-donation-for-la-maison\/\">A substantial and unexpected donation for La Maison!<\/a><\/h2><div class=\"fusion-post-content-container\"><p> La Maison des greff\u00e9s recently received a generous donation [...]<\/p><\/div><\/div><div class=\"fusion-clearfix\"><\/div><div class=\"fusion-meta-info\"><div class=\"fusion-alignleft\">By <span class=\"vcard\"><span class=\"fn\"><a href=\"https:\/\/maisondesgreffes.com\/en\/author\/isaine\/\" title=\"Posts by isaine\" rel=\"author\">isaine<\/a><\/span><\/span><span class=\"fusion-inline-sep\">|<\/span><span class=\"updated\" style=\"display:none;\">2022-01-18T13:47:29-05:00<\/span><span>28 April 2021<\/span><span class=\"fusion-inline-sep\">|<\/span>Categories: <a href=\"https:\/\/maisondesgreffes.com\/category\/nouvelles\/\" rel=\"category tag\">Nouvelles<\/a><span class=\"fusion-inline-sep\">|<\/span><span class=\"fusion-comments\"><span>Comments Off<span class=\"screen-reader-text\"> on A substantial and unexpected donation for La Maison!<\/span><\/span><\/span><\/div><div class=\"fusion-alignright\"><a class=\"fusion-read-more\" href=\"https:\/\/maisondesgreffes.com\/en\/2021\/04\/28\/a-substantial-and-unexpected-donation-for-la-maison\/\" aria-label=\"More on A substantial and unexpected donation for La Maison!\">Read More<\/a><\/div><\/div><\/article>\n<article id=\"blog-2-post-3917\" class=\"fusion-post-large post-3917 post type-post status-publish format-standard has-post-thumbnail hentry category-news\">\n\t<style type=\"text\/css\">\n\t\t\n\t\t\n\t\t\n\t\t\n\t\t\t<\/style>\n\n\n\t\t\t<div class=\"fusion-flexslider flexslider fusion-flexslider-loading fusion-post-slideshow\" style=\"\">\n\t\t<ul class=\"slides\">\n\t\t\t\n\t\t\t\t\t\t\t\t\t\t\t\t\t\t<li><div  class=\"fusion-image-wrapper\" aria-haspopup=\"true\">\n\t\t\t\t<img decoding=\"async\" width=\"1200\" height=\"628\" src=\"https:\/\/maisondesgreffes.com\/wp-content\/uploads\/2021\/04\/patrice-dionne.jpg\" class=\"attachment-full size-full wp-post-image\" alt=\"Patrice Dionne\" srcset=\"https:\/\/maisondesgreffes.com\/wp-content\/uploads\/2021\/04\/patrice-dionne-200x105.jpg 200w, https:\/\/maisondesgreffes.com\/wp-content\/uploads\/2021\/04\/patrice-dionne-400x209.jpg 400w, https:\/\/maisondesgreffes.com\/wp-content\/uploads\/2021\/04\/patrice-dionne-600x314.jpg 600w, https:\/\/maisondesgreffes.com\/wp-content\/uploads\/2021\/04\/patrice-dionne-800x419.jpg 800w, https:\/\/maisondesgreffes.com\/wp-content\/uploads\/2021\/04\/patrice-dionne.jpg 1200w\" sizes=\"(max-width: 700px) 100vw, 1200px\" \/><div class=\"fusion-rollover\">\n\t<div class=\"fusion-rollover-content\">\n\n\t\t\t\t\n\t\t\n\t\t\t\t\t\t\t\t\t\t\t\t<h4 class=\"fusion-rollover-title\">\n\t\t\t\t\t<a class=\"fusion-rollover-title-link\" href=\"https:\/\/maisondesgreffes.com\/en\/2021\/04\/26\/patrice-dionne-heart-and-liver-transplant-recipient\/\">\n\t\t\t\t\t\tPatrice Dionne, heart and liver transplant recipient\t\t\t\t\t<\/a>\n\t\t\t\t<\/h4>\n\t\t\t\n\t\t\t\t\t\t\t\t\t\t<div class=\"fusion-rollover-categories\"><a href=\"https:\/\/maisondesgreffes.com\/en\/category\/news\/\" rel=\"tag\">News<\/a><\/div>\t\t\t\t\t\n\t\t\n\t\t\t\t\t\t<a class=\"fusion-link-wrapper\" href=\"https:\/\/maisondesgreffes.com\/en\/2021\/04\/26\/patrice-dionne-heart-and-liver-transplant-recipient\/\" aria-label=\"Patrice Dionne, heart and liver transplant recipient\"><\/a>\n\t<\/div>\n<\/div>\n<\/div>\n<\/li>\n\t\t\t\n\t\t\t\n\t\t\t\t\t\t\t\t\t\t\t\t\t\t\t\t\t\t\t\t\t\t\t\t\t\t\t\t\t\t\t\t\t\t\t\t\t\t\t\t\t\t\t\t\t\t\t\t\t\t\t\t\t\t\t\t\t\t\t\t\t\t\t\t\t\t\t\t<\/ul>\n\t<\/div>\n\t<div class=\"fusion-post-content post-content\"><h2 class=\"blog-shortcode-post-title entry-title\"><a href=\"https:\/\/maisondesgreffes.com\/en\/2021\/04\/26\/patrice-dionne-heart-and-liver-transplant-recipient\/\">Patrice Dionne, heart and liver transplant recipient<\/a><\/h2><div class=\"fusion-post-content-container\"><p> In French La Presse, 2 ao\u00fbt 2020 Patrice Dionne [...]<\/p><\/div><\/div><div class=\"fusion-clearfix\"><\/div><div class=\"fusion-meta-info\"><div class=\"fusion-alignleft\">By <span class=\"vcard\"><span class=\"fn\"><a href=\"https:\/\/maisondesgreffes.com\/en\/author\/isaine\/\" title=\"Posts by isaine\" rel=\"author\">isaine<\/a><\/span><\/span><span class=\"fusion-inline-sep\">|<\/span><span class=\"updated\" style=\"display:none;\">2021-04-26T18:31:18-04:00<\/span><span>26 April 2021<\/span><span class=\"fusion-inline-sep\">|<\/span>Categories: <a href=\"https:\/\/maisondesgreffes.com\/en\/category\/news\/\" rel=\"category tag\">News<\/a><span class=\"fusion-inline-sep\">|<\/span><span class=\"fusion-comments\"><span>Comments Off<span class=\"screen-reader-text\"> on Patrice Dionne, heart and liver transplant recipient<\/span><\/span><\/span><\/div><div class=\"fusion-alignright\"><a class=\"fusion-read-more\" href=\"https:\/\/maisondesgreffes.com\/en\/2021\/04\/26\/patrice-dionne-heart-and-liver-transplant-recipient\/\" aria-label=\"More on Patrice Dionne, heart and liver transplant recipient\">Read More<\/a><\/div><\/div><\/article>\n<article id=\"blog-2-post-3705\" class=\"fusion-post-large post-3705 post type-post status-publish format-standard has-post-thumbnail hentry category-news\">\n\t<style type=\"text\/css\">\n\t\t\n\t\t\n\t\t\n\t\t\n\t\t\t<\/style>\n\n\n\t\t\t<div class=\"fusion-flexslider flexslider fusion-flexslider-loading fusion-post-slideshow\" style=\"\">\n\t\t<ul class=\"slides\">\n\t\t\t\n\t\t\t\t\t\t\t\t\t\t\t\t\t\t<li><div  class=\"fusion-image-wrapper\" aria-haspopup=\"true\">\n\t\t\t\t<img decoding=\"async\" src=\"https:\/\/maisondesgreffes.com\/wp-content\/uploads\/2021\/04\/don-dorganes---2.jpg\" class=\"attachment-full size-full wp-post-image\" alt=\"Organ transplant surgeries have dropped in the pandemic. Some of the reasons are clear, but no one knows why donations have dropped.\" \/><div class=\"fusion-rollover\">\n\t<div class=\"fusion-rollover-content\">\n\n\t\t\t\t\n\t\t\n\t\t\t\t\t\t\t\t\t\t\t\t<h4 class=\"fusion-rollover-title\">\n\t\t\t\t\t<a class=\"fusion-rollover-title-link\" href=\"https:\/\/maisondesgreffes.com\/en\/2021\/02\/25\/quebec-organ-transplants-are-down\/\">\n\t\t\t\t\t\tQuebec organ transplants are down\t\t\t\t\t<\/a>\n\t\t\t\t<\/h4>\n\t\t\t\n\t\t\t\t\t\t\t\t\t\t<div class=\"fusion-rollover-categories\"><a href=\"https:\/\/maisondesgreffes.com\/en\/category\/news\/\" rel=\"tag\">News<\/a><\/div>\t\t\t\t\t\n\t\t\n\t\t\t\t\t\t<a class=\"fusion-link-wrapper\" href=\"https:\/\/maisondesgreffes.com\/en\/2021\/02\/25\/quebec-organ-transplants-are-down\/\" aria-label=\"Quebec organ transplants are down\"><\/a>\n\t<\/div>\n<\/div>\n<\/div>\n<\/li>\n\t\t\t\n\t\t\t\n\t\t\t\t\t\t\t\t\t\t\t\t\t\t\t\t\t\t\t\t\t\t\t\t\t\t\t\t\t\t\t\t\t\t\t\t\t\t\t\t\t\t\t\t\t\t\t\t\t\t\t\t\t\t\t\t\t\t\t\t\t\t\t\t\t\t\t\t<\/ul>\n\t<\/div>\n\t<div class=\"fusion-post-content post-content\"><h2 class=\"blog-shortcode-post-title entry-title\"><a href=\"https:\/\/maisondesgreffes.com\/en\/2021\/02\/25\/quebec-organ-transplants-are-down\/\">Quebec organ transplants are down<\/a><\/h2><div class=\"fusion-post-content-container\"><p> Air Date: February 24, 2021 Organ transplant surgeries have [...]<\/p><\/div><\/div><div class=\"fusion-clearfix\"><\/div><div class=\"fusion-meta-info\"><div class=\"fusion-alignleft\">By <span class=\"vcard\"><span class=\"fn\"><a href=\"https:\/\/maisondesgreffes.com\/en\/author\/isaine\/\" title=\"Posts by isaine\" rel=\"author\">isaine<\/a><\/span><\/span><span class=\"fusion-inline-sep\">|<\/span><span class=\"updated\" style=\"display:none;\">2021-04-14T15:35:40-04:00<\/span><span>25 February 2021<\/span><span class=\"fusion-inline-sep\">|<\/span>Categories: <a href=\"https:\/\/maisondesgreffes.com\/en\/category\/news\/\" rel=\"category tag\">News<\/a><span class=\"fusion-inline-sep\">|<\/span><span class=\"fusion-comments\"><span>Comments Off<span class=\"screen-reader-text\"> on Quebec organ transplants are down<\/span><\/span><\/span><\/div><div class=\"fusion-alignright\"><a class=\"fusion-read-more\" href=\"https:\/\/maisondesgreffes.com\/en\/2021\/02\/25\/quebec-organ-transplants-are-down\/\" aria-label=\"More on Quebec organ transplants are down\">Read More<\/a><\/div><\/div><\/article>\n<article id=\"blog-2-post-3620\" class=\"fusion-post-large post-3620 post type-post status-publish format-standard has-post-thumbnail hentry category-news\">\n\t<style type=\"text\/css\">\n\t\t\n\t\t\n\t\t\n\t\t\n\t\t\t<\/style>\n\n\n\t\t\t<div class=\"fusion-flexslider flexslider fusion-flexslider-loading fusion-post-slideshow\" style=\"\">\n\t\t<ul class=\"slides\">\n\t\t\t\n\t\t\t\t\t\t\t\t\t\t\t\t\t\t<li><div  class=\"fusion-image-wrapper\" aria-haspopup=\"true\">\n\t\t\t\t<img decoding=\"async\" width=\"1200\" height=\"628\" src=\"https:\/\/maisondesgreffes.com\/wp-content\/uploads\/2020\/10\/don-dorganes.jpg\" class=\"attachment-full size-full wp-post-image\" alt=\"Don d\u2019organes\" srcset=\"https:\/\/maisondesgreffes.com\/wp-content\/uploads\/2020\/10\/don-dorganes-200x105.jpg 200w, https:\/\/maisondesgreffes.com\/wp-content\/uploads\/2020\/10\/don-dorganes-400x209.jpg 400w, https:\/\/maisondesgreffes.com\/wp-content\/uploads\/2020\/10\/don-dorganes-600x314.jpg 600w, https:\/\/maisondesgreffes.com\/wp-content\/uploads\/2020\/10\/don-dorganes-800x419.jpg 800w, https:\/\/maisondesgreffes.com\/wp-content\/uploads\/2020\/10\/don-dorganes.jpg 1200w\" sizes=\"(max-width: 700px) 100vw, 1200px\" \/><div class=\"fusion-rollover\">\n\t<div class=\"fusion-rollover-content\">\n\n\t\t\t\t\n\t\t\n\t\t\t\t\t\t\t\t\t\t\t\t<h4 class=\"fusion-rollover-title\">\n\t\t\t\t\t<a class=\"fusion-rollover-title-link\" href=\"https:\/\/maisondesgreffes.com\/en\/2020\/10\/21\/delays-on-organ-donation\/\">\n\t\t\t\t\t\tDelays on organ donation\t\t\t\t\t<\/a>\n\t\t\t\t<\/h4>\n\t\t\t\n\t\t\t\t\t\t\t\t\t\t<div class=\"fusion-rollover-categories\"><a href=\"https:\/\/maisondesgreffes.com\/en\/category\/news\/\" rel=\"tag\">News<\/a><\/div>\t\t\t\t\t\n\t\t\n\t\t\t\t\t\t<a class=\"fusion-link-wrapper\" href=\"https:\/\/maisondesgreffes.com\/en\/2020\/10\/21\/delays-on-organ-donation\/\" aria-label=\"Delays on organ donation\"><\/a>\n\t<\/div>\n<\/div>\n<\/div>\n<\/li>\n\t\t\t\n\t\t\t\n\t\t\t\t\t\t\t\t\t\t\t\t\t\t\t\t\t\t\t\t\t\t\t\t\t\t\t\t\t\t\t\t\t\t\t\t\t\t\t\t\t\t\t\t\t\t\t\t\t\t\t\t\t\t\t\t\t\t\t\t\t\t\t\t\t\t\t\t<\/ul>\n\t<\/div>\n\t<div class=\"fusion-post-content post-content\"><h2 class=\"blog-shortcode-post-title entry-title\"><a href=\"https:\/\/maisondesgreffes.com\/en\/2020\/10\/21\/delays-on-organ-donation\/\">Delays on organ donation<\/a><\/h2><div class=\"fusion-post-content-container\"><p> In French TVA nouvelles, publi\u00e9 le 17 octobre 2020 [...]<\/p><\/div><\/div><div class=\"fusion-clearfix\"><\/div><div class=\"fusion-meta-info\"><div class=\"fusion-alignleft\">By <span class=\"vcard\"><span class=\"fn\"><a href=\"https:\/\/maisondesgreffes.com\/en\/author\/isaine\/\" title=\"Posts by isaine\" rel=\"author\">isaine<\/a><\/span><\/span><span class=\"fusion-inline-sep\">|<\/span><span class=\"updated\" style=\"display:none;\">2021-04-14T12:07:49-04:00<\/span><span>21 October 2020<\/span><span class=\"fusion-inline-sep\">|<\/span>Categories: <a href=\"https:\/\/maisondesgreffes.com\/en\/category\/news\/\" rel=\"category tag\">News<\/a><span class=\"fusion-inline-sep\">|<\/span><span class=\"fusion-comments\"><span>Comments Off<span class=\"screen-reader-text\"> on Delays on organ donation<\/span><\/span><\/span><\/div><div class=\"fusion-alignright\"><a class=\"fusion-read-more\" href=\"https:\/\/maisondesgreffes.com\/en\/2020\/10\/21\/delays-on-organ-donation\/\" aria-label=\"More on Delays on organ donation\">Read More<\/a><\/div><\/div><\/article>\n<article id=\"blog-2-post-3627\" class=\"fusion-post-large post-3627 post type-post status-publish format-standard has-post-thumbnail hentry category-news\">\n\t<style type=\"text\/css\">\n\t\t\n\t\t\n\t\t\n\t\t\n\t\t\t<\/style>\n\n\n\t\t\t<div class=\"fusion-flexslider flexslider fusion-flexslider-loading fusion-post-slideshow\" style=\"\">\n\t\t<ul class=\"slides\">\n\t\t\t\n\t\t\t\t\t\t\t\t\t\t\t\t\t\t<li><div  class=\"fusion-image-wrapper\" aria-haspopup=\"true\">\n\t\t\t\t<img decoding=\"async\" width=\"1200\" height=\"628\" src=\"https:\/\/maisondesgreffes.com\/wp-content\/uploads\/2020\/10\/don-dorganes-2.jpg\" class=\"attachment-full size-full wp-post-image\" alt=\"Organ donation: raising awareness is a necessity\" srcset=\"https:\/\/maisondesgreffes.com\/wp-content\/uploads\/2020\/10\/don-dorganes-2-200x105.jpg 200w, https:\/\/maisondesgreffes.com\/wp-content\/uploads\/2020\/10\/don-dorganes-2-400x209.jpg 400w, https:\/\/maisondesgreffes.com\/wp-content\/uploads\/2020\/10\/don-dorganes-2-600x314.jpg 600w, https:\/\/maisondesgreffes.com\/wp-content\/uploads\/2020\/10\/don-dorganes-2-800x419.jpg 800w, https:\/\/maisondesgreffes.com\/wp-content\/uploads\/2020\/10\/don-dorganes-2.jpg 1200w\" sizes=\"(max-width: 700px) 100vw, 1200px\" \/><div class=\"fusion-rollover\">\n\t<div class=\"fusion-rollover-content\">\n\n\t\t\t\t\n\t\t\n\t\t\t\t\t\t\t\t\t\t\t\t<h4 class=\"fusion-rollover-title\">\n\t\t\t\t\t<a class=\"fusion-rollover-title-link\" href=\"https:\/\/maisondesgreffes.com\/en\/2020\/10\/16\/organ-donation-raising-awareness-is-a-necessity\/\">\n\t\t\t\t\t\tOrgan donation: raising awareness is a necessity\t\t\t\t\t<\/a>\n\t\t\t\t<\/h4>\n\t\t\t\n\t\t\t\t\t\t\t\t\t\t<div class=\"fusion-rollover-categories\"><a href=\"https:\/\/maisondesgreffes.com\/en\/category\/news\/\" rel=\"tag\">News<\/a><\/div>\t\t\t\t\t\n\t\t\n\t\t\t\t\t\t<a class=\"fusion-link-wrapper\" href=\"https:\/\/maisondesgreffes.com\/en\/2020\/10\/16\/organ-donation-raising-awareness-is-a-necessity\/\" aria-label=\"Organ donation: raising awareness is a necessity\"><\/a>\n\t<\/div>\n<\/div>\n<\/div>\n<\/li>\n\t\t\t\n\t\t\t\n\t\t\t\t\t\t\t\t\t\t\t\t\t\t\t\t\t\t\t\t\t\t\t\t\t\t\t\t\t\t\t\t\t\t\t\t\t\t\t\t\t\t\t\t\t\t\t\t\t\t\t\t\t\t\t\t\t\t\t\t\t\t\t\t\t\t\t\t<\/ul>\n\t<\/div>\n\t<div class=\"fusion-post-content post-content\"><h2 class=\"blog-shortcode-post-title entry-title\"><a href=\"https:\/\/maisondesgreffes.com\/en\/2020\/10\/16\/organ-donation-raising-awareness-is-a-necessity\/\">Organ donation: raising awareness is a necessity<\/a><\/h2><div class=\"fusion-post-content-container\"><p> In French M\u00e9tro, publi\u00e9 le 16 octobre 2020 La [...]<\/p><\/div><\/div><div class=\"fusion-clearfix\"><\/div><div class=\"fusion-meta-info\"><div class=\"fusion-alignleft\">By <span class=\"vcard\"><span class=\"fn\"><a href=\"https:\/\/maisondesgreffes.com\/en\/author\/isaine\/\" title=\"Posts by isaine\" rel=\"author\">isaine<\/a><\/span><\/span><span class=\"fusion-inline-sep\">|<\/span><span class=\"updated\" style=\"display:none;\">2021-04-14T12:11:50-04:00<\/span><span>16 October 2020<\/span><span class=\"fusion-inline-sep\">|<\/span>Categories: <a href=\"https:\/\/maisondesgreffes.com\/en\/category\/news\/\" rel=\"category tag\">News<\/a><span class=\"fusion-inline-sep\">|<\/span><span class=\"fusion-comments\"><span>Comments Off<span class=\"screen-reader-text\"> on Organ donation: raising awareness is a necessity<\/span><\/span><\/span><\/div><div class=\"fusion-alignright\"><a class=\"fusion-read-more\" href=\"https:\/\/maisondesgreffes.com\/en\/2020\/10\/16\/organ-donation-raising-awareness-is-a-necessity\/\" aria-label=\"More on Organ donation: raising awareness is a necessity\">Read More<\/a><\/div><\/div><\/article>\n<article id=\"blog-2-post-3639\" class=\"fusion-post-large post-3639 post type-post status-publish format-standard has-post-thumbnail hentry category-news\">\n\t<style type=\"text\/css\">\n\t\t\n\t\t\n\t\t\n\t\t\n\t\t\t<\/style>\n\n\n\t\t\t<div class=\"fusion-flexslider flexslider fusion-flexslider-loading fusion-post-slideshow\" style=\"\">\n\t\t<ul class=\"slides\">\n\t\t\t\n\t\t\t\t\t\t\t\t\t\t\t\t\t\t<li><div  class=\"fusion-image-wrapper\" aria-haspopup=\"true\">\n\t\t\t\t<img decoding=\"async\" src=\"https:\/\/maisondesgreffes.com\/wp-content\/uploads\/2021\/04\/delais-dons-dorganes-1.jpg\" class=\"attachment-full size-full wp-post-image\" alt=\"A new life at 4:25 pm\" \/><div class=\"fusion-rollover\">\n\t<div class=\"fusion-rollover-content\">\n\n\t\t\t\t\n\t\t\n\t\t\t\t\t\t\t\t\t\t\t\t<h4 class=\"fusion-rollover-title\">\n\t\t\t\t\t<a class=\"fusion-rollover-title-link\" href=\"https:\/\/maisondesgreffes.com\/en\/2019\/11\/05\/a-new-life-at-425-pm\/\">\n\t\t\t\t\t\tA new life at 4:25 pm\t\t\t\t\t<\/a>\n\t\t\t\t<\/h4>\n\t\t\t\n\t\t\t\t\t\t\t\t\t\t<div class=\"fusion-rollover-categories\"><a href=\"https:\/\/maisondesgreffes.com\/en\/category\/news\/\" rel=\"tag\">News<\/a><\/div>\t\t\t\t\t\n\t\t\n\t\t\t\t\t\t<a class=\"fusion-link-wrapper\" href=\"https:\/\/maisondesgreffes.com\/en\/2019\/11\/05\/a-new-life-at-425-pm\/\" aria-label=\"A new life at 4:25 pm\"><\/a>\n\t<\/div>\n<\/div>\n<\/div>\n<\/li>\n\t\t\t\n\t\t\t\n\t\t\t\t\t\t\t\t\t\t\t\t\t\t\t\t\t\t\t\t\t\t\t\t\t\t\t\t\t\t\t\t\t\t\t\t\t\t\t\t\t\t\t\t\t\t\t\t\t\t\t\t\t\t\t\t\t\t\t\t\t\t\t\t\t\t\t\t<\/ul>\n\t<\/div>\n\t<div class=\"fusion-post-content post-content\"><h2 class=\"blog-shortcode-post-title entry-title\"><a href=\"https:\/\/maisondesgreffes.com\/en\/2019\/11\/05\/a-new-life-at-425-pm\/\">A new life at 4:25 pm<\/a><\/h2><div class=\"fusion-post-content-container\"><p> In French Plan\u00e8te mon monde, publi\u00e9 le 5 novembre [...]<\/p><\/div><\/div><div class=\"fusion-clearfix\"><\/div><div class=\"fusion-meta-info\"><div class=\"fusion-alignleft\">By <span class=\"vcard\"><span class=\"fn\"><a href=\"https:\/\/maisondesgreffes.com\/en\/author\/isaine\/\" title=\"Posts by isaine\" rel=\"author\">isaine<\/a><\/span><\/span><span class=\"fusion-inline-sep\">|<\/span><span class=\"updated\" style=\"display:none;\">2021-04-14T12:20:20-04:00<\/span><span>5 November 2019<\/span><span class=\"fusion-inline-sep\">|<\/span>Categories: <a href=\"https:\/\/maisondesgreffes.com\/en\/category\/news\/\" rel=\"category tag\">News<\/a><span class=\"fusion-inline-sep\">|<\/span><span class=\"fusion-comments\"><span>Comments Off<span class=\"screen-reader-text\"> on A new life at 4:25 pm<\/span><\/span><\/span><\/div><div class=\"fusion-alignright\"><a class=\"fusion-read-more\" href=\"https:\/\/maisondesgreffes.com\/en\/2019\/11\/05\/a-new-life-at-425-pm\/\" aria-label=\"More on A new life at 4:25 pm\">Read More<\/a><\/div><\/div><\/article>\n<article id=\"blog-2-post-3643\" class=\"fusion-post-large post-3643 post type-post status-publish format-standard has-post-thumbnail hentry category-news\">\n\t<style type=\"text\/css\">\n\t\t\n\t\t\n\t\t\n\t\t\n\t\t\t<\/style>\n\n\n\t\t\t<div class=\"fusion-flexslider flexslider fusion-flexslider-loading fusion-post-slideshow\" style=\"\">\n\t\t<ul class=\"slides\">\n\t\t\t\n\t\t\t\t\t\t\t\t\t\t\t\t\t\t<li><div  class=\"fusion-image-wrapper\" aria-haspopup=\"true\">\n\t\t\t\t<img decoding=\"async\" src=\"https:\/\/maisondesgreffes.com\/wp-content\/uploads\/2021\/04\/greffe-du-coeur.jpg\" class=\"attachment-full size-full wp-post-image\" alt=\"Heart transplant; I now enjoy all the little details of life\" \/><div class=\"fusion-rollover\">\n\t<div class=\"fusion-rollover-content\">\n\n\t\t\t\t\n\t\t\n\t\t\t\t\t\t\t\t\t\t\t\t<h4 class=\"fusion-rollover-title\">\n\t\t\t\t\t<a class=\"fusion-rollover-title-link\" href=\"https:\/\/maisondesgreffes.com\/en\/2019\/08\/13\/heart-transplant-i-now-enjoy-all-the-little-details-of-life\/\">\n\t\t\t\t\t\tHeart transplant; I now enjoy all the little details of life\t\t\t\t\t<\/a>\n\t\t\t\t<\/h4>\n\t\t\t\n\t\t\t\t\t\t\t\t\t\t<div class=\"fusion-rollover-categories\"><a href=\"https:\/\/maisondesgreffes.com\/en\/category\/news\/\" rel=\"tag\">News<\/a><\/div>\t\t\t\t\t\n\t\t\n\t\t\t\t\t\t<a class=\"fusion-link-wrapper\" href=\"https:\/\/maisondesgreffes.com\/en\/2019\/08\/13\/heart-transplant-i-now-enjoy-all-the-little-details-of-life\/\" aria-label=\"Heart transplant; I now enjoy all the little details of life\"><\/a>\n\t<\/div>\n<\/div>\n<\/div>\n<\/li>\n\t\t\t\n\t\t\t\n\t\t\t\t\t\t\t\t\t\t\t\t\t\t\t\t\t\t\t\t\t\t\t\t\t\t\t\t\t\t\t\t\t\t\t\t\t\t\t\t\t\t\t\t\t\t\t\t\t\t\t\t\t\t\t\t\t\t\t\t\t\t\t\t\t\t\t\t<\/ul>\n\t<\/div>\n\t<div class=\"fusion-post-content post-content\"><h2 class=\"blog-shortcode-post-title entry-title\"><a href=\"https:\/\/maisondesgreffes.com\/en\/2019\/08\/13\/heart-transplant-i-now-enjoy-all-the-little-details-of-life\/\">Heart transplant; I now enjoy all the little details of life<\/a><\/h2><div class=\"fusion-post-content-container\"><p>In FrenchMardi 13 ao\u00fbt 2019 Collaboration sp\u00e9ciale pour HuffPost \u00c0 [...]<\/p><\/div><\/div><div class=\"fusion-clearfix\"><\/div><div class=\"fusion-meta-info\"><div class=\"fusion-alignleft\">By <span class=\"vcard\"><span class=\"fn\"><a href=\"https:\/\/maisondesgreffes.com\/en\/author\/isaine\/\" title=\"Posts by isaine\" rel=\"author\">isaine<\/a><\/span><\/span><span class=\"fusion-inline-sep\">|<\/span><span class=\"updated\" style=\"display:none;\">2021-04-14T12:22:11-04:00<\/span><span>13 August 2019<\/span><span class=\"fusion-inline-sep\">|<\/span>Categories: <a href=\"https:\/\/maisondesgreffes.com\/en\/category\/news\/\" rel=\"category tag\">News<\/a><span class=\"fusion-inline-sep\">|<\/span><span class=\"fusion-comments\"><span>Comments Off<span class=\"screen-reader-text\"> on Heart transplant; I now enjoy all the little details of life<\/span><\/span><\/span><\/div><div class=\"fusion-alignright\"><a class=\"fusion-read-more\" href=\"https:\/\/maisondesgreffes.com\/en\/2019\/08\/13\/heart-transplant-i-now-enjoy-all-the-little-details-of-life\/\" aria-label=\"More on Heart transplant; I now enjoy all the little details of life\">Read More<\/a><\/div><\/div><\/article>\n<article id=\"blog-2-post-3646\" class=\"fusion-post-large post-3646 post type-post status-publish format-standard has-post-thumbnail hentry category-news\">\n\t<style type=\"text\/css\">\n\t\t\n\t\t\n\t\t\n\t\t\n\t\t\t<\/style>\n\n\n\t\t\t<div class=\"fusion-flexslider flexslider fusion-flexslider-loading fusion-post-slideshow\" style=\"\">\n\t\t<ul class=\"slides\">\n\t\t\t\n\t\t\t\t\t\t\t\t\t\t\t\t\t\t<li><div  class=\"fusion-image-wrapper\" aria-haspopup=\"true\">\n\t\t\t\t<img decoding=\"async\" src=\"https:\/\/maisondesgreffes.com\/wp-content\/uploads\/2021\/04\/defi-velo---2.jpg\" class=\"attachment-full size-full wp-post-image\" alt=\"Bike Challenge\" \/><div class=\"fusion-rollover\">\n\t<div class=\"fusion-rollover-content\">\n\n\t\t\t\t\n\t\t\n\t\t\t\t\t\t\t\t\t\t\t\t<h4 class=\"fusion-rollover-title\">\n\t\t\t\t\t<a class=\"fusion-rollover-title-link\" href=\"https:\/\/maisondesgreffes.com\/en\/2019\/07\/19\/290-000-for-transplant-patients\/\">\n\t\t\t\t\t\t290 000$ for transplant patients\t\t\t\t\t<\/a>\n\t\t\t\t<\/h4>\n\t\t\t\n\t\t\t\t\t\t\t\t\t\t<div class=\"fusion-rollover-categories\"><a href=\"https:\/\/maisondesgreffes.com\/en\/category\/news\/\" rel=\"tag\">News<\/a><\/div>\t\t\t\t\t\n\t\t\n\t\t\t\t\t\t<a class=\"fusion-link-wrapper\" href=\"https:\/\/maisondesgreffes.com\/en\/2019\/07\/19\/290-000-for-transplant-patients\/\" aria-label=\"290 000$ for transplant patients\"><\/a>\n\t<\/div>\n<\/div>\n<\/div>\n<\/li>\n\t\t\t\n\t\t\t\n\t\t\t\t\t\t\t\t\t\t\t\t\t\t\t\t\t\t\t\t\t\t\t\t\t\t\t\t\t\t\t\t\t\t\t\t\t\t\t\t\t\t\t\t\t\t\t\t\t\t\t\t\t\t\t\t\t\t\t\t\t\t\t\t\t\t\t\t<\/ul>\n\t<\/div>\n\t<div class=\"fusion-post-content post-content\"><h2 class=\"blog-shortcode-post-title entry-title\"><a href=\"https:\/\/maisondesgreffes.com\/en\/2019\/07\/19\/290-000-for-transplant-patients\/\">290 000$ for transplant patients<\/a><\/h2><div class=\"fusion-post-content-container\"><p> In FrenchVendredi 19 juillet 2019 La maison des greff\u00e9s [...]<\/p><\/div><\/div><div class=\"fusion-clearfix\"><\/div><div class=\"fusion-meta-info\"><div class=\"fusion-alignleft\">By <span class=\"vcard\"><span class=\"fn\"><a href=\"https:\/\/maisondesgreffes.com\/en\/author\/isaine\/\" title=\"Posts by isaine\" rel=\"author\">isaine<\/a><\/span><\/span><span class=\"fusion-inline-sep\">|<\/span><span class=\"updated\" style=\"display:none;\">2021-04-14T12:23:48-04:00<\/span><span>19 July 2019<\/span><span class=\"fusion-inline-sep\">|<\/span>Categories: <a href=\"https:\/\/maisondesgreffes.com\/en\/category\/news\/\" rel=\"category tag\">News<\/a><span class=\"fusion-inline-sep\">|<\/span><span class=\"fusion-comments\"><span>Comments Off<span class=\"screen-reader-text\"> on 290 000$ for transplant patients<\/span><\/span><\/span><\/div><div class=\"fusion-alignright\"><a class=\"fusion-read-more\" href=\"https:\/\/maisondesgreffes.com\/en\/2019\/07\/19\/290-000-for-transplant-patients\/\" aria-label=\"More on 290 000$ for transplant patients\">Read More<\/a><\/div><\/div><\/article>\n<article id=\"blog-2-post-3654\" class=\"fusion-post-large post-3654 post type-post status-publish format-standard has-post-thumbnail hentry category-news\">\n\t<style type=\"text\/css\">\n\t\t\n\t\t\n\t\t\n\t\t\n\t\t\t<\/style>\n\n\n\t\t\t<div class=\"fusion-flexslider flexslider fusion-flexslider-loading fusion-post-slideshow\" style=\"\">\n\t\t<ul class=\"slides\">\n\t\t\t\n\t\t\t\t\t\t\t\t\t\t\t\t\t\t<li><div  class=\"fusion-image-wrapper\" aria-haspopup=\"true\">\n\t\t\t\t<img decoding=\"async\" src=\"https:\/\/maisondesgreffes.com\/wp-content\/uploads\/2021\/04\/le-combat-dune-greffee-du-foie.jpg\" class=\"attachment-full size-full wp-post-image\" alt=\"The struggle of a liver transplant recipient\" \/><div class=\"fusion-rollover\">\n\t<div class=\"fusion-rollover-content\">\n\n\t\t\t\t\n\t\t\n\t\t\t\t\t\t\t\t\t\t\t\t<h4 class=\"fusion-rollover-title\">\n\t\t\t\t\t<a class=\"fusion-rollover-title-link\" href=\"https:\/\/maisondesgreffes.com\/en\/2018\/12\/19\/the-struggle-of-a-liver-transplant-recipient\/\">\n\t\t\t\t\t\tThe struggle of a liver transplant recipient\t\t\t\t\t<\/a>\n\t\t\t\t<\/h4>\n\t\t\t\n\t\t\t\t\t\t\t\t\t\t<div class=\"fusion-rollover-categories\"><a href=\"https:\/\/maisondesgreffes.com\/en\/category\/news\/\" rel=\"tag\">News<\/a><\/div>\t\t\t\t\t\n\t\t\n\t\t\t\t\t\t<a class=\"fusion-link-wrapper\" href=\"https:\/\/maisondesgreffes.com\/en\/2018\/12\/19\/the-struggle-of-a-liver-transplant-recipient\/\" aria-label=\"The struggle of a liver transplant recipient\"><\/a>\n\t<\/div>\n<\/div>\n<\/div>\n<\/li>\n\t\t\t\n\t\t\t\n\t\t\t\t\t\t\t\t\t\t\t\t\t\t\t\t\t\t\t\t\t\t\t\t\t\t\t\t\t\t\t\t\t\t\t\t\t\t\t\t\t\t\t\t\t\t\t\t\t\t\t\t\t\t\t\t\t\t\t\t\t\t\t\t\t\t\t\t<\/ul>\n\t<\/div>\n\t<div class=\"fusion-post-content post-content\"><h2 class=\"blog-shortcode-post-title entry-title\"><a href=\"https:\/\/maisondesgreffes.com\/en\/2018\/12\/19\/the-struggle-of-a-liver-transplant-recipient\/\">The struggle of a liver transplant recipient<\/a><\/h2><div class=\"fusion-post-content-container\"><p> In FrenchMercredi 19 d\u00e9cembre 2018 Entrevue d'une r\u00e9sidente de [...]<\/p><\/div><\/div><div class=\"fusion-clearfix\"><\/div><div class=\"fusion-meta-info\"><div class=\"fusion-alignleft\">By <span class=\"vcard\"><span class=\"fn\"><a href=\"https:\/\/maisondesgreffes.com\/en\/author\/isaine\/\" title=\"Posts by isaine\" rel=\"author\">isaine<\/a><\/span><\/span><span class=\"fusion-inline-sep\">|<\/span><span class=\"updated\" style=\"display:none;\">2021-04-14T12:27:07-04:00<\/span><span>19 December 2018<\/span><span class=\"fusion-inline-sep\">|<\/span>Categories: <a href=\"https:\/\/maisondesgreffes.com\/en\/category\/news\/\" rel=\"category tag\">News<\/a><span class=\"fusion-inline-sep\">|<\/span><span class=\"fusion-comments\"><span>Comments Off<span class=\"screen-reader-text\"> on The struggle of a liver transplant recipient<\/span><\/span><\/span><\/div><div class=\"fusion-alignright\"><a class=\"fusion-read-more\" href=\"https:\/\/maisondesgreffes.com\/en\/2018\/12\/19\/the-struggle-of-a-liver-transplant-recipient\/\" aria-label=\"More on The struggle of a liver transplant recipient\">Read More<\/a><\/div><\/div><\/article>\n<article id=\"blog-2-post-3658\" class=\"fusion-post-large post-3658 post type-post status-publish format-standard has-post-thumbnail hentry category-news\">\n\t<style type=\"text\/css\">\n\t\t\n\t\t\n\t\t\n\t\t\n\t\t\t<\/style>\n\n\n\t\t\t<div class=\"fusion-flexslider flexslider fusion-flexslider-loading fusion-post-slideshow\" style=\"\">\n\t\t<ul class=\"slides\">\n\t\t\t\n\t\t\t\t\t\t\t\t\t\t\t\t\t\t<li><div  class=\"fusion-image-wrapper\" aria-haspopup=\"true\">\n\t\t\t\t<img decoding=\"async\" src=\"https:\/\/maisondesgreffes.com\/wp-content\/uploads\/2021\/04\/un-couple-de-senneterre-a-la-maison-des-greffes.jpg\" class=\"attachment-full size-full wp-post-image\" alt=\"A couple from Senneterre at the Maison des greff\u00e9s\" \/><div class=\"fusion-rollover\">\n\t<div class=\"fusion-rollover-content\">\n\n\t\t\t\t\n\t\t\n\t\t\t\t\t\t\t\t\t\t\t\t<h4 class=\"fusion-rollover-title\">\n\t\t\t\t\t<a class=\"fusion-rollover-title-link\" href=\"https:\/\/maisondesgreffes.com\/en\/2018\/11\/14\/a-couple-from-senneterre-at-the-maison-des-greffes\/\">\n\t\t\t\t\t\tA couple from Senneterre at the Maison des greff\u00e9s\t\t\t\t\t<\/a>\n\t\t\t\t<\/h4>\n\t\t\t\n\t\t\t\t\t\t\t\t\t\t<div class=\"fusion-rollover-categories\"><a href=\"https:\/\/maisondesgreffes.com\/en\/category\/news\/\" rel=\"tag\">News<\/a><\/div>\t\t\t\t\t\n\t\t\n\t\t\t\t\t\t<a class=\"fusion-link-wrapper\" href=\"https:\/\/maisondesgreffes.com\/en\/2018\/11\/14\/a-couple-from-senneterre-at-the-maison-des-greffes\/\" aria-label=\"A couple from Senneterre at the Maison des greff\u00e9s\"><\/a>\n\t<\/div>\n<\/div>\n<\/div>\n<\/li>\n\t\t\t\n\t\t\t\n\t\t\t\t\t\t\t\t\t\t\t\t\t\t\t\t\t\t\t\t\t\t\t\t\t\t\t\t\t\t\t\t\t\t\t\t\t\t\t\t\t\t\t\t\t\t\t\t\t\t\t\t\t\t\t\t\t\t\t\t\t\t\t\t\t\t\t\t<\/ul>\n\t<\/div>\n\t<div class=\"fusion-post-content post-content\"><h2 class=\"blog-shortcode-post-title entry-title\"><a href=\"https:\/\/maisondesgreffes.com\/en\/2018\/11\/14\/a-couple-from-senneterre-at-the-maison-des-greffes\/\">A couple from Senneterre at the Maison des greff\u00e9s<\/a><\/h2><div class=\"fusion-post-content-container\"><p> In FrenchMercredi 14 novembre 2018 Entrevue de deux r\u00e9sidents [...]<\/p><\/div><\/div><div class=\"fusion-clearfix\"><\/div><div class=\"fusion-meta-info\"><div class=\"fusion-alignleft\">By <span class=\"vcard\"><span class=\"fn\"><a href=\"https:\/\/maisondesgreffes.com\/en\/author\/isaine\/\" title=\"Posts by isaine\" rel=\"author\">isaine<\/a><\/span><\/span><span class=\"fusion-inline-sep\">|<\/span><span class=\"updated\" style=\"display:none;\">2021-04-14T12:28:36-04:00<\/span><span>14 November 2018<\/span><span class=\"fusion-inline-sep\">|<\/span>Categories: <a href=\"https:\/\/maisondesgreffes.com\/en\/category\/news\/\" rel=\"category tag\">News<\/a><span class=\"fusion-inline-sep\">|<\/span><span class=\"fusion-comments\"><span>Comments Off<span class=\"screen-reader-text\"> on A couple from Senneterre at the Maison des greff\u00e9s<\/span><\/span><\/span><\/div><div class=\"fusion-alignright\"><a class=\"fusion-read-more\" href=\"https:\/\/maisondesgreffes.com\/en\/2018\/11\/14\/a-couple-from-senneterre-at-the-maison-des-greffes\/\" aria-label=\"More on A couple from Senneterre at the Maison des greff\u00e9s\">Read More<\/a><\/div><\/div><\/article>\n<article id=\"blog-2-post-3662\" class=\"fusion-post-large post-3662 post type-post status-publish format-standard has-post-thumbnail hentry category-news\">\n\t<style type=\"text\/css\">\n\t\t\n\t\t\n\t\t\n\t\t\n\t\t\t<\/style>\n\n\n\t\t\t<div class=\"fusion-flexslider flexslider fusion-flexslider-loading fusion-post-slideshow\" style=\"\">\n\t\t<ul class=\"slides\">\n\t\t\t\n\t\t\t\t\t\t\t\t\t\t\t\t\t\t<li><div  class=\"fusion-image-wrapper\" aria-haspopup=\"true\">\n\t\t\t\t<img decoding=\"async\" src=\"https:\/\/maisondesgreffes.com\/wp-content\/uploads\/2021\/04\/quebec---3.jpg\" class=\"attachment-full size-full wp-post-image\" alt=\"Fundraising of $89,000\" \/><div class=\"fusion-rollover\">\n\t<div class=\"fusion-rollover-content\">\n\n\t\t\t\t\n\t\t\n\t\t\t\t\t\t\t\t\t\t\t\t<h4 class=\"fusion-rollover-title\">\n\t\t\t\t\t<a class=\"fusion-rollover-title-link\" href=\"https:\/\/maisondesgreffes.com\/en\/2018\/11\/05\/fundraising-dinner-v-tele\/\">\n\t\t\t\t\t\tFundraising dinner\/ V t\u00e9l\u00e9\t\t\t\t\t<\/a>\n\t\t\t\t<\/h4>\n\t\t\t\n\t\t\t\t\t\t\t\t\t\t<div class=\"fusion-rollover-categories\"><a href=\"https:\/\/maisondesgreffes.com\/en\/category\/news\/\" rel=\"tag\">News<\/a><\/div>\t\t\t\t\t\n\t\t\n\t\t\t\t\t\t<a class=\"fusion-link-wrapper\" href=\"https:\/\/maisondesgreffes.com\/en\/2018\/11\/05\/fundraising-dinner-v-tele\/\" aria-label=\"Fundraising dinner\/ V t\u00e9l\u00e9\"><\/a>\n\t<\/div>\n<\/div>\n<\/div>\n<\/li>\n\t\t\t\n\t\t\t\n\t\t\t\t\t\t\t\t\t\t\t\t\t\t\t\t\t\t\t\t\t\t\t\t\t\t\t\t\t\t\t\t\t\t\t\t\t\t\t\t\t\t\t\t\t\t\t\t\t\t\t\t\t\t\t\t\t\t\t\t\t\t\t\t\t\t\t\t<\/ul>\n\t<\/div>\n\t<div class=\"fusion-post-content post-content\"><h2 class=\"blog-shortcode-post-title entry-title\"><a href=\"https:\/\/maisondesgreffes.com\/en\/2018\/11\/05\/fundraising-dinner-v-tele\/\">Fundraising dinner\/ V t\u00e9l\u00e9<\/a><\/h2><div class=\"fusion-post-content-container\"><p> In FrenchLundi 5 novembre 2018 Le 27 octobre dernier [...]<\/p><\/div><\/div><div class=\"fusion-clearfix\"><\/div><div class=\"fusion-meta-info\"><div class=\"fusion-alignleft\">By <span class=\"vcard\"><span class=\"fn\"><a href=\"https:\/\/maisondesgreffes.com\/en\/author\/isaine\/\" title=\"Posts by isaine\" rel=\"author\">isaine<\/a><\/span><\/span><span class=\"fusion-inline-sep\">|<\/span><span class=\"updated\" style=\"display:none;\">2021-04-14T12:29:58-04:00<\/span><span>5 November 2018<\/span><span class=\"fusion-inline-sep\">|<\/span>Categories: <a href=\"https:\/\/maisondesgreffes.com\/en\/category\/news\/\" rel=\"category tag\">News<\/a><span class=\"fusion-inline-sep\">|<\/span><span class=\"fusion-comments\"><span>Comments Off<span class=\"screen-reader-text\"> on Fundraising dinner\/ V t\u00e9l\u00e9<\/span><\/span><\/span><\/div><div class=\"fusion-alignright\"><a class=\"fusion-read-more\" href=\"https:\/\/maisondesgreffes.com\/en\/2018\/11\/05\/fundraising-dinner-v-tele\/\" aria-label=\"More on Fundraising dinner\/ V t\u00e9l\u00e9\">Read More<\/a><\/div><\/div><\/article>\n<article id=\"blog-2-post-3669\" class=\"fusion-post-large post-3669 post type-post status-publish format-standard has-post-thumbnail hentry category-news\">\n\t<style type=\"text\/css\">\n\t\t\n\t\t\n\t\t\n\t\t\n\t\t\t<\/style>\n\n\n\t\t\t<div class=\"fusion-flexslider flexslider fusion-flexslider-loading fusion-post-slideshow\" style=\"\">\n\t\t<ul class=\"slides\">\n\t\t\t\n\t\t\t\t\t\t\t\t\t\t\t\t\t\t<li><div  class=\"fusion-image-wrapper\" aria-haspopup=\"true\">\n\t\t\t\t<img decoding=\"async\" src=\"https:\/\/maisondesgreffes.com\/wp-content\/uploads\/2021\/04\/quebec---3.jpg\" class=\"attachment-full size-full wp-post-image\" alt=\"Fundraising of $89,000\" \/><div class=\"fusion-rollover\">\n\t<div class=\"fusion-rollover-content\">\n\n\t\t\t\t\n\t\t\n\t\t\t\t\t\t\t\t\t\t\t\t<h4 class=\"fusion-rollover-title\">\n\t\t\t\t\t<a class=\"fusion-rollover-title-link\" href=\"https:\/\/maisondesgreffes.com\/en\/2018\/11\/01\/fundraising-of-89000\/\">\n\t\t\t\t\t\tFundraising of $89,000\t\t\t\t\t<\/a>\n\t\t\t\t<\/h4>\n\t\t\t\n\t\t\t\t\t\t\t\t\t\t<div class=\"fusion-rollover-categories\"><a href=\"https:\/\/maisondesgreffes.com\/en\/category\/news\/\" rel=\"tag\">News<\/a><\/div>\t\t\t\t\t\n\t\t\n\t\t\t\t\t\t<a class=\"fusion-link-wrapper\" href=\"https:\/\/maisondesgreffes.com\/en\/2018\/11\/01\/fundraising-of-89000\/\" aria-label=\"Fundraising of $89,000\"><\/a>\n\t<\/div>\n<\/div>\n<\/div>\n<\/li>\n\t\t\t\n\t\t\t\n\t\t\t\t\t\t\t\t\t\t\t\t\t\t\t\t\t\t\t\t\t\t\t\t\t\t\t\t\t\t\t\t\t\t\t\t\t\t\t\t\t\t\t\t\t\t\t\t\t\t\t\t\t\t\t\t\t\t\t\t\t\t\t\t\t\t\t\t<\/ul>\n\t<\/div>\n\t<div class=\"fusion-post-content post-content\"><h2 class=\"blog-shortcode-post-title entry-title\"><a href=\"https:\/\/maisondesgreffes.com\/en\/2018\/11\/01\/fundraising-of-89000\/\">Fundraising of $89,000<\/a><\/h2><div class=\"fusion-post-content-container\"><p> In FrenchJeudi 1er\u00a0novembre 2018 La bonne nouvelle \u00e9conomique\u00a0TVA Nouvelles [...]<\/p><\/div><\/div><div class=\"fusion-clearfix\"><\/div><div class=\"fusion-meta-info\"><div class=\"fusion-alignleft\">By <span class=\"vcard\"><span class=\"fn\"><a href=\"https:\/\/maisondesgreffes.com\/en\/author\/isaine\/\" title=\"Posts by isaine\" rel=\"author\">isaine<\/a><\/span><\/span><span class=\"fusion-inline-sep\">|<\/span><span class=\"updated\" style=\"display:none;\">2023-03-09T15:24:30-05:00<\/span><span>1 November 2018<\/span><span class=\"fusion-inline-sep\">|<\/span>Categories: <a href=\"https:\/\/maisondesgreffes.com\/en\/category\/news\/\" rel=\"category tag\">News<\/a><span class=\"fusion-inline-sep\">|<\/span><span class=\"fusion-comments\"><span>Comments Off<span class=\"screen-reader-text\"> on Fundraising of $89,000<\/span><\/span><\/span><\/div><div class=\"fusion-alignright\"><a class=\"fusion-read-more\" href=\"https:\/\/maisondesgreffes.com\/en\/2018\/11\/01\/fundraising-of-89000\/\" aria-label=\"More on Fundraising of $89,000\">Read More<\/a><\/div><\/div><\/article>\n<article id=\"blog-2-post-3677\" class=\"fusion-post-large post-3677 post type-post status-publish format-standard has-post-thumbnail hentry category-news\">\n\t<style type=\"text\/css\">\n\t\t\n\t\t\n\t\t\n\t\t\n\t\t\t<\/style>\n\n\n\t\t\t<div class=\"fusion-flexslider flexslider fusion-flexslider-loading fusion-post-slideshow\" style=\"\">\n\t\t<ul class=\"slides\">\n\t\t\t\n\t\t\t\t\t\t\t\t\t\t\t\t\t\t<li><div  class=\"fusion-image-wrapper\" aria-haspopup=\"true\">\n\t\t\t\t<img decoding=\"async\" src=\"https:\/\/maisondesgreffes.com\/wp-content\/uploads\/2021\/04\/defi-velo---2.jpg\" class=\"attachment-full size-full wp-post-image\" alt=\"Bike Challenge\" \/><div class=\"fusion-rollover\">\n\t<div class=\"fusion-rollover-content\">\n\n\t\t\t\t\n\t\t\n\t\t\t\t\t\t\t\t\t\t\t\t<h4 class=\"fusion-rollover-title\">\n\t\t\t\t\t<a class=\"fusion-rollover-title-link\" href=\"https:\/\/maisondesgreffes.com\/en\/2018\/07\/09\/maison-des-greffes-lina-cyr-bike-challenge\/\">\n\t\t\t\t\t\tMaison des greff\u00e9s Lina Cyr Bike challenge\t\t\t\t\t<\/a>\n\t\t\t\t<\/h4>\n\t\t\t\n\t\t\t\t\t\t\t\t\t\t<div class=\"fusion-rollover-categories\"><a href=\"https:\/\/maisondesgreffes.com\/en\/category\/news\/\" rel=\"tag\">News<\/a><\/div>\t\t\t\t\t\n\t\t\n\t\t\t\t\t\t<a class=\"fusion-link-wrapper\" href=\"https:\/\/maisondesgreffes.com\/en\/2018\/07\/09\/maison-des-greffes-lina-cyr-bike-challenge\/\" aria-label=\"Maison des greff\u00e9s Lina Cyr Bike challenge\"><\/a>\n\t<\/div>\n<\/div>\n<\/div>\n<\/li>\n\t\t\t\n\t\t\t\n\t\t\t\t\t\t\t\t\t\t\t\t\t\t\t\t\t\t\t\t\t\t\t\t\t\t\t\t\t\t\t\t\t\t\t\t\t\t\t\t\t\t\t\t\t\t\t\t\t\t\t\t\t\t\t\t\t\t\t\t\t\t\t\t\t\t\t\t<\/ul>\n\t<\/div>\n\t<div class=\"fusion-post-content post-content\"><h2 class=\"blog-shortcode-post-title entry-title\"><a href=\"https:\/\/maisondesgreffes.com\/en\/2018\/07\/09\/maison-des-greffes-lina-cyr-bike-challenge\/\">Maison des greff\u00e9s Lina Cyr Bike challenge<\/a><\/h2><div class=\"fusion-post-content-container\"><p> In FrenchLundi 9 juillet 2018Courrier du SudD\u00e9fi-V\u00e9lo de la [...]<\/p><\/div><\/div><div class=\"fusion-clearfix\"><\/div><div class=\"fusion-meta-info\"><div class=\"fusion-alignleft\">By <span class=\"vcard\"><span class=\"fn\"><a href=\"https:\/\/maisondesgreffes.com\/en\/author\/isaine\/\" title=\"Posts by isaine\" rel=\"author\">isaine<\/a><\/span><\/span><span class=\"fusion-inline-sep\">|<\/span><span class=\"updated\" style=\"display:none;\">2021-04-14T12:36:42-04:00<\/span><span>9 July 2018<\/span><span class=\"fusion-inline-sep\">|<\/span>Categories: <a href=\"https:\/\/maisondesgreffes.com\/en\/category\/news\/\" rel=\"category tag\">News<\/a><span class=\"fusion-inline-sep\">|<\/span><span class=\"fusion-comments\"><span>Comments Off<span class=\"screen-reader-text\"> on Maison des greff\u00e9s Lina Cyr Bike challenge<\/span><\/span><\/span><\/div><div class=\"fusion-alignright\"><a class=\"fusion-read-more\" href=\"https:\/\/maisondesgreffes.com\/en\/2018\/07\/09\/maison-des-greffes-lina-cyr-bike-challenge\/\" aria-label=\"More on Maison des greff\u00e9s Lina Cyr Bike challenge\">Read More<\/a><\/div><\/div><\/article>\n<article id=\"blog-2-post-3681\" class=\"fusion-post-large post-3681 post type-post status-publish format-standard has-post-thumbnail hentry category-news\">\n\t<style type=\"text\/css\">\n\t\t\n\t\t\n\t\t\n\t\t\n\t\t\t<\/style>\n\n\n\t\t\t<div class=\"fusion-flexslider flexslider fusion-flexslider-loading fusion-post-slideshow\" style=\"\">\n\t\t<ul class=\"slides\">\n\t\t\t\n\t\t\t\t\t\t\t\t\t\t\t\t\t\t<li><div  class=\"fusion-image-wrapper\" aria-haspopup=\"true\">\n\t\t\t\t<img decoding=\"async\" src=\"https:\/\/maisondesgreffes.com\/wp-content\/uploads\/2021\/04\/defi-velo---2.jpg\" class=\"attachment-full size-full wp-post-image\" alt=\"Bike Challenge\" \/><div class=\"fusion-rollover\">\n\t<div class=\"fusion-rollover-content\">\n\n\t\t\t\t\n\t\t\n\t\t\t\t\t\t\t\t\t\t\t\t<h4 class=\"fusion-rollover-title\">\n\t\t\t\t\t<a class=\"fusion-rollover-title-link\" href=\"https:\/\/maisondesgreffes.com\/en\/2018\/07\/04\/maison-des-greffes-lina-cyr-bike-challenge-arrives-in-levis\/\">\n\t\t\t\t\t\tMaison des greff\u00e9s Lina Cyr Bike challenge arrives in Levis\t\t\t\t\t<\/a>\n\t\t\t\t<\/h4>\n\t\t\t\n\t\t\t\t\t\t\t\t\t\t<div class=\"fusion-rollover-categories\"><a href=\"https:\/\/maisondesgreffes.com\/en\/category\/news\/\" rel=\"tag\">News<\/a><\/div>\t\t\t\t\t\n\t\t\n\t\t\t\t\t\t<a class=\"fusion-link-wrapper\" href=\"https:\/\/maisondesgreffes.com\/en\/2018\/07\/04\/maison-des-greffes-lina-cyr-bike-challenge-arrives-in-levis\/\" aria-label=\"Maison des greff\u00e9s Lina Cyr Bike challenge arrives in Levis\"><\/a>\n\t<\/div>\n<\/div>\n<\/div>\n<\/li>\n\t\t\t\n\t\t\t\n\t\t\t\t\t\t\t\t\t\t\t\t\t\t\t\t\t\t\t\t\t\t\t\t\t\t\t\t\t\t\t\t\t\t\t\t\t\t\t\t\t\t\t\t\t\t\t\t\t\t\t\t\t\t\t\t\t\t\t\t\t\t\t\t\t\t\t\t<\/ul>\n\t<\/div>\n\t<div class=\"fusion-post-content post-content\"><h2 class=\"blog-shortcode-post-title entry-title\"><a href=\"https:\/\/maisondesgreffes.com\/en\/2018\/07\/04\/maison-des-greffes-lina-cyr-bike-challenge-arrives-in-levis\/\">Maison des greff\u00e9s Lina Cyr Bike challenge arrives in Levis<\/a><\/h2><div class=\"fusion-post-content-container\"><p> In FrenchMercredi 4 juillet 2018Le Journal de L\u00e9visLe D\u00e9fi-V\u00e9lo [...]<\/p><\/div><\/div><div class=\"fusion-clearfix\"><\/div><div class=\"fusion-meta-info\"><div class=\"fusion-alignleft\">By <span class=\"vcard\"><span class=\"fn\"><a href=\"https:\/\/maisondesgreffes.com\/en\/author\/isaine\/\" title=\"Posts by isaine\" rel=\"author\">isaine<\/a><\/span><\/span><span class=\"fusion-inline-sep\">|<\/span><span class=\"updated\" style=\"display:none;\">2021-04-14T12:38:29-04:00<\/span><span>4 July 2018<\/span><span class=\"fusion-inline-sep\">|<\/span>Categories: <a href=\"https:\/\/maisondesgreffes.com\/en\/category\/news\/\" rel=\"category tag\">News<\/a><span class=\"fusion-inline-sep\">|<\/span><span class=\"fusion-comments\"><span>Comments Off<span class=\"screen-reader-text\"> on Maison des greff\u00e9s Lina Cyr Bike challenge arrives in Levis<\/span><\/span><\/span><\/div><div class=\"fusion-alignright\"><a class=\"fusion-read-more\" href=\"https:\/\/maisondesgreffes.com\/en\/2018\/07\/04\/maison-des-greffes-lina-cyr-bike-challenge-arrives-in-levis\/\" aria-label=\"More on Maison des greff\u00e9s Lina Cyr Bike challenge arrives in Levis\">Read More<\/a><\/div><\/div><\/article>\n<article id=\"blog-2-post-3685\" class=\"fusion-post-large post-3685 post type-post status-publish format-standard has-post-thumbnail hentry category-news\">\n\t<style type=\"text\/css\">\n\t\t\n\t\t\n\t\t\n\t\t\n\t\t\t<\/style>\n\n\n\t\t\t<div class=\"fusion-flexslider flexslider fusion-flexslider-loading fusion-post-slideshow\" style=\"\">\n\t\t<ul class=\"slides\">\n\t\t\t\n\t\t\t\t\t\t\t\t\t\t\t\t\t\t<li><div  class=\"fusion-image-wrapper\" aria-haspopup=\"true\">\n\t\t\t\t<img decoding=\"async\" width=\"1200\" height=\"628\" src=\"https:\/\/maisondesgreffes.com\/wp-content\/uploads\/2021\/04\/vente-de-garage.jpg\" class=\"attachment-full size-full wp-post-image\" alt=\"Big garage sale in Trois-Rivi\u00e8res\" srcset=\"https:\/\/maisondesgreffes.com\/wp-content\/uploads\/2021\/04\/vente-de-garage-200x105.jpg 200w, https:\/\/maisondesgreffes.com\/wp-content\/uploads\/2021\/04\/vente-de-garage-400x209.jpg 400w, https:\/\/maisondesgreffes.com\/wp-content\/uploads\/2021\/04\/vente-de-garage-600x314.jpg 600w, https:\/\/maisondesgreffes.com\/wp-content\/uploads\/2021\/04\/vente-de-garage-800x419.jpg 800w, https:\/\/maisondesgreffes.com\/wp-content\/uploads\/2021\/04\/vente-de-garage.jpg 1200w\" sizes=\"(max-width: 700px) 100vw, 1200px\" \/><div class=\"fusion-rollover\">\n\t<div class=\"fusion-rollover-content\">\n\n\t\t\t\t\n\t\t\n\t\t\t\t\t\t\t\t\t\t\t\t<h4 class=\"fusion-rollover-title\">\n\t\t\t\t\t<a class=\"fusion-rollover-title-link\" href=\"https:\/\/maisondesgreffes.com\/en\/2018\/06\/04\/big-garage-sale-in-trois-rivieres\/\">\n\t\t\t\t\t\tBig garage sale in Trois-Rivi\u00e8res\t\t\t\t\t<\/a>\n\t\t\t\t<\/h4>\n\t\t\t\n\t\t\t\t\t\t\t\t\t\t<div class=\"fusion-rollover-categories\"><a href=\"https:\/\/maisondesgreffes.com\/en\/category\/news\/\" rel=\"tag\">News<\/a><\/div>\t\t\t\t\t\n\t\t\n\t\t\t\t\t\t<a class=\"fusion-link-wrapper\" href=\"https:\/\/maisondesgreffes.com\/en\/2018\/06\/04\/big-garage-sale-in-trois-rivieres\/\" aria-label=\"Big garage sale in Trois-Rivi\u00e8res\"><\/a>\n\t<\/div>\n<\/div>\n<\/div>\n<\/li>\n\t\t\t\n\t\t\t\n\t\t\t\t\t\t\t\t\t\t\t\t\t\t\t\t\t\t\t\t\t\t\t\t\t\t\t\t\t\t\t\t\t\t\t\t\t\t\t\t\t\t\t\t\t\t\t\t\t\t\t\t\t\t\t\t\t\t\t\t\t\t\t\t\t\t\t\t<\/ul>\n\t<\/div>\n\t<div class=\"fusion-post-content post-content\"><h2 class=\"blog-shortcode-post-title entry-title\"><a href=\"https:\/\/maisondesgreffes.com\/en\/2018\/06\/04\/big-garage-sale-in-trois-rivieres\/\">Big garage sale in Trois-Rivi\u00e8res<\/a><\/h2><div class=\"fusion-post-content-container\"><p> In FrenchLundi 4 juin 2018 Dans un objectif de [...]<\/p><\/div><\/div><div class=\"fusion-clearfix\"><\/div><div class=\"fusion-meta-info\"><div class=\"fusion-alignleft\">By <span class=\"vcard\"><span class=\"fn\"><a href=\"https:\/\/maisondesgreffes.com\/en\/author\/isaine\/\" title=\"Posts by isaine\" rel=\"author\">isaine<\/a><\/span><\/span><span class=\"fusion-inline-sep\">|<\/span><span class=\"updated\" style=\"display:none;\">2021-04-14T15:11:09-04:00<\/span><span>4 June 2018<\/span><span class=\"fusion-inline-sep\">|<\/span>Categories: <a href=\"https:\/\/maisondesgreffes.com\/en\/category\/news\/\" rel=\"category tag\">News<\/a><span class=\"fusion-inline-sep\">|<\/span><span class=\"fusion-comments\"><span>Comments Off<span class=\"screen-reader-text\"> on Big garage sale in Trois-Rivi\u00e8res<\/span><\/span><\/span><\/div><div class=\"fusion-alignright\"><a class=\"fusion-read-more\" href=\"https:\/\/maisondesgreffes.com\/en\/2018\/06\/04\/big-garage-sale-in-trois-rivieres\/\" aria-label=\"More on Big garage sale in Trois-Rivi\u00e8res\">Read More<\/a><\/div><\/div><\/article>\n<article id=\"blog-2-post-3689\" class=\"fusion-post-large post-3689 post type-post status-publish format-standard has-post-thumbnail hentry category-news\">\n\t<style type=\"text\/css\">\n\t\t\n\t\t\n\t\t\n\t\t\n\t\t\t<\/style>\n\n\n\t\t\t<div class=\"fusion-flexslider flexslider fusion-flexslider-loading fusion-post-slideshow\" style=\"\">\n\t\t<ul class=\"slides\">\n\t\t\t\n\t\t\t\t\t\t\t\t\t\t\t\t\t\t<li><div  class=\"fusion-image-wrapper\" aria-haspopup=\"true\">\n\t\t\t\t<img decoding=\"async\" width=\"1200\" height=\"628\" src=\"https:\/\/maisondesgreffes.com\/wp-content\/uploads\/2021\/04\/entrevue-ambassadeur-saguenay.jpg\" class=\"attachment-full size-full wp-post-image\" alt=\"Interview with our Saguenay ambassador\" srcset=\"https:\/\/maisondesgreffes.com\/wp-content\/uploads\/2021\/04\/entrevue-ambassadeur-saguenay-200x105.jpg 200w, https:\/\/maisondesgreffes.com\/wp-content\/uploads\/2021\/04\/entrevue-ambassadeur-saguenay-400x209.jpg 400w, https:\/\/maisondesgreffes.com\/wp-content\/uploads\/2021\/04\/entrevue-ambassadeur-saguenay-600x314.jpg 600w, https:\/\/maisondesgreffes.com\/wp-content\/uploads\/2021\/04\/entrevue-ambassadeur-saguenay-800x419.jpg 800w, https:\/\/maisondesgreffes.com\/wp-content\/uploads\/2021\/04\/entrevue-ambassadeur-saguenay.jpg 1200w\" sizes=\"(max-width: 700px) 100vw, 1200px\" \/><div class=\"fusion-rollover\">\n\t<div class=\"fusion-rollover-content\">\n\n\t\t\t\t\n\t\t\n\t\t\t\t\t\t\t\t\t\t\t\t<h4 class=\"fusion-rollover-title\">\n\t\t\t\t\t<a class=\"fusion-rollover-title-link\" href=\"https:\/\/maisondesgreffes.com\/en\/2018\/04\/17\/interview-with-our-saguenay-ambassador\/\">\n\t\t\t\t\t\tInterview with our Saguenay ambassador\t\t\t\t\t<\/a>\n\t\t\t\t<\/h4>\n\t\t\t\n\t\t\t\t\t\t\t\t\t\t<div class=\"fusion-rollover-categories\"><a href=\"https:\/\/maisondesgreffes.com\/en\/category\/news\/\" rel=\"tag\">News<\/a><\/div>\t\t\t\t\t\n\t\t\n\t\t\t\t\t\t<a class=\"fusion-link-wrapper\" href=\"https:\/\/maisondesgreffes.com\/en\/2018\/04\/17\/interview-with-our-saguenay-ambassador\/\" aria-label=\"Interview with our Saguenay ambassador\"><\/a>\n\t<\/div>\n<\/div>\n<\/div>\n<\/li>\n\t\t\t\n\t\t\t\n\t\t\t\t\t\t\t\t\t\t\t\t\t\t\t\t\t\t\t\t\t\t\t\t\t\t\t\t\t\t\t\t\t\t\t\t\t\t\t\t\t\t\t\t\t\t\t\t\t\t\t\t\t\t\t\t\t\t\t\t\t\t\t\t\t\t\t\t<\/ul>\n\t<\/div>\n\t<div class=\"fusion-post-content post-content\"><h2 class=\"blog-shortcode-post-title entry-title\"><a href=\"https:\/\/maisondesgreffes.com\/en\/2018\/04\/17\/interview-with-our-saguenay-ambassador\/\">Interview with our Saguenay ambassador<\/a><\/h2><div class=\"fusion-post-content-container\"><p> In FrenchMardi 17 avril 2018 Entrevue \u00e0\u00a0TVA nouvelles\u00a0avec le [...]<\/p><\/div><\/div><div class=\"fusion-clearfix\"><\/div><div class=\"fusion-meta-info\"><div class=\"fusion-alignleft\">By <span class=\"vcard\"><span class=\"fn\"><a href=\"https:\/\/maisondesgreffes.com\/en\/author\/isaine\/\" title=\"Posts by isaine\" rel=\"author\">isaine<\/a><\/span><\/span><span class=\"fusion-inline-sep\">|<\/span><span class=\"updated\" style=\"display:none;\">2021-04-14T15:13:00-04:00<\/span><span>17 April 2018<\/span><span class=\"fusion-inline-sep\">|<\/span>Categories: <a href=\"https:\/\/maisondesgreffes.com\/en\/category\/news\/\" rel=\"category tag\">News<\/a><span class=\"fusion-inline-sep\">|<\/span><span class=\"fusion-comments\"><span>Comments Off<span class=\"screen-reader-text\"> on Interview with our Saguenay ambassador<\/span><\/span><\/span><\/div><div class=\"fusion-alignright\"><a class=\"fusion-read-more\" href=\"https:\/\/maisondesgreffes.com\/en\/2018\/04\/17\/interview-with-our-saguenay-ambassador\/\" aria-label=\"More on Interview with our Saguenay ambassador\">Read More<\/a><\/div><\/div><\/article>\n<article id=\"blog-2-post-3693\" class=\"fusion-post-large post-3693 post type-post status-publish format-standard has-post-thumbnail hentry category-news\">\n\t<style type=\"text\/css\">\n\t\t\n\t\t\n\t\t\n\t\t\n\t\t\t<\/style>\n\n\n\t\t\t<div class=\"fusion-flexslider flexslider fusion-flexslider-loading fusion-post-slideshow\" style=\"\">\n\t\t<ul class=\"slides\">\n\t\t\t\n\t\t\t\t\t\t\t\t\t\t\t\t\t\t<li><div  class=\"fusion-image-wrapper\" aria-haspopup=\"true\">\n\t\t\t\t<img decoding=\"async\" src=\"https:\/\/maisondesgreffes.com\/wp-content\/uploads\/2021\/04\/le-nouveau-combat-dune-ulricoise-greffee-des-deux-poumons.jpg\" class=\"attachment-full size-full wp-post-image\" alt=\"The new fight of an ulrician woman with a double lung transplant\" \/><div class=\"fusion-rollover\">\n\t<div class=\"fusion-rollover-content\">\n\n\t\t\t\t\n\t\t\n\t\t\t\t\t\t\t\t\t\t\t\t<h4 class=\"fusion-rollover-title\">\n\t\t\t\t\t<a class=\"fusion-rollover-title-link\" href=\"https:\/\/maisondesgreffes.com\/en\/2018\/03\/28\/the-new-fight-of-an-ulrician-woman-with-a-double-lung-transplant\/\">\n\t\t\t\t\t\tThe new fight of an ulrician woman with a double lung transplant\t\t\t\t\t<\/a>\n\t\t\t\t<\/h4>\n\t\t\t\n\t\t\t\t\t\t\t\t\t\t<div class=\"fusion-rollover-categories\"><a href=\"https:\/\/maisondesgreffes.com\/en\/category\/news\/\" rel=\"tag\">News<\/a><\/div>\t\t\t\t\t\n\t\t\n\t\t\t\t\t\t<a class=\"fusion-link-wrapper\" href=\"https:\/\/maisondesgreffes.com\/en\/2018\/03\/28\/the-new-fight-of-an-ulrician-woman-with-a-double-lung-transplant\/\" aria-label=\"The new fight of an ulrician woman with a double lung transplant\"><\/a>\n\t<\/div>\n<\/div>\n<\/div>\n<\/li>\n\t\t\t\n\t\t\t\n\t\t\t\t\t\t\t\t\t\t\t\t\t\t\t\t\t\t\t\t\t\t\t\t\t\t\t\t\t\t\t\t\t\t\t\t\t\t\t\t\t\t\t\t\t\t\t\t\t\t\t\t\t\t\t\t\t\t\t\t\t\t\t\t\t\t\t\t<\/ul>\n\t<\/div>\n\t<div class=\"fusion-post-content post-content\"><h2 class=\"blog-shortcode-post-title entry-title\"><a href=\"https:\/\/maisondesgreffes.com\/en\/2018\/03\/28\/the-new-fight-of-an-ulrician-woman-with-a-double-lung-transplant\/\">The new fight of an ulrician woman with a double lung transplant<\/a><\/h2><div class=\"fusion-post-content-container\"><p> In FrenchMercredi 28 mars 2018 Touchante\u00a0entrevue\u00a0de notre ambassadrice de [...]<\/p><\/div><\/div><div class=\"fusion-clearfix\"><\/div><div class=\"fusion-meta-info\"><div class=\"fusion-alignleft\">By <span class=\"vcard\"><span class=\"fn\"><a href=\"https:\/\/maisondesgreffes.com\/en\/author\/isaine\/\" title=\"Posts by isaine\" rel=\"author\">isaine<\/a><\/span><\/span><span class=\"fusion-inline-sep\">|<\/span><span class=\"updated\" style=\"display:none;\">2021-04-14T15:14:34-04:00<\/span><span>28 March 2018<\/span><span class=\"fusion-inline-sep\">|<\/span>Categories: <a href=\"https:\/\/maisondesgreffes.com\/en\/category\/news\/\" rel=\"category tag\">News<\/a><span class=\"fusion-inline-sep\">|<\/span><span class=\"fusion-comments\"><span>Comments Off<span class=\"screen-reader-text\"> on The new fight of an ulrician woman with a double lung transplant<\/span><\/span><\/span><\/div><div class=\"fusion-alignright\"><a class=\"fusion-read-more\" href=\"https:\/\/maisondesgreffes.com\/en\/2018\/03\/28\/the-new-fight-of-an-ulrician-woman-with-a-double-lung-transplant\/\" aria-label=\"More on The new fight of an ulrician woman with a double lung transplant\">Read More<\/a><\/div><\/div><\/article>\n<article id=\"blog-2-post-3701\" class=\"fusion-post-large post-3701 post type-post status-publish format-standard has-post-thumbnail hentry category-news\">\n\t<style type=\"text\/css\">\n\t\t\n\t\t\n\t\t\n\t\t\n\t\t\t<\/style>\n\n\n\t\t\t<div class=\"fusion-flexslider flexslider fusion-flexslider-loading fusion-post-slideshow\" style=\"\">\n\t\t<ul class=\"slides\">\n\t\t\t\n\t\t\t\t\t\t\t\t\t\t\t\t\t\t<li><div  class=\"fusion-image-wrapper\" aria-haspopup=\"true\">\n\t\t\t\t<img decoding=\"async\" width=\"1000\" height=\"667\" src=\"https:\/\/maisondesgreffes.com\/wp-content\/uploads\/2021\/02\/Ext.-11-sept-23017-3.jpg\" class=\"attachment-full size-full wp-post-image\" alt=\"\" srcset=\"https:\/\/maisondesgreffes.com\/wp-content\/uploads\/2021\/02\/Ext.-11-sept-23017-3-200x133.jpg 200w, https:\/\/maisondesgreffes.com\/wp-content\/uploads\/2021\/02\/Ext.-11-sept-23017-3-400x267.jpg 400w, https:\/\/maisondesgreffes.com\/wp-content\/uploads\/2021\/02\/Ext.-11-sept-23017-3-600x400.jpg 600w, https:\/\/maisondesgreffes.com\/wp-content\/uploads\/2021\/02\/Ext.-11-sept-23017-3-800x534.jpg 800w, https:\/\/maisondesgreffes.com\/wp-content\/uploads\/2021\/02\/Ext.-11-sept-23017-3.jpg 1000w\" sizes=\"(max-width: 700px) 100vw, 1000px\" \/><div class=\"fusion-rollover\">\n\t<div class=\"fusion-rollover-content\">\n\n\t\t\t\t\n\t\t\n\t\t\t\t\t\t\t\t\t\t\t\t<h4 class=\"fusion-rollover-title\">\n\t\t\t\t\t<a class=\"fusion-rollover-title-link\" href=\"https:\/\/maisondesgreffes.com\/en\/2018\/03\/15\/an-essential-service-that-deserves-to-be-better-known\/\">\n\t\t\t\t\t\tAn essential service that deserves to be better known\t\t\t\t\t<\/a>\n\t\t\t\t<\/h4>\n\t\t\t\n\t\t\t\t\t\t\t\t\t\t<div class=\"fusion-rollover-categories\"><a href=\"https:\/\/maisondesgreffes.com\/en\/category\/news\/\" rel=\"tag\">News<\/a><\/div>\t\t\t\t\t\n\t\t\n\t\t\t\t\t\t<a class=\"fusion-link-wrapper\" href=\"https:\/\/maisondesgreffes.com\/en\/2018\/03\/15\/an-essential-service-that-deserves-to-be-better-known\/\" aria-label=\"An essential service that deserves to be better known\"><\/a>\n\t<\/div>\n<\/div>\n<\/div>\n<\/li>\n\t\t\t\n\t\t\t\n\t\t\t\t\t\t\t\t\t\t\t\t\t\t\t\t\t\t\t\t\t\t\t\t\t\t\t\t\t\t\t\t\t\t\t\t\t\t\t\t\t\t\t\t\t\t\t\t\t\t\t\t\t\t\t\t\t\t\t\t\t\t\t\t\t\t\t\t<\/ul>\n\t<\/div>\n\t<div class=\"fusion-post-content post-content\"><h2 class=\"blog-shortcode-post-title entry-title\"><a href=\"https:\/\/maisondesgreffes.com\/en\/2018\/03\/15\/an-essential-service-that-deserves-to-be-better-known\/\">An essential service that deserves to be better known<\/a><\/h2><div class=\"fusion-post-content-container\"><p> In FrenchJeudi 15 mars 2018 Entrevue pour\u00a0102,9 Rouge\u00a0avec le [...]<\/p><\/div><\/div><div class=\"fusion-clearfix\"><\/div><div class=\"fusion-meta-info\"><div class=\"fusion-alignleft\">By <span class=\"vcard\"><span class=\"fn\"><a href=\"https:\/\/maisondesgreffes.com\/en\/author\/isaine\/\" title=\"Posts by isaine\" rel=\"author\">isaine<\/a><\/span><\/span><span class=\"fusion-inline-sep\">|<\/span><span class=\"updated\" style=\"display:none;\">2021-04-14T15:19:34-04:00<\/span><span>15 March 2018<\/span><span class=\"fusion-inline-sep\">|<\/span>Categories: <a href=\"https:\/\/maisondesgreffes.com\/en\/category\/news\/\" rel=\"category tag\">News<\/a><span class=\"fusion-inline-sep\">|<\/span><span class=\"fusion-comments\"><span>Comments Off<span class=\"screen-reader-text\"> on An essential service that deserves to be better known<\/span><\/span><\/span><\/div><div class=\"fusion-alignright\"><a class=\"fusion-read-more\" href=\"https:\/\/maisondesgreffes.com\/en\/2018\/03\/15\/an-essential-service-that-deserves-to-be-better-known\/\" aria-label=\"More on An essential service that deserves to be better known\">Read More<\/a><\/div><\/div><\/article>\n<article id=\"blog-2-post-3697\" class=\"fusion-post-large post-3697 post type-post status-publish format-standard has-post-thumbnail hentry category-news\">\n\t<style type=\"text\/css\">\n\t\t\n\t\t\n\t\t\n\t\t\n\t\t\t<\/style>\n\n\n\t\t\t<div class=\"fusion-flexslider flexslider fusion-flexslider-loading fusion-post-slideshow\" style=\"\">\n\t\t<ul class=\"slides\">\n\t\t\t\n\t\t\t\t\t\t\t\t\t\t\t\t\t\t<li><div  class=\"fusion-image-wrapper\" aria-haspopup=\"true\">\n\t\t\t\t<img decoding=\"async\" src=\"https:\/\/maisondesgreffes.com\/wp-content\/uploads\/2021\/04\/entrevue-ambassadeur-saguenay---1.jpg\" class=\"attachment-full size-full wp-post-image\" alt=\"Let&#039;s make Maison des greff\u00e9s a known resource\" \/><div class=\"fusion-rollover\">\n\t<div class=\"fusion-rollover-content\">\n\n\t\t\t\t\n\t\t\n\t\t\t\t\t\t\t\t\t\t\t\t<h4 class=\"fusion-rollover-title\">\n\t\t\t\t\t<a class=\"fusion-rollover-title-link\" href=\"https:\/\/maisondesgreffes.com\/en\/2018\/03\/15\/lets-make-maison-des-greffes-a-known-resource\/\">\n\t\t\t\t\t\tLet&#8217;s make Maison des greff\u00e9s a known resource\t\t\t\t\t<\/a>\n\t\t\t\t<\/h4>\n\t\t\t\n\t\t\t\t\t\t\t\t\t\t<div class=\"fusion-rollover-categories\"><a href=\"https:\/\/maisondesgreffes.com\/en\/category\/news\/\" rel=\"tag\">News<\/a><\/div>\t\t\t\t\t\n\t\t\n\t\t\t\t\t\t<a class=\"fusion-link-wrapper\" href=\"https:\/\/maisondesgreffes.com\/en\/2018\/03\/15\/lets-make-maison-des-greffes-a-known-resource\/\" aria-label=\"Let&#8217;s make Maison des greff\u00e9s a known resource\"><\/a>\n\t<\/div>\n<\/div>\n<\/div>\n<\/li>\n\t\t\t\n\t\t\t\n\t\t\t\t\t\t\t\t\t\t\t\t\t\t\t\t\t\t\t\t\t\t\t\t\t\t\t\t\t\t\t\t\t\t\t\t\t\t\t\t\t\t\t\t\t\t\t\t\t\t\t\t\t\t\t\t\t\t\t\t\t\t\t\t\t\t\t\t<\/ul>\n\t<\/div>\n\t<div class=\"fusion-post-content post-content\"><h2 class=\"blog-shortcode-post-title entry-title\"><a href=\"https:\/\/maisondesgreffes.com\/en\/2018\/03\/15\/lets-make-maison-des-greffes-a-known-resource\/\">Let&#8217;s make Maison des greff\u00e9s a known resource<\/a><\/h2><div class=\"fusion-post-content-container\"><p> In FrenchJeudi 15 mars 2018 Entrevue radiophonique pour\u00a0Au Coeur [...]<\/p><\/div><\/div><div class=\"fusion-clearfix\"><\/div><div class=\"fusion-meta-info\"><div class=\"fusion-alignleft\">By <span class=\"vcard\"><span class=\"fn\"><a href=\"https:\/\/maisondesgreffes.com\/en\/author\/isaine\/\" title=\"Posts by isaine\" rel=\"author\">isaine<\/a><\/span><\/span><span class=\"fusion-inline-sep\">|<\/span><span class=\"updated\" style=\"display:none;\">2021-04-14T15:17:59-04:00<\/span><span>15 March 2018<\/span><span class=\"fusion-inline-sep\">|<\/span>Categories: <a href=\"https:\/\/maisondesgreffes.com\/en\/category\/news\/\" rel=\"category tag\">News<\/a><span class=\"fusion-inline-sep\">|<\/span><span class=\"fusion-comments\"><span>Comments Off<span class=\"screen-reader-text\"> on Let&#8217;s make Maison des greff\u00e9s a known resource<\/span><\/span><\/span><\/div><div class=\"fusion-alignright\"><a class=\"fusion-read-more\" href=\"https:\/\/maisondesgreffes.com\/en\/2018\/03\/15\/lets-make-maison-des-greffes-a-known-resource\/\" aria-label=\"More on Let&#8217;s make Maison des greff\u00e9s a known resource\">Read More<\/a><\/div><\/div><\/article>\n<\/div><\/div><\/div><\/div><\/div><\/div><div class=\"fusion-fullwidth fullwidth-box fusion-builder-row-4 fusion-flex-container nonhundred-percent-fullwidth non-hundred-percent-height-scrolling fusion-no-small-visibility fusion-no-large-visibility\" style=\"--awb-border-radius-top-left:0px;--awb-border-radius-top-right:0px;--awb-border-radius-bottom-right:0px;--awb-border-radius-bottom-left:0px;--awb-padding-top:30px;--awb-margin-top:30px;--awb-flex-wrap:wrap;\" ><div class=\"fusion-builder-row fusion-row fusion-flex-align-items-flex-start fusion-flex-content-wrap\" style=\"max-width:1365px;margin-left: calc(-5% \/ 2 );margin-right: calc(-5% \/ 2 );\"><div class=\"fusion-layout-column fusion_builder_column fusion-builder-column-5 fusion_builder_column_1_1 1_1 fusion-flex-column\" style=\"--awb-bg-size:cover;--awb-width-large:100%;--awb-margin-top-large:0px;--awb-spacing-right-large:2.375%;--awb-margin-bottom-large:0px;--awb-spacing-left-large:2.375%;--awb-width-medium:100%;--awb-spacing-right-medium:2.375%;--awb-spacing-left-medium:2.375%;--awb-width-small:100%;--awb-spacing-right-small:2.375%;--awb-spacing-left-small:2.375%;\"><div class=\"fusion-column-wrapper fusion-column-has-shadow fusion-flex-justify-content-flex-start fusion-content-layout-column\"><div class=\"fusion-blog-shortcode fusion-blog-shortcode-3 fusion-blog-archive fusion-blog-layout-grid-wrapper fusion-blog-infinite\"><style type=\"text\/css\">.fusion-blog-shortcode-3 .fusion-blog-layout-grid .fusion-post-grid{padding:20px;}.fusion-blog-shortcode-3 .fusion-posts-container{margin-left: -20px !important; margin-right:-20px !important;}<\/style><div class=\"fusion-posts-container fusion-posts-container-infinite fusion-blog-rollover fusion-blog-layout-grid fusion-blog-layout-grid-3 isotope\" data-pages=\"3\" data-grid-col-space=\"40\" style=\"margin: -20px -20px 0;min-height:500px;\"><article id=\"blog-3-post-15270\" class=\"fusion-post-grid post-15270 post type-post status-publish format-standard has-post-thumbnail hentry category-stephane-dans-les-medias-en\">\n<div class=\"fusion-post-wrapper\" style=\"background-color:rgba(255,255,255,0);border:none;\">\n\n\t\t\t<div class=\"fusion-flexslider flexslider fusion-flexslider-loading fusion-post-slideshow\" style=\"border-color:rgba(255,255,255,0);\">\n\t\t<ul class=\"slides\">\n\t\t\t\n\t\t\t\t\t\t\t\t\t\t\t\t\t\t<li><div  class=\"fusion-image-wrapper\" aria-haspopup=\"true\">\n\t\t\t\t<img decoding=\"async\" width=\"2880\" height=\"1920\" src=\"https:\/\/maisondesgreffes.com\/wp-content\/uploads\/2025\/07\/261a0512-1.jpg\" class=\"attachment-full size-full wp-post-image\" alt=\"St\u00e9phane H\u00e9bert \u00e0 son arriv\u00e9e \u00e0 Montr\u00e9al\" srcset=\"https:\/\/maisondesgreffes.com\/wp-content\/uploads\/2025\/07\/261a0512-1-200x133.jpg 200w, https:\/\/maisondesgreffes.com\/wp-content\/uploads\/2025\/07\/261a0512-1-400x267.jpg 400w, https:\/\/maisondesgreffes.com\/wp-content\/uploads\/2025\/07\/261a0512-1-600x400.jpg 600w, https:\/\/maisondesgreffes.com\/wp-content\/uploads\/2025\/07\/261a0512-1-800x533.jpg 800w, https:\/\/maisondesgreffes.com\/wp-content\/uploads\/2025\/07\/261a0512-1-1200x800.jpg 1200w, https:\/\/maisondesgreffes.com\/wp-content\/uploads\/2025\/07\/261a0512-1.jpg 2880w\" sizes=\"(min-width: 2200px) 100vw, (min-width: 784px) 407px, (min-width: 712px) 610px, (min-width: 640px) 712px, \" \/><div class=\"fusion-rollover\">\n\t<div class=\"fusion-rollover-content\">\n\n\t\t\t\t\n\t\t\n\t\t\t\t\t\t\t\t\t\t\t\t<h4 class=\"fusion-rollover-title\">\n\t\t\t\t\t<a class=\"fusion-rollover-title-link\" href=\"https:\/\/maisondesgreffes.com\/en\/2025\/07\/29\/stephane-hebert-cycling-across-the-country-to-raise-awareness-about-organ-donation\/\">\n\t\t\t\t\t\tSt\u00e9phane H\u00e9bert: Cycling Across the Country to Raise Awareness About Organ Donation\t\t\t\t\t<\/a>\n\t\t\t\t<\/h4>\n\t\t\t\n\t\t\t\t\t\t\t\t\t\t<div class=\"fusion-rollover-categories\"><a href=\"https:\/\/maisondesgreffes.com\/en\/category\/stephane-dans-les-medias-en\/\" rel=\"tag\">St\u00e9phane dans les m\u00e9dias<\/a><\/div>\t\t\t\t\t\n\t\t\n\t\t\t\t\t\t<a class=\"fusion-link-wrapper\" href=\"https:\/\/maisondesgreffes.com\/en\/2025\/07\/29\/stephane-hebert-cycling-across-the-country-to-raise-awareness-about-organ-donation\/\" aria-label=\"St\u00e9phane H\u00e9bert: Cycling Across the Country to Raise Awareness About Organ Donation\"><\/a>\n\t<\/div>\n<\/div>\n<\/div>\n<\/li>\n\t\t\t\n\t\t\t\n\t\t\t\t\t\t\t\t\t\t\t\t\t\t\t\t\t\t\t\t\t\t\t\t\t\t\t\t\t\t\t\t\t\t\t\t\t\t\t\t\t\t\t\t\t\t\t\t\t\t\t\t\t\t\t\t\t\t\t\t\t\t\t\t\t\t\t\t<\/ul>\n\t<\/div>\n\t<div class=\"fusion-post-content-wrapper\" style=\"padding:30px 25px 25px 25px;\"><div class=\"fusion-post-content post-content\"><h2 class=\"blog-shortcode-post-title entry-title\"><a href=\"https:\/\/maisondesgreffes.com\/en\/2025\/07\/29\/stephane-hebert-cycling-across-the-country-to-raise-awareness-about-organ-donation\/\">St\u00e9phane H\u00e9bert: Cycling Across the Country to Raise Awareness About Organ Donation<\/a><\/h2><p class=\"fusion-single-line-meta\"><span class=\"vcard\" style=\"display: none;\"><span class=\"fn\"><a href=\"https:\/\/maisondesgreffes.com\/en\/author\/maisondesgreffes\/\" title=\"Posts by maisondesgreffes\" rel=\"author\">maisondesgreffes<\/a><\/span><\/span><span class=\"updated\" style=\"display:none;\">2025-07-29T15:57:32-04:00<\/span><span>29 July 2025<\/span><span class=\"fusion-inline-sep\">|<\/span><\/p><\/div><\/div><div class=\"fusion-clearfix\"><\/div><\/div>\n<\/article>\n<article id=\"blog-3-post-15080\" class=\"fusion-post-grid post-15080 post type-post status-publish format-standard has-post-thumbnail hentry category-news-stephane\">\n<div class=\"fusion-post-wrapper\" style=\"background-color:rgba(255,255,255,0);border:none;\">\n\n\t\t\t<div class=\"fusion-flexslider flexslider fusion-flexslider-loading fusion-post-slideshow\" style=\"border-color:rgba(255,255,255,0);\">\n\t\t<ul class=\"slides\">\n\t\t\t\n\t\t\t\t\t\t\t\t\t\t\t\t\t\t<li><div  class=\"fusion-image-wrapper\" aria-haspopup=\"true\">\n\t\t\t\t<img decoding=\"async\" width=\"1218\" height=\"616\" src=\"https:\/\/maisondesgreffes.com\/wp-content\/uploads\/2025\/05\/citynews.png\" class=\"attachment-full size-full wp-post-image\" alt=\"\" srcset=\"https:\/\/maisondesgreffes.com\/wp-content\/uploads\/2025\/05\/citynews-200x101.png 200w, https:\/\/maisondesgreffes.com\/wp-content\/uploads\/2025\/05\/citynews-400x202.png 400w, https:\/\/maisondesgreffes.com\/wp-content\/uploads\/2025\/05\/citynews-600x303.png 600w, https:\/\/maisondesgreffes.com\/wp-content\/uploads\/2025\/05\/citynews-800x405.png 800w, https:\/\/maisondesgreffes.com\/wp-content\/uploads\/2025\/05\/citynews-1200x607.png 1200w, https:\/\/maisondesgreffes.com\/wp-content\/uploads\/2025\/05\/citynews.png 1218w\" sizes=\"(min-width: 2200px) 100vw, (min-width: 784px) 407px, (min-width: 712px) 610px, (min-width: 640px) 712px, \" \/><div class=\"fusion-rollover\">\n\t<div class=\"fusion-rollover-content\">\n\n\t\t\t\t\n\t\t\n\t\t\t\t\t\t\t\t\t\t\t\t<h4 class=\"fusion-rollover-title\">\n\t\t\t\t\t<a class=\"fusion-rollover-title-link\" href=\"https:\/\/maisondesgreffes.com\/en\/2025\/05\/27\/organ-donor-cycling-towards-guinness-world-record\/\">\n\t\t\t\t\t\tOrgan donor cycling towards Guinness World Record\t\t\t\t\t<\/a>\n\t\t\t\t<\/h4>\n\t\t\t\n\t\t\t\t\t\t\t\t\t\t<div class=\"fusion-rollover-categories\"><a href=\"https:\/\/maisondesgreffes.com\/en\/category\/news-stephane\/\" rel=\"tag\">St\u00e9phane in the media<\/a><\/div>\t\t\t\t\t\n\t\t\n\t\t\t\t\t\t<a class=\"fusion-link-wrapper\" href=\"https:\/\/maisondesgreffes.com\/en\/2025\/05\/27\/organ-donor-cycling-towards-guinness-world-record\/\" aria-label=\"Organ donor cycling towards Guinness World Record\"><\/a>\n\t<\/div>\n<\/div>\n<\/div>\n<\/li>\n\t\t\t\n\t\t\t\n\t\t\t\t\t\t\t\t\t\t\t\t\t\t\t\t\t\t\t\t\t\t\t\t\t\t\t\t\t\t\t\t\t\t\t\t\t\t\t\t\t\t\t\t\t\t\t\t\t\t\t\t\t\t\t\t\t\t\t\t\t\t\t\t\t\t\t\t<\/ul>\n\t<\/div>\n\t<div class=\"fusion-post-content-wrapper\" style=\"padding:30px 25px 25px 25px;\"><div class=\"fusion-post-content post-content\"><h2 class=\"blog-shortcode-post-title entry-title\"><a href=\"https:\/\/maisondesgreffes.com\/en\/2025\/05\/27\/organ-donor-cycling-towards-guinness-world-record\/\">Organ donor cycling towards Guinness World Record<\/a><\/h2><p class=\"fusion-single-line-meta\"><span class=\"vcard\" style=\"display: none;\"><span class=\"fn\"><a href=\"https:\/\/maisondesgreffes.com\/en\/author\/maisondesgreffes\/\" title=\"Posts by maisondesgreffes\" rel=\"author\">maisondesgreffes<\/a><\/span><\/span><span class=\"updated\" style=\"display:none;\">2025-05-27T11:23:29-04:00<\/span><span>27 May 2025<\/span><span class=\"fusion-inline-sep\">|<\/span><\/p><\/div><\/div><div class=\"fusion-clearfix\"><\/div><\/div>\n<\/article>\n<article id=\"blog-3-post-15068\" class=\"fusion-post-grid post-15068 post type-post status-publish format-standard has-post-thumbnail hentry category-news-stephane\">\n<div class=\"fusion-post-wrapper\" style=\"background-color:rgba(255,255,255,0);border:none;\">\n\n\t\t\t<div class=\"fusion-flexslider flexslider fusion-flexslider-loading fusion-post-slideshow\" style=\"border-color:rgba(255,255,255,0);\">\n\t\t<ul class=\"slides\">\n\t\t\t\n\t\t\t\t\t\t\t\t\t\t\t\t\t\t<li><div  class=\"fusion-image-wrapper\" aria-haspopup=\"true\">\n\t\t\t\t<img decoding=\"async\" width=\"800\" height=\"445\" src=\"https:\/\/maisondesgreffes.com\/wp-content\/uploads\/2025\/05\/bike-800x445-1.jpg\" class=\"attachment-full size-full wp-post-image\" alt=\"\" srcset=\"https:\/\/maisondesgreffes.com\/wp-content\/uploads\/2025\/05\/bike-800x445-1-200x111.jpg 200w, https:\/\/maisondesgreffes.com\/wp-content\/uploads\/2025\/05\/bike-800x445-1-400x223.jpg 400w, https:\/\/maisondesgreffes.com\/wp-content\/uploads\/2025\/05\/bike-800x445-1-600x334.jpg 600w, https:\/\/maisondesgreffes.com\/wp-content\/uploads\/2025\/05\/bike-800x445-1.jpg 800w\" sizes=\"(min-width: 2200px) 100vw, (min-width: 784px) 407px, (min-width: 712px) 610px, (min-width: 640px) 712px, \" \/><div class=\"fusion-rollover\">\n\t<div class=\"fusion-rollover-content\">\n\n\t\t\t\t\n\t\t\n\t\t\t\t\t\t\t\t\t\t\t\t<h4 class=\"fusion-rollover-title\">\n\t\t\t\t\t<a class=\"fusion-rollover-title-link\" href=\"https:\/\/maisondesgreffes.com\/en\/2025\/05\/27\/22stephane-hebert-cross-canada-cycling-journey-for-organ-donation\/\">\n\t\t\t\t\t\tSt\u00e9phane H\u00e9bert: Cross Canada cycling journey for organ donation\t\t\t\t\t<\/a>\n\t\t\t\t<\/h4>\n\t\t\t\n\t\t\t\t\t\t\t\t\t\t<div class=\"fusion-rollover-categories\"><a href=\"https:\/\/maisondesgreffes.com\/en\/category\/news-stephane\/\" rel=\"tag\">St\u00e9phane in the media<\/a><\/div>\t\t\t\t\t\n\t\t\n\t\t\t\t\t\t<a class=\"fusion-link-wrapper\" href=\"https:\/\/maisondesgreffes.com\/en\/2025\/05\/27\/22stephane-hebert-cross-canada-cycling-journey-for-organ-donation\/\" aria-label=\"St\u00e9phane H\u00e9bert: Cross Canada cycling journey for organ donation\"><\/a>\n\t<\/div>\n<\/div>\n<\/div>\n<\/li>\n\t\t\t\n\t\t\t\n\t\t\t\t\t\t\t\t\t\t\t\t\t\t\t\t\t\t\t\t\t\t\t\t\t\t\t\t\t\t\t\t\t\t\t\t\t\t\t\t\t\t\t\t\t\t\t\t\t\t\t\t\t\t\t\t\t\t\t\t\t\t\t\t\t\t\t\t<\/ul>\n\t<\/div>\n\t<div class=\"fusion-post-content-wrapper\" style=\"padding:30px 25px 25px 25px;\"><div class=\"fusion-post-content post-content\"><h2 class=\"blog-shortcode-post-title entry-title\"><a href=\"https:\/\/maisondesgreffes.com\/en\/2025\/05\/27\/22stephane-hebert-cross-canada-cycling-journey-for-organ-donation\/\">St\u00e9phane H\u00e9bert: Cross Canada cycling journey for organ donation<\/a><\/h2><p class=\"fusion-single-line-meta\"><span class=\"vcard\" style=\"display: none;\"><span class=\"fn\"><a href=\"https:\/\/maisondesgreffes.com\/en\/author\/maisondesgreffes\/\" title=\"Posts by maisondesgreffes\" rel=\"author\">maisondesgreffes<\/a><\/span><\/span><span class=\"updated\" style=\"display:none;\">2025-05-27T11:12:12-04:00<\/span><span>27 May 2025<\/span><span class=\"fusion-inline-sep\">|<\/span><\/p><\/div><\/div><div class=\"fusion-clearfix\"><\/div><\/div>\n<\/article>\n<article id=\"blog-3-post-10510\" class=\"fusion-post-grid post-10510 post type-post status-publish format-standard has-post-thumbnail hentry category-news\">\n<div class=\"fusion-post-wrapper\" style=\"background-color:rgba(255,255,255,0);border:none;\">\n\n\t\t\t<div class=\"fusion-flexslider flexslider fusion-flexslider-loading fusion-post-slideshow\" style=\"border-color:rgba(255,255,255,0);\">\n\t\t<ul class=\"slides\">\n\t\t\t\n\t\t\t\t\t\t\t\t\t\t\t\t\t\t<li><div  class=\"fusion-image-wrapper\" aria-haspopup=\"true\">\n\t\t\t\t<img decoding=\"async\" width=\"2560\" height=\"1707\" src=\"https:\/\/maisondesgreffes.com\/wp-content\/uploads\/2023\/02\/jour2-8-scaled.jpg\" class=\"attachment-full size-full wp-post-image\" alt=\"\" srcset=\"https:\/\/maisondesgreffes.com\/wp-content\/uploads\/2023\/02\/jour2-8-200x133.jpg 200w, https:\/\/maisondesgreffes.com\/wp-content\/uploads\/2023\/02\/jour2-8-400x267.jpg 400w, https:\/\/maisondesgreffes.com\/wp-content\/uploads\/2023\/02\/jour2-8-600x400.jpg 600w, https:\/\/maisondesgreffes.com\/wp-content\/uploads\/2023\/02\/jour2-8-800x534.jpg 800w, https:\/\/maisondesgreffes.com\/wp-content\/uploads\/2023\/02\/jour2-8-1200x800.jpg 1200w, https:\/\/maisondesgreffes.com\/wp-content\/uploads\/2023\/02\/jour2-8-scaled.jpg 2560w\" sizes=\"(min-width: 2200px) 100vw, (min-width: 784px) 407px, (min-width: 712px) 610px, (min-width: 640px) 712px, \" \/><div class=\"fusion-rollover\">\n\t<div class=\"fusion-rollover-content\">\n\n\t\t\t\t\n\t\t\n\t\t\t\t\t\t\t\t\t\t\t\t<h4 class=\"fusion-rollover-title\">\n\t\t\t\t\t<a class=\"fusion-rollover-title-link\" href=\"https:\/\/maisondesgreffes.com\/en\/2023\/03\/09\/maison-des-greffes-lina-cyr-podcast-sommet-du-velo\/\">\n\t\t\t\t\t\tMaison des greff\u00e9s Lina Cyr &#8211; Podcast \u00abSommet du v\u00e9lo\u00bb\t\t\t\t\t<\/a>\n\t\t\t\t<\/h4>\n\t\t\t\n\t\t\t\t\t\t\t\t\t\t<div class=\"fusion-rollover-categories\"><a href=\"https:\/\/maisondesgreffes.com\/en\/category\/news\/\" rel=\"tag\">News<\/a><\/div>\t\t\t\t\t\n\t\t\n\t\t\t\t\t\t<a class=\"fusion-link-wrapper\" href=\"https:\/\/maisondesgreffes.com\/en\/2023\/03\/09\/maison-des-greffes-lina-cyr-podcast-sommet-du-velo\/\" aria-label=\"Maison des greff\u00e9s Lina Cyr &#8211; Podcast \u00abSommet du v\u00e9lo\u00bb\"><\/a>\n\t<\/div>\n<\/div>\n<\/div>\n<\/li>\n\t\t\t\n\t\t\t\n\t\t\t\t\t\t\t\t\t\t\t\t\t\t\t\t\t\t\t\t\t\t\t\t\t\t\t\t\t\t\t\t\t\t\t\t\t\t\t\t\t\t\t\t\t\t\t\t\t\t\t\t\t\t\t\t\t\t\t\t\t\t\t\t\t\t\t\t<\/ul>\n\t<\/div>\n\t<div class=\"fusion-post-content-wrapper\" style=\"padding:30px 25px 25px 25px;\"><div class=\"fusion-post-content post-content\"><h2 class=\"blog-shortcode-post-title entry-title\"><a href=\"https:\/\/maisondesgreffes.com\/en\/2023\/03\/09\/maison-des-greffes-lina-cyr-podcast-sommet-du-velo\/\">Maison des greff\u00e9s Lina Cyr &#8211; Podcast \u00abSommet du v\u00e9lo\u00bb<\/a><\/h2><p class=\"fusion-single-line-meta\"><span class=\"vcard\" style=\"display: none;\"><span class=\"fn\"><a href=\"https:\/\/maisondesgreffes.com\/en\/author\/maisondesgreffes\/\" title=\"Posts by maisondesgreffes\" rel=\"author\">maisondesgreffes<\/a><\/span><\/span><span class=\"updated\" style=\"display:none;\">2023-03-09T15:10:14-05:00<\/span><span>9 March 2023<\/span><span class=\"fusion-inline-sep\">|<\/span><\/p><\/div><\/div><div class=\"fusion-clearfix\"><\/div><\/div>\n<\/article>\n<article id=\"blog-3-post-4249\" class=\"fusion-post-grid post-4249 post type-post status-publish format-standard has-post-thumbnail hentry category-news\">\n<div class=\"fusion-post-wrapper\" style=\"background-color:rgba(255,255,255,0);border:none;\">\n\n\t\t\t<div class=\"fusion-flexslider flexslider fusion-flexslider-loading fusion-post-slideshow\" style=\"border-color:rgba(255,255,255,0);\">\n\t\t<ul class=\"slides\">\n\t\t\t\n\t\t\t\t\t\t\t\t\t\t\t\t\t\t<li><div  class=\"fusion-image-wrapper\" aria-haspopup=\"true\">\n\t\t\t\t<img decoding=\"async\" src=\"https:\/\/maisondesgreffes.com\/wp-content\/uploads\/2021\/04\/defi-velo---2.jpg\" class=\"attachment-full size-full wp-post-image\" alt=\"Bike Challenge\" \/><div class=\"fusion-rollover\">\n\t<div class=\"fusion-rollover-content\">\n\n\t\t\t\t\n\t\t\n\t\t\t\t\t\t\t\t\t\t\t\t<h4 class=\"fusion-rollover-title\">\n\t\t\t\t\t<a class=\"fusion-rollover-title-link\" href=\"https:\/\/maisondesgreffes.com\/en\/2021\/08\/10\/the-lina-cyr-bike-challenge-for-transplant-patients-celebrates-its-15th-anniversary\/\">\n\t\t\t\t\t\tThe Lina Cyr Bike Challenge for Transplant patients celebrates its 15th anniversary\t\t\t\t\t<\/a>\n\t\t\t\t<\/h4>\n\t\t\t\n\t\t\t\t\t\t\t\t\t\t<div class=\"fusion-rollover-categories\"><a href=\"https:\/\/maisondesgreffes.com\/en\/category\/news\/\" rel=\"tag\">News<\/a><\/div>\t\t\t\t\t\n\t\t\n\t\t\t\t\t\t<a class=\"fusion-link-wrapper\" href=\"https:\/\/maisondesgreffes.com\/en\/2021\/08\/10\/the-lina-cyr-bike-challenge-for-transplant-patients-celebrates-its-15th-anniversary\/\" aria-label=\"The Lina Cyr Bike Challenge for Transplant patients celebrates its 15th anniversary\"><\/a>\n\t<\/div>\n<\/div>\n<\/div>\n<\/li>\n\t\t\t\n\t\t\t\n\t\t\t\t\t\t\t\t\t\t\t\t\t\t\t\t\t\t\t\t\t\t\t\t\t\t\t\t\t\t\t\t\t\t\t\t\t\t\t\t\t\t\t\t\t\t\t\t\t\t\t\t\t\t\t\t\t\t\t\t\t\t\t\t\t\t\t\t<\/ul>\n\t<\/div>\n\t<div class=\"fusion-post-content-wrapper\" style=\"padding:30px 25px 25px 25px;\"><div class=\"fusion-post-content post-content\"><h2 class=\"blog-shortcode-post-title entry-title\"><a href=\"https:\/\/maisondesgreffes.com\/en\/2021\/08\/10\/the-lina-cyr-bike-challenge-for-transplant-patients-celebrates-its-15th-anniversary\/\">The Lina Cyr Bike Challenge for Transplant patients celebrates its 15th anniversary<\/a><\/h2><p class=\"fusion-single-line-meta\"><span class=\"vcard\" style=\"display: none;\"><span class=\"fn\"><a href=\"https:\/\/maisondesgreffes.com\/en\/author\/maisondesgreffes\/\" title=\"Posts by maisondesgreffes\" rel=\"author\">maisondesgreffes<\/a><\/span><\/span><span class=\"updated\" style=\"display:none;\">2021-08-10T16:42:49-04:00<\/span><span>10 August 2021<\/span><span class=\"fusion-inline-sep\">|<\/span><\/p><\/div><\/div><div class=\"fusion-clearfix\"><\/div><\/div>\n<\/article>\n<article id=\"blog-3-post-4042\" class=\"fusion-post-grid post-4042 post type-post status-publish format-standard has-post-thumbnail hentry category-news\">\n<div class=\"fusion-post-wrapper\" style=\"background-color:rgba(255,255,255,0);border:none;\">\n\n\t\t\t<div class=\"fusion-flexslider flexslider fusion-flexslider-loading fusion-post-slideshow\" style=\"border-color:rgba(255,255,255,0);\">\n\t\t<ul class=\"slides\">\n\t\t\t\n\t\t\t\t\t\t\t\t\t\t\t\t\t\t<li><div  class=\"fusion-image-wrapper\" aria-haspopup=\"true\">\n\t\t\t\t<img decoding=\"async\" src=\"https:\/\/maisondesgreffes.com\/wp-content\/uploads\/2021\/04\/une-deuxieme-vie.jpg\" class=\"attachment-full size-full wp-post-image\" alt=\"A Second Life\" \/><div class=\"fusion-rollover\">\n\t<div class=\"fusion-rollover-content\">\n\n\t\t\t\t\n\t\t\n\t\t\t\t\t\t\t\t\t\t\t\t<h4 class=\"fusion-rollover-title\">\n\t\t\t\t\t<a class=\"fusion-rollover-title-link\" href=\"https:\/\/maisondesgreffes.com\/en\/2021\/04\/30\/a-second-life\/\">\n\t\t\t\t\t\tA Second Life\t\t\t\t\t<\/a>\n\t\t\t\t<\/h4>\n\t\t\t\n\t\t\t\t\t\t\t\t\t\t<div class=\"fusion-rollover-categories\"><a href=\"https:\/\/maisondesgreffes.com\/en\/category\/news\/\" rel=\"tag\">News<\/a><\/div>\t\t\t\t\t\n\t\t\n\t\t\t\t\t\t<a class=\"fusion-link-wrapper\" href=\"https:\/\/maisondesgreffes.com\/en\/2021\/04\/30\/a-second-life\/\" aria-label=\"A Second Life\"><\/a>\n\t<\/div>\n<\/div>\n<\/div>\n<\/li>\n\t\t\t\n\t\t\t\n\t\t\t\t\t\t\t\t\t\t\t\t\t\t\t\t\t\t\t\t\t\t\t\t\t\t\t\t\t\t\t\t\t\t\t\t\t\t\t\t\t\t\t\t\t\t\t\t\t\t\t\t\t\t\t\t\t\t\t\t\t\t\t\t\t\t\t\t<\/ul>\n\t<\/div>\n\t<div class=\"fusion-post-content-wrapper\" style=\"padding:30px 25px 25px 25px;\"><div class=\"fusion-post-content post-content\"><h2 class=\"blog-shortcode-post-title entry-title\"><a href=\"https:\/\/maisondesgreffes.com\/en\/2021\/04\/30\/a-second-life\/\">A Second Life<\/a><\/h2><p class=\"fusion-single-line-meta\"><span class=\"vcard\" style=\"display: none;\"><span class=\"fn\"><a href=\"https:\/\/maisondesgreffes.com\/en\/author\/isaine\/\" title=\"Posts by isaine\" rel=\"author\">isaine<\/a><\/span><\/span><span class=\"updated\" style=\"display:none;\">2021-04-30T15:51:51-04:00<\/span><span>30 April 2021<\/span><span class=\"fusion-inline-sep\">|<\/span><\/p><\/div><\/div><div class=\"fusion-clearfix\"><\/div><\/div>\n<\/article>\n<article id=\"blog-3-post-3958\" class=\"fusion-post-grid post-3958 post type-post status-publish format-standard has-post-thumbnail hentry category-nouvelles\">\n<div class=\"fusion-post-wrapper\" style=\"background-color:rgba(255,255,255,0);border:none;\">\n\n\t\t\t<div class=\"fusion-flexslider flexslider fusion-flexslider-loading fusion-post-slideshow\" style=\"border-color:rgba(255,255,255,0);\">\n\t\t<ul class=\"slides\">\n\t\t\t\n\t\t\t\t\t\t\t\t\t\t\t\t\t\t<li><div  class=\"fusion-image-wrapper\" aria-haspopup=\"true\">\n\t\t\t\t<img decoding=\"async\" width=\"1200\" height=\"628\" src=\"https:\/\/maisondesgreffes.com\/wp-content\/uploads\/2021\/04\/un-don-substantiel-1.jpg\" class=\"attachment-full size-full wp-post-image\" alt=\"A substantial and unexpected donation for La Maison\" srcset=\"https:\/\/maisondesgreffes.com\/wp-content\/uploads\/2021\/04\/un-don-substantiel-1-200x105.jpg 200w, https:\/\/maisondesgreffes.com\/wp-content\/uploads\/2021\/04\/un-don-substantiel-1-400x209.jpg 400w, https:\/\/maisondesgreffes.com\/wp-content\/uploads\/2021\/04\/un-don-substantiel-1-600x314.jpg 600w, https:\/\/maisondesgreffes.com\/wp-content\/uploads\/2021\/04\/un-don-substantiel-1-800x419.jpg 800w, https:\/\/maisondesgreffes.com\/wp-content\/uploads\/2021\/04\/un-don-substantiel-1.jpg 1200w\" sizes=\"(min-width: 2200px) 100vw, (min-width: 784px) 407px, (min-width: 712px) 610px, (min-width: 640px) 712px, \" \/><div class=\"fusion-rollover\">\n\t<div class=\"fusion-rollover-content\">\n\n\t\t\t\t\n\t\t\n\t\t\t\t\t\t\t\t\t\t\t\t<h4 class=\"fusion-rollover-title\">\n\t\t\t\t\t<a class=\"fusion-rollover-title-link\" href=\"https:\/\/maisondesgreffes.com\/en\/2021\/04\/28\/a-substantial-and-unexpected-donation-for-la-maison\/\">\n\t\t\t\t\t\tA substantial and unexpected donation for La Maison!\t\t\t\t\t<\/a>\n\t\t\t\t<\/h4>\n\t\t\t\n\t\t\t\t\t\t\t\t\t\t<div class=\"fusion-rollover-categories\"><a href=\"https:\/\/maisondesgreffes.com\/category\/nouvelles\/\" rel=\"tag\">Nouvelles<\/a><\/div>\t\t\t\t\t\n\t\t\n\t\t\t\t\t\t<a class=\"fusion-link-wrapper\" href=\"https:\/\/maisondesgreffes.com\/en\/2021\/04\/28\/a-substantial-and-unexpected-donation-for-la-maison\/\" aria-label=\"A substantial and unexpected donation for La Maison!\"><\/a>\n\t<\/div>\n<\/div>\n<\/div>\n<\/li>\n\t\t\t\n\t\t\t\n\t\t\t\t\t\t\t\t\t\t\t\t\t\t\t\t\t\t\t\t\t\t\t\t\t\t\t\t\t\t\t\t\t\t\t\t\t\t\t\t\t\t\t\t\t\t\t\t\t\t\t\t\t\t\t\t\t\t\t\t\t\t\t\t\t\t\t\t<\/ul>\n\t<\/div>\n\t<div class=\"fusion-post-content-wrapper\" style=\"padding:30px 25px 25px 25px;\"><div class=\"fusion-post-content post-content\"><h2 class=\"blog-shortcode-post-title entry-title\"><a href=\"https:\/\/maisondesgreffes.com\/en\/2021\/04\/28\/a-substantial-and-unexpected-donation-for-la-maison\/\">A substantial and unexpected donation for La Maison!<\/a><\/h2><p class=\"fusion-single-line-meta\"><span class=\"vcard\" style=\"display: none;\"><span class=\"fn\"><a href=\"https:\/\/maisondesgreffes.com\/en\/author\/isaine\/\" title=\"Posts by isaine\" rel=\"author\">isaine<\/a><\/span><\/span><span class=\"updated\" style=\"display:none;\">2022-01-18T13:47:29-05:00<\/span><span>28 April 2021<\/span><span class=\"fusion-inline-sep\">|<\/span><\/p><\/div><\/div><div class=\"fusion-clearfix\"><\/div><\/div>\n<\/article>\n<article id=\"blog-3-post-3917\" class=\"fusion-post-grid post-3917 post type-post status-publish format-standard has-post-thumbnail hentry category-news\">\n<div class=\"fusion-post-wrapper\" style=\"background-color:rgba(255,255,255,0);border:none;\">\n\n\t\t\t<div class=\"fusion-flexslider flexslider fusion-flexslider-loading fusion-post-slideshow\" style=\"border-color:rgba(255,255,255,0);\">\n\t\t<ul class=\"slides\">\n\t\t\t\n\t\t\t\t\t\t\t\t\t\t\t\t\t\t<li><div  class=\"fusion-image-wrapper\" aria-haspopup=\"true\">\n\t\t\t\t<img decoding=\"async\" width=\"1200\" height=\"628\" src=\"https:\/\/maisondesgreffes.com\/wp-content\/uploads\/2021\/04\/patrice-dionne.jpg\" class=\"attachment-full size-full wp-post-image\" alt=\"Patrice Dionne\" srcset=\"https:\/\/maisondesgreffes.com\/wp-content\/uploads\/2021\/04\/patrice-dionne-200x105.jpg 200w, https:\/\/maisondesgreffes.com\/wp-content\/uploads\/2021\/04\/patrice-dionne-400x209.jpg 400w, https:\/\/maisondesgreffes.com\/wp-content\/uploads\/2021\/04\/patrice-dionne-600x314.jpg 600w, https:\/\/maisondesgreffes.com\/wp-content\/uploads\/2021\/04\/patrice-dionne-800x419.jpg 800w, https:\/\/maisondesgreffes.com\/wp-content\/uploads\/2021\/04\/patrice-dionne.jpg 1200w\" sizes=\"(min-width: 2200px) 100vw, (min-width: 784px) 407px, (min-width: 712px) 610px, (min-width: 640px) 712px, \" \/><div class=\"fusion-rollover\">\n\t<div class=\"fusion-rollover-content\">\n\n\t\t\t\t\n\t\t\n\t\t\t\t\t\t\t\t\t\t\t\t<h4 class=\"fusion-rollover-title\">\n\t\t\t\t\t<a class=\"fusion-rollover-title-link\" href=\"https:\/\/maisondesgreffes.com\/en\/2021\/04\/26\/patrice-dionne-heart-and-liver-transplant-recipient\/\">\n\t\t\t\t\t\tPatrice Dionne, heart and liver transplant recipient\t\t\t\t\t<\/a>\n\t\t\t\t<\/h4>\n\t\t\t\n\t\t\t\t\t\t\t\t\t\t<div class=\"fusion-rollover-categories\"><a href=\"https:\/\/maisondesgreffes.com\/en\/category\/news\/\" rel=\"tag\">News<\/a><\/div>\t\t\t\t\t\n\t\t\n\t\t\t\t\t\t<a class=\"fusion-link-wrapper\" href=\"https:\/\/maisondesgreffes.com\/en\/2021\/04\/26\/patrice-dionne-heart-and-liver-transplant-recipient\/\" aria-label=\"Patrice Dionne, heart and liver transplant recipient\"><\/a>\n\t<\/div>\n<\/div>\n<\/div>\n<\/li>\n\t\t\t\n\t\t\t\n\t\t\t\t\t\t\t\t\t\t\t\t\t\t\t\t\t\t\t\t\t\t\t\t\t\t\t\t\t\t\t\t\t\t\t\t\t\t\t\t\t\t\t\t\t\t\t\t\t\t\t\t\t\t\t\t\t\t\t\t\t\t\t\t\t\t\t\t<\/ul>\n\t<\/div>\n\t<div class=\"fusion-post-content-wrapper\" style=\"padding:30px 25px 25px 25px;\"><div class=\"fusion-post-content post-content\"><h2 class=\"blog-shortcode-post-title entry-title\"><a href=\"https:\/\/maisondesgreffes.com\/en\/2021\/04\/26\/patrice-dionne-heart-and-liver-transplant-recipient\/\">Patrice Dionne, heart and liver transplant recipient<\/a><\/h2><p class=\"fusion-single-line-meta\"><span class=\"vcard\" style=\"display: none;\"><span class=\"fn\"><a href=\"https:\/\/maisondesgreffes.com\/en\/author\/isaine\/\" title=\"Posts by isaine\" rel=\"author\">isaine<\/a><\/span><\/span><span class=\"updated\" style=\"display:none;\">2021-04-26T18:31:18-04:00<\/span><span>26 April 2021<\/span><span class=\"fusion-inline-sep\">|<\/span><\/p><\/div><\/div><div class=\"fusion-clearfix\"><\/div><\/div>\n<\/article>\n<article id=\"blog-3-post-3705\" class=\"fusion-post-grid post-3705 post type-post status-publish format-standard has-post-thumbnail hentry category-news\">\n<div class=\"fusion-post-wrapper\" style=\"background-color:rgba(255,255,255,0);border:none;\">\n\n\t\t\t<div class=\"fusion-flexslider flexslider fusion-flexslider-loading fusion-post-slideshow\" style=\"border-color:rgba(255,255,255,0);\">\n\t\t<ul class=\"slides\">\n\t\t\t\n\t\t\t\t\t\t\t\t\t\t\t\t\t\t<li><div  class=\"fusion-image-wrapper\" aria-haspopup=\"true\">\n\t\t\t\t<img decoding=\"async\" src=\"https:\/\/maisondesgreffes.com\/wp-content\/uploads\/2021\/04\/don-dorganes---2.jpg\" class=\"attachment-full size-full wp-post-image\" alt=\"Organ transplant surgeries have dropped in the pandemic. Some of the reasons are clear, but no one knows why donations have dropped.\" \/><div class=\"fusion-rollover\">\n\t<div class=\"fusion-rollover-content\">\n\n\t\t\t\t\n\t\t\n\t\t\t\t\t\t\t\t\t\t\t\t<h4 class=\"fusion-rollover-title\">\n\t\t\t\t\t<a class=\"fusion-rollover-title-link\" href=\"https:\/\/maisondesgreffes.com\/en\/2021\/02\/25\/quebec-organ-transplants-are-down\/\">\n\t\t\t\t\t\tQuebec organ transplants are down\t\t\t\t\t<\/a>\n\t\t\t\t<\/h4>\n\t\t\t\n\t\t\t\t\t\t\t\t\t\t<div class=\"fusion-rollover-categories\"><a href=\"https:\/\/maisondesgreffes.com\/en\/category\/news\/\" rel=\"tag\">News<\/a><\/div>\t\t\t\t\t\n\t\t\n\t\t\t\t\t\t<a class=\"fusion-link-wrapper\" href=\"https:\/\/maisondesgreffes.com\/en\/2021\/02\/25\/quebec-organ-transplants-are-down\/\" aria-label=\"Quebec organ transplants are down\"><\/a>\n\t<\/div>\n<\/div>\n<\/div>\n<\/li>\n\t\t\t\n\t\t\t\n\t\t\t\t\t\t\t\t\t\t\t\t\t\t\t\t\t\t\t\t\t\t\t\t\t\t\t\t\t\t\t\t\t\t\t\t\t\t\t\t\t\t\t\t\t\t\t\t\t\t\t\t\t\t\t\t\t\t\t\t\t\t\t\t\t\t\t\t<\/ul>\n\t<\/div>\n\t<div class=\"fusion-post-content-wrapper\" style=\"padding:30px 25px 25px 25px;\"><div class=\"fusion-post-content post-content\"><h2 class=\"blog-shortcode-post-title entry-title\"><a href=\"https:\/\/maisondesgreffes.com\/en\/2021\/02\/25\/quebec-organ-transplants-are-down\/\">Quebec organ transplants are down<\/a><\/h2><p class=\"fusion-single-line-meta\"><span class=\"vcard\" style=\"display: none;\"><span class=\"fn\"><a href=\"https:\/\/maisondesgreffes.com\/en\/author\/isaine\/\" title=\"Posts by isaine\" rel=\"author\">isaine<\/a><\/span><\/span><span class=\"updated\" style=\"display:none;\">2021-04-14T15:35:40-04:00<\/span><span>25 February 2021<\/span><span class=\"fusion-inline-sep\">|<\/span><\/p><\/div><\/div><div class=\"fusion-clearfix\"><\/div><\/div>\n<\/article>\n<div class=\"fusion-clearfix\"><\/div><\/div><div class=\"fusion-infinite-scroll-trigger\"><\/div><div class=\"pagination infinite-scroll clearfix\" style=\"display:none;\"><span class=\"current\">1<\/span><a href=\"https:\/\/maisondesgreffes.com\/en\/wp-json\/wp\/v2\/pages\/3448\/page\/2\/\" class=\"inactive\">2<\/a><a class=\"pagination-next\" rel=\"next\" href=\"https:\/\/maisondesgreffes.com\/en\/wp-json\/wp\/v2\/pages\/3448\/page\/2\/\"><span class=\"page-text\">Next<\/span><span class=\"page-next\"><\/span><\/a><\/div><div class=\"fusion-clearfix\"><\/div><\/div><\/div><\/div><\/div><\/div><\/p>\n","protected":false},"excerpt":{"rendered":"","protected":false},"author":1,"featured_media":3302,"parent":0,"menu_order":0,"comment_status":"closed","ping_status":"closed","template":"100-width.php","meta":{"footnotes":""},"class_list":["post-3448","page","type-page","status-publish","has-post-thumbnail","hentry"],"yoast_head":"<!-- This site is optimized with the Yoast SEO plugin v27.5 - https:\/\/yoast.com\/product\/yoast-seo-wordpress\/ -->\n<title>News - Maison des greff\u00e9s<\/title>\n<meta name=\"description\" content=\"News from the Maison des greff\u00e9s and articles in the media on the subject of transplantation.\" \/>\n<meta name=\"robots\" content=\"index, follow, max-snippet:-1, max-image-preview:large, max-video-preview:-1\" \/>\n<link rel=\"canonical\" href=\"https:\/\/maisondesgreffes.com\/en\/news\/\" \/>\n<meta property=\"og:locale\" content=\"en_US\" \/>\n<meta property=\"og:type\" content=\"article\" \/>\n<meta property=\"og:title\" content=\"News - Maison des greff\u00e9s\" \/>\n<meta property=\"og:description\" content=\"News from the Maison des greff\u00e9s and articles in the media on the subject of transplantation.\" \/>\n<meta property=\"og:url\" content=\"https:\/\/maisondesgreffes.com\/en\/news\/\" \/>\n<meta property=\"og:site_name\" content=\"Maison des greff\u00e9s\" \/>\n<meta property=\"article:modified_time\" content=\"2026-04-28T18:38:13+00:00\" \/>\n<meta property=\"og:image\" content=\"https:\/\/maisondesgreffes.com\/wp-content\/uploads\/2020\/09\/quebec-soppose-au-don-dorganes-obligatoire.jpg\" \/>\n\t<meta property=\"og:image:width\" content=\"1\" \/>\n\t<meta property=\"og:image:height\" content=\"1\" \/>\n\t<meta property=\"og:image:type\" content=\"image\/jpeg\" \/>\n<meta name=\"twitter:card\" content=\"summary_large_image\" \/>\n<meta name=\"twitter:label1\" content=\"Est. reading time\" \/>\n\t<meta name=\"twitter:data1\" content=\"20 minutes\" \/>\n<script type=\"application\/ld+json\" class=\"yoast-schema-graph\">{\"@context\":\"https:\\\/\\\/schema.org\",\"@graph\":[{\"@type\":\"WebPage\",\"@id\":\"https:\\\/\\\/maisondesgreffes.com\\\/en\\\/news\\\/\",\"url\":\"https:\\\/\\\/maisondesgreffes.com\\\/en\\\/news\\\/\",\"name\":\"News - Maison des greff\u00e9s\",\"isPartOf\":{\"@id\":\"https:\\\/\\\/maisondesgreffes.com\\\/en\\\/#website\"},\"primaryImageOfPage\":{\"@id\":\"https:\\\/\\\/maisondesgreffes.com\\\/en\\\/news\\\/#primaryimage\"},\"image\":{\"@id\":\"https:\\\/\\\/maisondesgreffes.com\\\/en\\\/news\\\/#primaryimage\"},\"thumbnailUrl\":\"https:\\\/\\\/maisondesgreffes.com\\\/wp-content\\\/uploads\\\/2020\\\/09\\\/quebec-soppose-au-don-dorganes-obligatoire.jpg\",\"datePublished\":\"2021-04-13T18:40:07+00:00\",\"dateModified\":\"2026-04-28T18:38:13+00:00\",\"description\":\"News from the Maison des greff\u00e9s and articles in the media on the subject of transplantation.\",\"breadcrumb\":{\"@id\":\"https:\\\/\\\/maisondesgreffes.com\\\/en\\\/news\\\/#breadcrumb\"},\"inLanguage\":\"en-US\",\"potentialAction\":[{\"@type\":\"ReadAction\",\"target\":[\"https:\\\/\\\/maisondesgreffes.com\\\/en\\\/news\\\/\"]}]},{\"@type\":\"ImageObject\",\"inLanguage\":\"en-US\",\"@id\":\"https:\\\/\\\/maisondesgreffes.com\\\/en\\\/news\\\/#primaryimage\",\"url\":\"https:\\\/\\\/maisondesgreffes.com\\\/wp-content\\\/uploads\\\/2020\\\/09\\\/quebec-soppose-au-don-dorganes-obligatoire.jpg\",\"contentUrl\":\"https:\\\/\\\/maisondesgreffes.com\\\/wp-content\\\/uploads\\\/2020\\\/09\\\/quebec-soppose-au-don-dorganes-obligatoire.jpg\",\"caption\":\"News\"},{\"@type\":\"BreadcrumbList\",\"@id\":\"https:\\\/\\\/maisondesgreffes.com\\\/en\\\/news\\\/#breadcrumb\",\"itemListElement\":[{\"@type\":\"ListItem\",\"position\":1,\"name\":\"Accueil\",\"item\":\"https:\\\/\\\/maisondesgreffes.com\\\/en\\\/\"},{\"@type\":\"ListItem\",\"position\":2,\"name\":\"News\"}]},{\"@type\":\"WebSite\",\"@id\":\"https:\\\/\\\/maisondesgreffes.com\\\/en\\\/#website\",\"url\":\"https:\\\/\\\/maisondesgreffes.com\\\/en\\\/\",\"name\":\"Maison des greff\u00e9s\",\"description\":\"H\u00e9bergement pour les personnes en attente d&#039;une greffe\",\"potentialAction\":[{\"@type\":\"SearchAction\",\"target\":{\"@type\":\"EntryPoint\",\"urlTemplate\":\"https:\\\/\\\/maisondesgreffes.com\\\/en\\\/?s={search_term_string}\"},\"query-input\":{\"@type\":\"PropertyValueSpecification\",\"valueRequired\":true,\"valueName\":\"search_term_string\"}}],\"inLanguage\":\"en-US\"}]}<\/script>\n<!-- \/ Yoast SEO plugin. -->","yoast_head_json":{"title":"News - Maison des greff\u00e9s","description":"News from the Maison des greff\u00e9s and articles in the media on the subject of transplantation.","robots":{"index":"index","follow":"follow","max-snippet":"max-snippet:-1","max-image-preview":"max-image-preview:large","max-video-preview":"max-video-preview:-1"},"canonical":"https:\/\/maisondesgreffes.com\/en\/news\/","og_locale":"en_US","og_type":"article","og_title":"News - Maison des greff\u00e9s","og_description":"News from the Maison des greff\u00e9s and articles in the media on the subject of transplantation.","og_url":"https:\/\/maisondesgreffes.com\/en\/news\/","og_site_name":"Maison des greff\u00e9s","article_modified_time":"2026-04-28T18:38:13+00:00","og_image":[{"url":"https:\/\/maisondesgreffes.com\/wp-content\/uploads\/2020\/09\/quebec-soppose-au-don-dorganes-obligatoire.jpg","width":1,"height":1,"type":"image\/jpeg"}],"twitter_card":"summary_large_image","twitter_misc":{"Est. reading time":"20 minutes"},"schema":{"@context":"https:\/\/schema.org","@graph":[{"@type":"WebPage","@id":"https:\/\/maisondesgreffes.com\/en\/news\/","url":"https:\/\/maisondesgreffes.com\/en\/news\/","name":"News - Maison des greff\u00e9s","isPartOf":{"@id":"https:\/\/maisondesgreffes.com\/en\/#website"},"primaryImageOfPage":{"@id":"https:\/\/maisondesgreffes.com\/en\/news\/#primaryimage"},"image":{"@id":"https:\/\/maisondesgreffes.com\/en\/news\/#primaryimage"},"thumbnailUrl":"https:\/\/maisondesgreffes.com\/wp-content\/uploads\/2020\/09\/quebec-soppose-au-don-dorganes-obligatoire.jpg","datePublished":"2021-04-13T18:40:07+00:00","dateModified":"2026-04-28T18:38:13+00:00","description":"News from the Maison des greff\u00e9s and articles in the media on the subject of transplantation.","breadcrumb":{"@id":"https:\/\/maisondesgreffes.com\/en\/news\/#breadcrumb"},"inLanguage":"en-US","potentialAction":[{"@type":"ReadAction","target":["https:\/\/maisondesgreffes.com\/en\/news\/"]}]},{"@type":"ImageObject","inLanguage":"en-US","@id":"https:\/\/maisondesgreffes.com\/en\/news\/#primaryimage","url":"https:\/\/maisondesgreffes.com\/wp-content\/uploads\/2020\/09\/quebec-soppose-au-don-dorganes-obligatoire.jpg","contentUrl":"https:\/\/maisondesgreffes.com\/wp-content\/uploads\/2020\/09\/quebec-soppose-au-don-dorganes-obligatoire.jpg","caption":"News"},{"@type":"BreadcrumbList","@id":"https:\/\/maisondesgreffes.com\/en\/news\/#breadcrumb","itemListElement":[{"@type":"ListItem","position":1,"name":"Accueil","item":"https:\/\/maisondesgreffes.com\/en\/"},{"@type":"ListItem","position":2,"name":"News"}]},{"@type":"WebSite","@id":"https:\/\/maisondesgreffes.com\/en\/#website","url":"https:\/\/maisondesgreffes.com\/en\/","name":"Maison des greff\u00e9s","description":"H\u00e9bergement pour les personnes en attente d&#039;une greffe","potentialAction":[{"@type":"SearchAction","target":{"@type":"EntryPoint","urlTemplate":"https:\/\/maisondesgreffes.com\/en\/?s={search_term_string}"},"query-input":{"@type":"PropertyValueSpecification","valueRequired":true,"valueName":"search_term_string"}}],"inLanguage":"en-US"}]}},"_links":{"self":[{"href":"https:\/\/maisondesgreffes.com\/en\/wp-json\/wp\/v2\/pages\/3448","targetHints":{"allow":["GET"]}}],"collection":[{"href":"https:\/\/maisondesgreffes.com\/en\/wp-json\/wp\/v2\/pages"}],"about":[{"href":"https:\/\/maisondesgreffes.com\/en\/wp-json\/wp\/v2\/types\/page"}],"author":[{"embeddable":true,"href":"https:\/\/maisondesgreffes.com\/en\/wp-json\/wp\/v2\/users\/1"}],"replies":[{"embeddable":true,"href":"https:\/\/maisondesgreffes.com\/en\/wp-json\/wp\/v2\/comments?post=3448"}],"version-history":[{"count":5,"href":"https:\/\/maisondesgreffes.com\/en\/wp-json\/wp\/v2\/pages\/3448\/revisions"}],"predecessor-version":[{"id":17305,"href":"https:\/\/maisondesgreffes.com\/en\/wp-json\/wp\/v2\/pages\/3448\/revisions\/17305"}],"wp:featuredmedia":[{"embeddable":true,"href":"https:\/\/maisondesgreffes.com\/en\/wp-json\/wp\/v2\/media\/3302"}],"wp:attachment":[{"href":"https:\/\/maisondesgreffes.com\/en\/wp-json\/wp\/v2\/media?parent=3448"}],"curies":[{"name":"wp","href":"https:\/\/api.w.org\/{rel}","templated":true}]}}